{"id":477,"date":"2023-04-14T15:18:50","date_gmt":"2023-04-14T15:18:50","guid":{"rendered":"https:\/\/cameratasantcugat.com\/profesorado\/"},"modified":"2023-04-25T10:25:16","modified_gmt":"2023-04-25T10:25:16","slug":"profesorado","status":"publish","type":"page","link":"https:\/\/cameratasantcugat.com\/es\/profesorado\/","title":{"rendered":"Profesorado"},"content":{"rendered":"<p>[et_pb_section fb_built=\u00bb1&#8243; admin_label=\u00bbFeatures\u00bb _builder_version=\u00bb4.20.4&#8243; _module_preset=\u00bbdefault\u00bb background_color=\u00bbrgba(15,1,34,0)\u00bb background_enable_image=\u00bboff\u00bb background_size=\u00bbinitial\u00bb background_position=\u00bbtop_center\u00bb custom_margin=\u00bb||||false|false\u00bb custom_padding=\u00bb60px||1px||false|false\u00bb collapsed=\u00bbon\u00bb global_colors_info=\u00bb{}\u00bb][et_pb_row _builder_version=\u00bb4.20.4&#8243; _module_preset=\u00bbdefault\u00bb max_width=\u00bb1200px\u00bb module_alignment=\u00bbleft\u00bb global_colors_info=\u00bb{}\u00bb][et_pb_column type=\u00bb4_4&#8243; _builder_version=\u00bb4.20.4&#8243; _module_preset=\u00bbdefault\u00bb global_colors_info=\u00bb{}\u00bb][et_pb_text _builder_version=\u00bb4.20.4&#8243; _module_preset=\u00bbdefault\u00bb text_font=\u00bbAbhaya Libre|800|||||||\u00bb text_text_color=\u00bb#d3ac00&#8243; text_font_size=\u00bb30px\u00bb custom_margin=\u00bb|||5%|false|false\u00bb link_option_url=\u00bbhttps:\/\/cameratasantcugat.com\/es\/\u00bb global_colors_info=\u00bb{}\u00bb]<\/p>\n<p>\u2190 vuelve a la p\u00e1gina del curso de canto<\/p>\n<p>[\/et_pb_text][\/et_pb_column][\/et_pb_row][et_pb_row _builder_version=\u00bb4.20.4&#8243; _module_preset=\u00bbdefault\u00bb max_width=\u00bb1200px\u00bb custom_margin=\u00bb||||false|false\u00bb custom_padding=\u00bb||||false|false\u00bb global_colors_info=\u00bb{}\u00bb][et_pb_column type=\u00bb4_4&#8243; _builder_version=\u00bb4.20.4&#8243; _module_preset=\u00bbdefault\u00bb global_colors_info=\u00bb{}\u00bb][et_pb_text _builder_version=\u00bb4.20.4&#8243; _module_preset=\u00bbd99b4c32-71c7-45df-aba2-1e7f3033feb5&#8243; header_2_font=\u00bbAbhaya Libre|800|||||||\u00bb header_2_text_color=\u00bb#FFFFFF\u00bb header_2_font_size=\u00bb72px\u00bb header_2_line_height=\u00bb1.2em\u00bb custom_margin=\u00bb||-4px||false|false\u00bb header_2_font_size_tablet=\u00bb32px\u00bb header_2_font_size_phone=\u00bb20px\u00bb header_2_font_size_last_edited=\u00bbon|desktop\u00bb global_colors_info=\u00bb{}\u00bb]<\/p>\n<h2><span style=\"color: #af0b43;\">El profesorado del curso<\/span><\/h2>\n<p>[\/et_pb_text][\/et_pb_column][\/et_pb_row][et_pb_row _builder_version=\u00bb4.20.4&#8243; _module_preset=\u00bbdefault\u00bb background_color=\u00bb#1D5288&#8243; max_width=\u00bb1200px\u00bb custom_margin=\u00bb2px|auto|20px|auto|false|false\u00bb custom_padding=\u00bb4px||4px|||\u00bb border_radii=\u00bbon|10px|10px|10px|10px\u00bb global_colors_info=\u00bb{}\u00bb][et_pb_column type=\u00bb4_4&#8243; _builder_version=\u00bb4.20.4&#8243; _module_preset=\u00bbdefault\u00bb global_colors_info=\u00bb{}\u00bb][et_pb_text _builder_version=\u00bb4.20.4&#8243; _module_preset=\u00bbdefault\u00bb text_font=\u00bbAbhaya Libre|800|||||||\u00bb text_text_color=\u00bb#FFFFFF\u00bb text_font_size=\u00bb25px\u00bb text_line_height=\u00bb1.4em\u00bb custom_padding=\u00bb5px||5px|20px|true|false\u00bb global_colors_info=\u00bb{}\u00bb]<\/p>\n<p>Masters del curso<\/p>\n<p>[\/et_pb_text][\/et_pb_column][\/et_pb_row][et_pb_row column_structure=\u00bb1_3,2_3&#8243; _builder_version=\u00bb4.20.4&#8243; _module_preset=\u00bbdefault\u00bb max_width=\u00bb1200px\u00bb custom_margin=\u00bb||||false|false\u00bb custom_padding=\u00bb||||false|false\u00bb global_colors_info=\u00bb{}\u00bb][et_pb_column type=\u00bb1_3&#8243; _builder_version=\u00bb4.20.4&#8243; _module_preset=\u00bbdefault\u00bb global_colors_info=\u00bb{}\u00bb][et_pb_text _builder_version=\u00bb4.20.4&#8243; _module_preset=\u00bbdefault\u00bb text_font=\u00bbAbhaya Libre|700|||||||\u00bb text_text_color=\u00bb#1D5288&#8243; text_font_size=\u00bb25px\u00bb text_orientation=\u00bbcenter\u00bb global_colors_info=\u00bb{}\u00bb]<\/p>\n<p>Francesca Roig, mezzosoprano<\/p>\n<p>[\/et_pb_text][et_pb_image src=\u00bbhttps:\/\/cameratasantcugat.com\/wp-content\/uploads\/2023\/04\/FrancescaRoig-e1681458136213.png\u00bb title_text=\u00bbFrancescaRoig\u00bb align=\u00bbcenter\u00bb _builder_version=\u00bb4.20.4&#8243; _module_preset=\u00bbdefault\u00bb width=\u00bb80%\u00bb border_radii=\u00bbon|500px|500px|500px|500px\u00bb global_colors_info=\u00bb{}\u00bb][\/et_pb_image][\/et_pb_column][et_pb_column type=\u00bb2_3&#8243; _builder_version=\u00bb4.20.4&#8243; _module_preset=\u00bbdefault\u00bb global_colors_info=\u00bb{}\u00bb][et_pb_text _builder_version=\u00bb4.20.4&#8243; _module_preset=\u00bbc59f59cf-3261-49fe-bbf0-3e417c0152c6&#8243; text_font=\u00bbManrope||||||||\u00bb text_text_color=\u00bb#1D5288&#8243; text_font_size=\u00bb18px\u00bb text_line_height=\u00bb1.8em\u00bb text_orientation=\u00bbjustified\u00bb text_font_size_tablet=\u00bb18px\u00bb text_font_size_phone=\u00bb18px\u00bb text_font_size_last_edited=\u00bbon|phone\u00bb global_colors_info=\u00bb{}\u00bb]<\/p>\n<p><span style=\"font-weight: 400;\">Desde su debut en el Gran Teatre del Liceu la temporada 79\/80 con Rigoletto y La Traviata es invitada a participar regularmente en la programaci\u00f3n de dicho teatro actuando en Traviata, Madame Butterfly, Elektra, La Fiamma, Dame de Pique, Lohengrin, Die Frau onhe Schatten, Manon Lescaut, La Vierge de Jules Massenet en el rol de Maria Magdalena (Palau de la M\u00fasica) junto a Montserrat Caball\u00e9 y Sly con Josep Carreras y Sherril Milnes.<\/span><\/p>\n<p><span style=\"font-weight: 400;\">Destacan sus actuaciones en diversas ciudades espa\u00f1olas as\u00ed como en el Festival Internacional de Peralada (La Traviata y Gianni Schicchi). Tambi\u00e9n es int\u00e9rprete de Oratorios entre los que destacan La Pasi\u00f3n seg\u00fan San Mateo de Bach en Pamplona y Santander as\u00ed como Stabat Mater de Rossini en el Teatro Arriaga de Bilbao.<\/span><\/p>\n<p><span style=\"font-weight: 400;\">Destacando el debut en el Teatro de la Zarzuela de Madrid con la \u00f3pera Ermione de Rossini (1988) junto a Montserrat Caball\u00e9 y Chris Merrit, sigui\u00e9ndole otros t\u00edtulos como Adriana Lecouvreur, Suor Angelica, Dame de Pique, Il Trovatore, La Traviata, Lucia de Lammermour, etc. Internacionalmente ha cantado en el Festival de Edimburgo y en el Teatro Francesco Cilea de Reggio Calabria, etc.<\/span><\/p>\n<p><span style=\"font-weight: 400;\">Es profesora de canto, t\u00e9cnica vocal y respiraci\u00f3n impartiendo Master Class en Espa\u00f1a, Italia, Francia y Polonia. Desde 2013 colabora con la AAOS (Associaci\u00f3 Amics de l\u2019\u00d2pera de Sabadell) en el Taller de \u00f3pera anual, adem\u00e1s de colaborar en la reci\u00e9n instituida Fundaci\u00f3n \u00d3pera Actual para j\u00f3venes becados como maestra de canto.<\/span><\/p>\n<p>[\/et_pb_text][\/et_pb_column][\/et_pb_row][et_pb_row _builder_version=\u00bb4.20.4&#8243; _module_preset=\u00bbdefault\u00bb custom_padding=\u00bb15px||5px||false|false\u00bb global_colors_info=\u00bb{}\u00bb][et_pb_column type=\u00bb4_4&#8243; _builder_version=\u00bb4.20.4&#8243; _module_preset=\u00bbdefault\u00bb global_colors_info=\u00bb{}\u00bb][et_pb_divider color=\u00bb#1D5288&#8243; _builder_version=\u00bb4.20.4&#8243; _module_preset=\u00bbdefault\u00bb global_colors_info=\u00bb{}\u00bb][\/et_pb_divider][\/et_pb_column][\/et_pb_row][et_pb_row column_structure=\u00bb1_3,2_3&#8243; _builder_version=\u00bb4.20.4&#8243; _module_preset=\u00bbdefault\u00bb max_width=\u00bb1200px\u00bb custom_margin=\u00bb||||false|false\u00bb custom_padding=\u00bb||||false|false\u00bb global_colors_info=\u00bb{}\u00bb][et_pb_column type=\u00bb1_3&#8243; _builder_version=\u00bb4.20.4&#8243; _module_preset=\u00bbdefault\u00bb global_colors_info=\u00bb{}\u00bb][et_pb_text _builder_version=\u00bb4.20.4&#8243; _module_preset=\u00bbdefault\u00bb text_font=\u00bbAbhaya Libre|700|||||||\u00bb text_text_color=\u00bb#1D5288&#8243; text_font_size=\u00bb25px\u00bb text_orientation=\u00bbcenter\u00bb global_colors_info=\u00bb{}\u00bb]<\/p>\n<p>Carmen Bustamante, soprano<\/p>\n<p>[\/et_pb_text][et_pb_image src=\u00bbhttps:\/\/cameratasantcugat.com\/wp-content\/uploads\/2023\/04\/Carmen-Bustamante-e1681458321243.jpg\u00bb title_text=\u00bbCarmen Bustamante\u00bb align=\u00bbcenter\u00bb _builder_version=\u00bb4.20.4&#8243; _module_preset=\u00bbdefault\u00bb width=\u00bb80%\u00bb filter_saturate=\u00bb0%\u00bb border_radii=\u00bbon|500px|500px|500px|500px\u00bb global_colors_info=\u00bb{}\u00bb][\/et_pb_image][\/et_pb_column][et_pb_column type=\u00bb2_3&#8243; _builder_version=\u00bb4.20.4&#8243; _module_preset=\u00bbdefault\u00bb global_colors_info=\u00bb{}\u00bb][et_pb_text _builder_version=\u00bb4.20.4&#8243; _module_preset=\u00bbc59f59cf-3261-49fe-bbf0-3e417c0152c6&#8243; text_font=\u00bbManrope||||||||\u00bb text_text_color=\u00bb#1D5288&#8243; text_font_size=\u00bb18px\u00bb text_line_height=\u00bb1.8em\u00bb text_orientation=\u00bbjustified\u00bb text_font_size_tablet=\u00bb18px\u00bb text_font_size_phone=\u00bb18px\u00bb text_font_size_last_edited=\u00bbon|phone\u00bb global_colors_info=\u00bb{}\u00bb]<\/p>\n<p style=\"text-align: justify;\"><span style=\"font-weight: 400;\">Su actividad como cantante l\u00edrica ha cultivado los campos del recital, el oratorio y la \u00f3pera y se ha desarrollado durante m\u00e1s de cuarenta a\u00f1os en Espa\u00f1a, Francia, Alemania, Italia, Suiza, Uni\u00f3n Sovi\u00e9tica, China, Jap\u00f3n y Argentina.<\/span><\/p>\n<p><span style=\"font-weight: 400;\">Los compositores Rom\u00e1n Al\u00eds, Armand Blanquer, Benito Casablancas, Rafael Ferrer, Manuel Garc\u00eda Morante, Ernesto Halffer, Federico Mompou, Javier Montsalvaje, Federico Moreno Torroba, Joaqu\u00edn Nin Culmell, Jordi Sabat\u00e9s, Matilde Salvador, Jos\u00e9 Soler, Javier Turull y Manuel Valls, Manuel Oltra y Salvador Pueyo, le confiaron estrenos de sus obras, algunos de los cuales fueron creados para su voz.<\/span><\/p>\n<p><span style=\"font-weight: 400;\">Su vertiente pedag\u00f3gica est\u00e1 vinculada al Conservatorio Superior de M\u00fasica del Liceo de Barcelona, donde ha sido profesora de canto y Directora Acad\u00e9mica de la Escola Superior de Cant. Tambi\u00e9n ha sido profesora invitada en el Conservatorio Superior de M\u00fasica de las Islas Baleares.<\/span><\/p>\n<p><span style=\"font-weight: 400;\">Su extensa discograf\u00eda comprende el oratorio, la \u00f3pera y la canci\u00f3n catalana y castellana. Premios y reconocimientos:<\/span><\/p>\n<ul>\n<li style=\"font-weight: 400;\" aria-level=\"1\"><span style=\"font-weight: 400;\">Premio \u00abEl Orfeo de Oro\u00bb de la Acad\u00e9mie National Fran\u00e7aise du disque Lyrique.<\/span><\/li>\n<li style=\"font-weight: 400;\" aria-level=\"1\"><span style=\"font-weight: 400;\">Premio Nacional del disco 1988 del Ministerio de Cultura de Espa\u00f1a.<\/span><\/li>\n<li style=\"font-weight: 400;\" aria-level=\"1\"><span style=\"font-weight: 400;\">Cruz de San Jorge de la Generalidad de Catalu\u00f1a en el a\u00f1o 1992.<\/span><\/li>\n<\/ul>\n<p>[\/et_pb_text][\/et_pb_column][\/et_pb_row][et_pb_row _builder_version=\u00bb4.20.4&#8243; _module_preset=\u00bbdefault\u00bb background_color=\u00bb#1D5288&#8243; max_width=\u00bb1200px\u00bb custom_margin=\u00bb2px|auto|20px|auto|false|false\u00bb custom_padding=\u00bb4px||4px|||\u00bb border_radii=\u00bbon|10px|10px|10px|10px\u00bb global_colors_info=\u00bb{}\u00bb][et_pb_column type=\u00bb4_4&#8243; _builder_version=\u00bb4.20.4&#8243; _module_preset=\u00bbdefault\u00bb global_colors_info=\u00bb{}\u00bb][et_pb_text _builder_version=\u00bb4.20.4&#8243; _module_preset=\u00bbdefault\u00bb text_font=\u00bbAbhaya Libre|800|||||||\u00bb text_text_color=\u00bb#FFFFFF\u00bb text_font_size=\u00bb25px\u00bb text_line_height=\u00bb1.4em\u00bb custom_padding=\u00bb5px||5px|20px|true|false\u00bb global_colors_info=\u00bb{}\u00bb]<\/p>\n<p>Formaci\u00f3n en t\u00e9cnica vocal, interpretaci\u00f3n, t\u00e9cnica Alexander y talleres<\/p>\n<p>[\/et_pb_text][\/et_pb_column][\/et_pb_row][et_pb_row column_structure=\u00bb1_3,2_3&#8243; _builder_version=\u00bb4.20.4&#8243; _module_preset=\u00bbdefault\u00bb max_width=\u00bb1200px\u00bb custom_margin=\u00bb||||false|false\u00bb custom_padding=\u00bb||||false|false\u00bb global_colors_info=\u00bb{}\u00bb][et_pb_column type=\u00bb1_3&#8243; _builder_version=\u00bb4.20.4&#8243; _module_preset=\u00bbdefault\u00bb global_colors_info=\u00bb{}\u00bb][et_pb_text _builder_version=\u00bb4.20.4&#8243; _module_preset=\u00bbdefault\u00bb text_font=\u00bbAbhaya Libre|700|||||||\u00bb text_text_color=\u00bb#1D5288&#8243; text_font_size=\u00bb25px\u00bb text_orientation=\u00bbcenter\u00bb global_colors_info=\u00bb{}\u00bb]<\/p>\n<p>Jordi Casanova, tenor<\/p>\n<p>[\/et_pb_text][et_pb_image src=\u00bbhttps:\/\/cameratasantcugat.com\/wp-content\/uploads\/2023\/04\/JordiCasanova-e1681457818460.jpeg\u00bb title_text=\u00bbJordiCasanova\u00bb align=\u00bbcenter\u00bb _builder_version=\u00bb4.20.4&#8243; _module_preset=\u00bbdefault\u00bb width=\u00bb80%\u00bb border_radii=\u00bbon|500px|500px|500px|500px\u00bb global_colors_info=\u00bb{}\u00bb][\/et_pb_image][\/et_pb_column][et_pb_column type=\u00bb2_3&#8243; _builder_version=\u00bb4.20.4&#8243; _module_preset=\u00bbdefault\u00bb global_colors_info=\u00bb{}\u00bb][et_pb_text _builder_version=\u00bb4.20.4&#8243; _module_preset=\u00bbc59f59cf-3261-49fe-bbf0-3e417c0152c6&#8243; text_font=\u00bbManrope||||||||\u00bb text_text_color=\u00bb#1D5288&#8243; text_font_size=\u00bb18px\u00bb text_line_height=\u00bb1.8em\u00bb text_orientation=\u00bbjustified\u00bb text_font_size_tablet=\u00bb18px\u00bb text_font_size_phone=\u00bb18px\u00bb text_font_size_last_edited=\u00bbon|phone\u00bb global_colors_info=\u00bb{}\u00bb]<\/p>\n<p><span style=\"font-weight: 400;\">Realiza la carrera de canto en el Conservatorio Superior Municipal de M\u00fasica de Barcelona, bajo la maestr\u00eda de Myriam Francheri y Manuel Garcia Morante. Obtiene el t\u00edtulo superior de Canto en el Conservatorio del Liceu. Ampl\u00eda su formaci\u00f3n con la soprano Carme Bustamante. Tambi\u00e9n ha trabajado con Cindee Sunner y Kurt Widmer. Licenciado en Musicolog\u00eda por la Universidad Aut\u00f3noma de Barcelona.<\/span><\/p>\n<p><span style=\"font-weight: 400;\">Ha interpretado numerosas \u00f3peras de Donizetti, Mozart, Rossini y Haydn, entre otros. Tambi\u00e9n ha cantado las principales obras de oratorio de Bach, Haendel, Vivaldi, Beethoven, Mozart y Haydn; as\u00ed como de un gran n\u00famero de autores catalanes e hisp\u00e1nicos del per\u00edodo barroco y cl\u00e1sico.<\/span><\/p>\n<p><span style=\"font-weight: 400;\">Ha actuado en los principales teatros y salas de concierto de Catalu\u00f1a y Espa\u00f1a como Liceu, Teatro Real, Maestranza de Sevilla, Euskalduna y Tenerife. Tambi\u00e9n ha actuado en Alemania, Francia, Andorra, Italia e Israel. <\/span><\/p>\n<p><span style=\"font-weight: 400;\">Fue profesor y director del Magisterio Musical de la Universidad Ramon Llull-Blanquerna. Profesor de canto en Amics de la Uni\u00f3 de Granollers, donde desarrolla el proyecto pedag\u00f3gico Aula de \u00d2pera.<\/span><\/p>\n<p><span style=\"font-weight: 400;\">Desde 2018 es profesor del Curso Internacional de Canto de Sant Cugat, y desde 2019 es el director.<\/span><span style=\"font-weight: 400;\"><\/span><\/p>\n<p>[\/et_pb_text][\/et_pb_column][\/et_pb_row][et_pb_row _builder_version=\u00bb4.20.4&#8243; _module_preset=\u00bbdefault\u00bb custom_padding=\u00bb15px||5px||false|false\u00bb global_colors_info=\u00bb{}\u00bb][et_pb_column type=\u00bb4_4&#8243; _builder_version=\u00bb4.20.4&#8243; _module_preset=\u00bbdefault\u00bb global_colors_info=\u00bb{}\u00bb][et_pb_divider color=\u00bb#1D5288&#8243; _builder_version=\u00bb4.20.4&#8243; _module_preset=\u00bbdefault\u00bb global_colors_info=\u00bb{}\u00bb][\/et_pb_divider][\/et_pb_column][\/et_pb_row][et_pb_row column_structure=\u00bb1_3,2_3&#8243; _builder_version=\u00bb4.20.4&#8243; _module_preset=\u00bbdefault\u00bb max_width=\u00bb1200px\u00bb custom_margin=\u00bb||||false|false\u00bb custom_padding=\u00bb||||false|false\u00bb global_colors_info=\u00bb{}\u00bb][et_pb_column type=\u00bb1_3&#8243; _builder_version=\u00bb4.20.4&#8243; _module_preset=\u00bbdefault\u00bb global_colors_info=\u00bb{}\u00bb][et_pb_text _builder_version=\u00bb4.20.4&#8243; _module_preset=\u00bbdefault\u00bb text_font=\u00bbAbhaya Libre|700|||||||\u00bb text_text_color=\u00bb#1D5288&#8243; text_font_size=\u00bb25px\u00bb text_orientation=\u00bbcenter\u00bb global_colors_info=\u00bb{}\u00bb]<\/p>\n<p>Rosa Maria Conesa, soprano<\/p>\n<p>[\/et_pb_text][et_pb_image src=\u00bbhttps:\/\/cameratasantcugat.com\/wp-content\/uploads\/2023\/04\/RosaMariaConesa-e1681458396271.jpeg\u00bb title_text=\u00bbRosaMariaConesa\u00bb align=\u00bbcenter\u00bb _builder_version=\u00bb4.20.4&#8243; _module_preset=\u00bbdefault\u00bb width=\u00bb80%\u00bb filter_saturate=\u00bb0%\u00bb border_radii=\u00bbon|500px|500px|500px|500px\u00bb global_colors_info=\u00bb{}\u00bb][\/et_pb_image][\/et_pb_column][et_pb_column type=\u00bb2_3&#8243; _builder_version=\u00bb4.20.4&#8243; _module_preset=\u00bbdefault\u00bb global_colors_info=\u00bb{}\u00bb][et_pb_text _builder_version=\u00bb4.20.4&#8243; _module_preset=\u00bbc59f59cf-3261-49fe-bbf0-3e417c0152c6&#8243; text_font=\u00bbManrope||||||||\u00bb text_text_color=\u00bb#1D5288&#8243; text_font_size=\u00bb18px\u00bb text_line_height=\u00bb1.8em\u00bb text_orientation=\u00bbjustified\u00bb text_font_size_tablet=\u00bb18px\u00bb text_font_size_phone=\u00bb18px\u00bb text_font_size_last_edited=\u00bbon|phone\u00bb global_colors_info=\u00bb{}\u00bb]<\/p>\n<p><span style=\"font-weight: 400;\">Nacida en Barcelona, cursa sus estudios musicales y de canto en el Conservatorio Superior Municipal de M\u00fasica de su ciudad natal, concedi\u00e9ndole al finalizar su carrera, el Premio de Honor del Grado Superior de Canto.<\/span><\/p>\n<p><span style=\"font-weight: 400;\">Ha obtenido varios premios tanto nacionales como internacionales. Ha cantado en diferentes orquestas como la del Vall\u00e8s, Gran Teatro del Liceo, Orquesta de Radio Televisi\u00f3n Espa\u00f1ola, O.B.C.,entre otras.<\/span><\/p>\n<p><span style=\"font-weight: 400;\">Ha sido dirigida por maestros de gran prestigio como; Antoni Ros Marba, Roberto Abbado, Uwe Mund, David Robertson, Salvador Brotons, entre otros.<\/span><\/p>\n<p><span style=\"font-weight: 400;\">Ha interpretado los roles de \u201cGilda\u201d de Rigoletto y el de \u201cMicaela\u201d de Carmen por el Ciclo de \u00d3pera de Catalunya.<\/span><\/p>\n<p><span style=\"font-weight: 400;\">Entre muchas representaciones en el Gran Teatro del Liceo de Barcelona, cabe destacar su participaci\u00f3n en las siguientes \u00f3peras: \u201cJenufa\u201d de L.Janacek, \u201cDie Walk\u00fcre\u201d de Wagner, \u201cPique Dame\u201d de Tchaikovsky y en la temporada 92-93 \u201cCarmen de Bizet\u201d, dirigida esc\u00e9nicamente por N\u00faria Espert; as\u00ed como \u00abLa Traviata\u00bb de Verdi, en las temporadas 01-02.<\/span><\/p>\n<p><span style=\"font-weight: 400;\">En los \u00faltimos a\u00f1os ha formado parte del equipo de maestros del Curso de Canto Camerata Sant Cugat y ha colaborado en clases colectivas de t\u00e9cnica vocal por diversas corales y grupos de teatro, pasando por la m\u00fasica moderna y del mundo del musical.<\/span><\/p>\n<p><span style=\"font-weight: 400;\">Actualmente imparte clases de canto en la Escuela Artmusic, y en la Escuela de teatro musical Coco Comin.<\/span><span style=\"font-weight: 400;\"><\/span><\/p>\n<p>[\/et_pb_text][\/et_pb_column][\/et_pb_row][et_pb_row _builder_version=\u00bb4.20.4&#8243; _module_preset=\u00bbdefault\u00bb custom_padding=\u00bb15px||5px||false|false\u00bb global_colors_info=\u00bb{}\u00bb][et_pb_column type=\u00bb4_4&#8243; _builder_version=\u00bb4.20.4&#8243; _module_preset=\u00bbdefault\u00bb global_colors_info=\u00bb{}\u00bb][et_pb_divider color=\u00bb#1D5288&#8243; _builder_version=\u00bb4.20.4&#8243; _module_preset=\u00bbdefault\u00bb global_colors_info=\u00bb{}\u00bb][\/et_pb_divider][\/et_pb_column][\/et_pb_row][et_pb_row column_structure=\u00bb1_3,2_3&#8243; _builder_version=\u00bb4.20.4&#8243; _module_preset=\u00bbdefault\u00bb max_width=\u00bb1200px\u00bb custom_margin=\u00bb||||false|false\u00bb custom_padding=\u00bb||||false|false\u00bb global_colors_info=\u00bb{}\u00bb][et_pb_column type=\u00bb1_3&#8243; _builder_version=\u00bb4.20.4&#8243; _module_preset=\u00bbdefault\u00bb global_colors_info=\u00bb{}\u00bb][et_pb_text _builder_version=\u00bb4.20.4&#8243; _module_preset=\u00bbdefault\u00bb text_font=\u00bbAbhaya Libre|700|||||||\u00bb text_text_color=\u00bb#1D5288&#8243; text_font_size=\u00bb25px\u00bb text_orientation=\u00bbcenter\u00bb global_colors_info=\u00bb{}\u00bb]<\/p>\n<p>Marisa Martins, mezzosoprano y taller de Dramat\u00fargia del Lied<\/p>\n<p>[\/et_pb_text][et_pb_image src=\u00bbhttps:\/\/cameratasantcugat.com\/wp-content\/uploads\/2023\/04\/Marisa-Martins-BN-scaled-e1681458456198.jpg\u00bb title_text=\u00bbSONY DSC\u00bb align=\u00bbcenter\u00bb _builder_version=\u00bb4.20.4&#8243; _module_preset=\u00bbdefault\u00bb width=\u00bb80%\u00bb filter_saturate=\u00bb0%\u00bb border_radii=\u00bbon|500px|500px|500px|500px\u00bb global_colors_info=\u00bb{}\u00bb][\/et_pb_image][\/et_pb_column][et_pb_column type=\u00bb2_3&#8243; _builder_version=\u00bb4.20.4&#8243; _module_preset=\u00bbdefault\u00bb global_colors_info=\u00bb{}\u00bb][et_pb_text _builder_version=\u00bb4.20.4&#8243; _module_preset=\u00bbc59f59cf-3261-49fe-bbf0-3e417c0152c6&#8243; text_font=\u00bbManrope||||||||\u00bb text_text_color=\u00bb#1D5288&#8243; text_font_size=\u00bb18px\u00bb text_line_height=\u00bb1.8em\u00bb text_orientation=\u00bbjustified\u00bb text_font_size_tablet=\u00bb18px\u00bb text_font_size_phone=\u00bb18px\u00bb text_font_size_last_edited=\u00bbon|phone\u00bb global_colors_info=\u00bb{}\u00bb]<\/p>\n<p><span style=\"font-weight: 400;\">La mezzosoprano argentino-espa\u00f1ola inici\u00f3 sus estudios en Buenos Aires, su ciudad natal y los continu\u00f3 en el Conservatorio Superior Municipal de Barcelona.<\/span><\/p>\n<p><span style=\"font-weight: 400;\">Su repertorio oper\u00edstico abarca principalmente Monteverdi (Ottavia, Proserpina, Minerva), Mozart (Dorabella, Annio, Zerlina, Idamante, Tamiri) y Rossini (Zaida, Doralice, Lucilla, Roggiero, Berta), roles que ha interpretado en los teatros principales de Barcelona, Madrid, Bruselas, Rossini Opera Festival de Pesaro y Festival Mozart de La Coru\u00f1a, colaborando con directores de la talla de Ren\u00e9 Jacobs, Harry Bicket, Giovanni Antonini, Fabio Biondi, Christopher Hogwood, Alberto Zedda, Ottavio Dantone, Attilio Cremonesi, entre otros.<\/span><\/p>\n<p><span style=\"font-weight: 400;\">En el 250\u00ba aniversario de Mozart debuta en el Festival de Salzburgo con<\/span><i><span style=\"font-weight: 400;\">L\u2019oca del cairo<\/span><\/i><span style=\"font-weight: 400;\">y<\/span><i><span style=\"font-weight: 400;\">Lo sposo deluso<\/span><\/i><span style=\"font-weight: 400;\">.<\/span><\/p>\n<p><span style=\"font-weight: 400;\">Especialmente interesada en la relaci\u00f3n voz-movimiento, interviene en producciones que combinan m\u00fasica y danza contempor\u00e1nea en los teatros de Basilea, Lucerna, Hebbel-Theater de Berlin, \u00d3pera de Colonia, Brooklyn Academy of Music de Nueva York, Innsbruck y ha colaborado tambi\u00e9n con The Fischhouse en San Francisco.<\/span><\/p>\n<p style=\"text-align: justify;\"><span style=\"font-weight: 400;\">Ha grabado para <i>Harmonia Mundi Monteverdi Madrigali<\/i> guerrieri ed amorosi, con Ren\u00e9 Jacobs y para Columna M\u00fasica Frederic Mompou <i>\u2013Combat del Somni\u2013,<\/i>la Integral de canto (Vol. I) de Montsalvatge y, <i>del mismo compositor El gato con botas<\/i> (nominada para los premios Grammy del <i>2004 a la mejor<\/i> grabaci\u00f3n de \u00f3pera).<\/span><span style=\"font-weight: 400;\"><\/span><\/p>\n<p>[\/et_pb_text][\/et_pb_column][\/et_pb_row][et_pb_row _builder_version=\u00bb4.20.4&#8243; _module_preset=\u00bbdefault\u00bb custom_padding=\u00bb15px||5px||false|false\u00bb global_colors_info=\u00bb{}\u00bb][et_pb_column type=\u00bb4_4&#8243; _builder_version=\u00bb4.20.4&#8243; _module_preset=\u00bbdefault\u00bb global_colors_info=\u00bb{}\u00bb][et_pb_divider color=\u00bb#1D5288&#8243; _builder_version=\u00bb4.20.4&#8243; _module_preset=\u00bbdefault\u00bb global_colors_info=\u00bb{}\u00bb][\/et_pb_divider][\/et_pb_column][\/et_pb_row][et_pb_row column_structure=\u00bb1_3,2_3&#8243; _builder_version=\u00bb4.20.4&#8243; _module_preset=\u00bbdefault\u00bb max_width=\u00bb1200px\u00bb custom_margin=\u00bb||||false|false\u00bb custom_padding=\u00bb||||false|false\u00bb global_colors_info=\u00bb{}\u00bb][et_pb_column type=\u00bb1_3&#8243; _builder_version=\u00bb4.20.4&#8243; _module_preset=\u00bbdefault\u00bb global_colors_info=\u00bb{}\u00bb][et_pb_text _builder_version=\u00bb4.20.4&#8243; _module_preset=\u00bbdefault\u00bb text_font=\u00bbAbhaya Libre|700|||||||\u00bb text_text_color=\u00bb#1D5288&#8243; text_font_size=\u00bb25px\u00bb text_orientation=\u00bbcenter\u00bb global_colors_info=\u00bb{}\u00bb]<\/p>\n<p>Clara del Ruste, escena<\/p>\n<p>[\/et_pb_text][et_pb_image src=\u00bbhttps:\/\/cameratasantcugat.com\/wp-content\/uploads\/2023\/04\/ClaraDelRuste-e1681458591748.png\u00bb title_text=\u00bbClaraDelRuste\u00bb align=\u00bbcenter\u00bb _builder_version=\u00bb4.20.4&#8243; _module_preset=\u00bbdefault\u00bb width=\u00bb80%\u00bb filter_saturate=\u00bb0%\u00bb border_radii=\u00bbon|500px|500px|500px|500px\u00bb global_colors_info=\u00bb{}\u00bb][\/et_pb_image][\/et_pb_column][et_pb_column type=\u00bb2_3&#8243; _builder_version=\u00bb4.20.4&#8243; _module_preset=\u00bbdefault\u00bb global_colors_info=\u00bb{}\u00bb][et_pb_text _builder_version=\u00bb4.20.4&#8243; _module_preset=\u00bbc59f59cf-3261-49fe-bbf0-3e417c0152c6&#8243; text_font=\u00bbManrope||||||||\u00bb text_text_color=\u00bb#1D5288&#8243; text_font_size=\u00bb18px\u00bb text_line_height=\u00bb1.8em\u00bb text_orientation=\u00bbjustified\u00bb text_font_size_tablet=\u00bb18px\u00bb text_font_size_phone=\u00bb18px\u00bb text_font_size_last_edited=\u00bbon|phone\u00bb global_colors_info=\u00bb{}\u00bb]<\/p>\n<p><span style=\"font-weight: 400;\">Actriz, cantante, directora, profesora y creadora. <\/span><span style=\"color: #af0b43;\"><a href=\"http:\/\/www.claradelruste.cat\" style=\"color: #af0b43;\"><span style=\"font-weight: 400;\">www.claradelruste.cat<\/span><\/a><\/span><span style=\"font-weight: 400;\"> <\/span><\/p>\n<p><span style=\"font-weight: 400;\">Se inicia como actriz profesional en la compa\u00f1\u00eda Els Joglars. Actriz-cantante en Dagoll Dagom. Interpreta espect\u00e1culos para adultos, unos de propia creaci\u00f3n. Ha creado, actuado y dirigido cuentos musicales por p\u00fablico familiar. Ayudante de direcci\u00f3n de Comediants. Actriz en series de Televisi\u00f3n y cine. Ha trabajado en radio Catalunya M\u00fasica y en Catalunya R\u00e0dio Direcci\u00f3n en el Petit Palau de la propuesta; el Combate de las Olvidadas. Narradora en varias propuestas: cuentos, leyendas. <\/span><\/p>\n<p><span style=\"font-weight: 400;\">Profesora de teatro, Profesora de t\u00e9cnicas para hablar en p\u00fablico. Profesora de herramientas para directores de coros. Creadora de Teatrei+, Stimulart y Coach&amp;Cos. Conferenciante de las Aulas Universitarias para las Personas Mayores. Profesora de educaci\u00f3n del cuerpo por m\u00fasicos y cantantes en el Conservatorio de Sant Cugat. En la vertiente de cantante l\u00edrica form\u00f3 parte del Cor del Gran Teatre del Liceu. Actualmente instrumentista-violonchelo en la Orquesta DILETANTE. Dirigiendo escena en la Cant\u00e1nea, Cantata de segundo -escuelas de Sant Cugat y Cantata en EMM\u00fasica de Vic y Cantem \u00c1frica en el Palau de la M\u00fasica Catalana. Profesora de escena en el curso internacional de canto de Sant Cugat en dos ediciones.<\/span><span style=\"font-weight: 400;\"><\/span><\/p>\n<p>[\/et_pb_text][\/et_pb_column][\/et_pb_row][et_pb_row _builder_version=\u00bb4.20.4&#8243; _module_preset=\u00bbdefault\u00bb custom_padding=\u00bb15px||5px||false|false\u00bb global_colors_info=\u00bb{}\u00bb][et_pb_column type=\u00bb4_4&#8243; _builder_version=\u00bb4.20.4&#8243; _module_preset=\u00bbdefault\u00bb global_colors_info=\u00bb{}\u00bb][et_pb_divider color=\u00bb#1D5288&#8243; _builder_version=\u00bb4.20.4&#8243; _module_preset=\u00bbdefault\u00bb global_colors_info=\u00bb{}\u00bb][\/et_pb_divider][\/et_pb_column][\/et_pb_row][et_pb_row column_structure=\u00bb1_3,2_3&#8243; _builder_version=\u00bb4.20.4&#8243; _module_preset=\u00bbdefault\u00bb max_width=\u00bb1200px\u00bb custom_margin=\u00bb||||false|false\u00bb custom_padding=\u00bb||||false|false\u00bb global_colors_info=\u00bb{}\u00bb][et_pb_column type=\u00bb1_3&#8243; _builder_version=\u00bb4.20.4&#8243; _module_preset=\u00bbdefault\u00bb global_colors_info=\u00bb{}\u00bb][et_pb_text _builder_version=\u00bb4.20.4&#8243; _module_preset=\u00bbdefault\u00bb text_font=\u00bbAbhaya Libre|700|||||||\u00bb text_text_color=\u00bb#1D5288&#8243; text_font_size=\u00bb25px\u00bb text_orientation=\u00bbcenter\u00bb global_colors_info=\u00bb{}\u00bb]<\/p>\n<p>Nica Gimeno, t\u00e9cnica Alexander<\/p>\n<p>[\/et_pb_text][et_pb_image src=\u00bbhttps:\/\/cameratasantcugat.com\/wp-content\/uploads\/2023\/04\/NicaGimeno-e1681458426857.png\u00bb title_text=\u00bbNicaGimeno\u00bb align=\u00bbcenter\u00bb _builder_version=\u00bb4.20.4&#8243; _module_preset=\u00bbdefault\u00bb width=\u00bb80%\u00bb filter_saturate=\u00bb0%\u00bb border_radii=\u00bbon|500px|500px|500px|500px\u00bb global_colors_info=\u00bb{}\u00bb][\/et_pb_image][\/et_pb_column][et_pb_column type=\u00bb2_3&#8243; _builder_version=\u00bb4.20.4&#8243; _module_preset=\u00bbdefault\u00bb global_colors_info=\u00bb{}\u00bb][et_pb_text _builder_version=\u00bb4.20.4&#8243; _module_preset=\u00bbc59f59cf-3261-49fe-bbf0-3e417c0152c6&#8243; text_font=\u00bbManrope||||||||\u00bb text_text_color=\u00bb#1D5288&#8243; text_font_size=\u00bb18px\u00bb text_line_height=\u00bb1.8em\u00bb text_orientation=\u00bbjustified\u00bb text_font_size_tablet=\u00bb18px\u00bb text_font_size_phone=\u00bb18px\u00bb text_font_size_last_edited=\u00bbon|phone\u00bb global_colors_info=\u00bb{}\u00bb]<\/p>\n<p><span style=\"font-weight: 400;\">Nica Gimeno es una profesora y formadora con amplia experiencia en t\u00e9cnica Alexander y terapeuta especializada en terapia informada en el procesamiento de traumas. Cursa estudios de Teatro Gestual en el Instituto del Teatro de Barcelona durante los a\u00f1os 1978-1981 y contin\u00faa su investigaci\u00f3n teatral explorando el teatro de movimiento y diversas t\u00e9cnicas corporales. En 1983 recibe sus primeras clases de T.A. que la llevar\u00e1n a ingresar en 1985 en la escuela \u00abThe Constructive Teaching Centre\u00bb (Londres) dirigida por Walter y Dilys Carrington, alumnos directos de F.M. Alexander. Se grad\u00faa en 1988 y comienza su pr\u00e1ctica privada en Barcelona dirigiendo talleres introductorios en diferentes ciudades espa\u00f1olas y en el extranjero. Profesora de T.A. en el Conservatorio de M\u00fasica de Terrassa, y en el Centro Andaluz de Teatro (El C.A.T), ha colaborado como asistente en la escuela de formaci\u00f3n de profesores de \u00abThe Constructive Teaching Centre\u00bb (Londres).<\/span><\/p>\n<p><span style=\"font-weight: 400;\">Desde 1989 hasta 2001 es miembro del equipo docente del Departamento de Interpretaci\u00f3n del Instituto del Teatro de Barcelona impartiendo clases individuales de T\u00e9cnica Alexander y movimiento, basado en los principios de esta t\u00e9cnica. En 2012 ense\u00f1\u00f3 semanalmente la T\u00e9cnica al colectivo de m\u00fasicos de OBC, Orquesta sinf\u00f3nica de Barcelona y Catalu\u00f1a. Forma parte del equipo docente del curso internacional de canto desde la 1\u00ba edici\u00f3n hasta este a\u00f1o, 17a edici\u00f3n.<\/span><span style=\"font-weight: 400;\"><\/span><\/p>\n<p>[\/et_pb_text][\/et_pb_column][\/et_pb_row][et_pb_row _builder_version=\u00bb4.20.4&#8243; _module_preset=\u00bbdefault\u00bb custom_padding=\u00bb15px||5px||false|false\u00bb global_colors_info=\u00bb{}\u00bb][et_pb_column type=\u00bb4_4&#8243; _builder_version=\u00bb4.20.4&#8243; _module_preset=\u00bbdefault\u00bb global_colors_info=\u00bb{}\u00bb][et_pb_divider color=\u00bb#1D5288&#8243; _builder_version=\u00bb4.20.4&#8243; _module_preset=\u00bbdefault\u00bb global_colors_info=\u00bb{}\u00bb][\/et_pb_divider][\/et_pb_column][\/et_pb_row][et_pb_row column_structure=\u00bb1_3,2_3&#8243; _builder_version=\u00bb4.20.4&#8243; _module_preset=\u00bbdefault\u00bb max_width=\u00bb1200px\u00bb custom_margin=\u00bb||||false|false\u00bb custom_padding=\u00bb||||false|false\u00bb global_colors_info=\u00bb{}\u00bb][et_pb_column type=\u00bb1_3&#8243; _builder_version=\u00bb4.20.4&#8243; _module_preset=\u00bbdefault\u00bb global_colors_info=\u00bb{}\u00bb][et_pb_text _builder_version=\u00bb4.20.4&#8243; _module_preset=\u00bbdefault\u00bb text_font=\u00bbAbhaya Libre|700|||||||\u00bb text_text_color=\u00bb#1D5288&#8243; text_font_size=\u00bb25px\u00bb text_orientation=\u00bbcenter\u00bb global_colors_info=\u00bb{}\u00bb]<\/p>\n<p>Laura Mart\u00ednez, t\u00e9cnica Alexander<\/p>\n<p>[\/et_pb_text][et_pb_image src=\u00bbhttps:\/\/cameratasantcugat.com\/wp-content\/uploads\/2023\/04\/LauraMartinez-e1681458527351.png\u00bb title_text=\u00bbLauraMartinez\u00bb align=\u00bbcenter\u00bb _builder_version=\u00bb4.20.4&#8243; _module_preset=\u00bbdefault\u00bb width=\u00bb80%\u00bb filter_saturate=\u00bb0%\u00bb border_radii=\u00bbon|500px|500px|500px|500px\u00bb global_colors_info=\u00bb{}\u00bb][\/et_pb_image][\/et_pb_column][et_pb_column type=\u00bb2_3&#8243; _builder_version=\u00bb4.20.4&#8243; _module_preset=\u00bbdefault\u00bb global_colors_info=\u00bb{}\u00bb][et_pb_text _builder_version=\u00bb4.20.4&#8243; _module_preset=\u00bbc59f59cf-3261-49fe-bbf0-3e417c0152c6&#8243; text_font=\u00bbManrope||||||||\u00bb text_text_color=\u00bb#1D5288&#8243; text_font_size=\u00bb18px\u00bb text_line_height=\u00bb1.8em\u00bb text_orientation=\u00bbjustified\u00bb text_font_size_tablet=\u00bb18px\u00bb text_font_size_phone=\u00bb18px\u00bb text_font_size_last_edited=\u00bbon|phone\u00bb global_colors_info=\u00bb{}\u00bb]<\/p>\n<p><span style=\"font-weight: 400;\">Laura Mart\u00ednez Mart\u00ednez se forma como bailarina de danza contempor\u00e1nea en la escuela AREA de Barcelona y participa en diversas producciones y proyectos en Argentina y Pa\u00edses Bajos. En este pa\u00eds realiza la formaci\u00f3n de Profesora de T\u00e9cnica Alexander (Escuela ATON, Pa\u00edses Bajos) gradu\u00e1ndose en 2002. Desde entonces trabaja en su pr\u00e1ctica privada impartiendo clases individuales y talleres de T.A. En 2006 realiza un Postgrado en el estudio (Barcelona) y empieza a colaborar, formando parte del equipo de la escuela de formaci\u00f3n de profesores de la T\u00e9cnica Alexander Barcelona, dirigido por Nica Gimeno. Posteriormente realiza el rol de asistente de direcci\u00f3n del propio centro. Pertenece a la Asociaci\u00f3n Espa\u00f1ola de Profesoras de la T\u00e9cnica Alexander (APTAE).<\/span><\/p>\n<p><span style=\"font-weight: 400;\">Es psicoterapeuta en movimiento (DMT) graduada por la UAB (M\u00e1ster en Danza\/Movimiento Terapia, 2012) especializada en el movimiento som\u00e1tico y evolutivo, y Miembro Registrado de la Asociaci\u00f3n Espa\u00f1ola de Danza Movimiento Terapia (ADMTE). Trabaja en sesiones individuales con adultos y j\u00f3venes y tiene grupos regulares.<\/span><\/p>\n<p><span style=\"font-weight: 400;\">Actualmente est\u00e1 finalizando el Grado de psicolog\u00eda (UOC, Barcelona).<\/span><span style=\"font-weight: 400;\"><\/span><\/p>\n<p>[\/et_pb_text][\/et_pb_column][\/et_pb_row][et_pb_row _builder_version=\u00bb4.20.4&#8243; _module_preset=\u00bbdefault\u00bb custom_padding=\u00bb15px||5px||false|false\u00bb global_colors_info=\u00bb{}\u00bb][et_pb_column type=\u00bb4_4&#8243; _builder_version=\u00bb4.20.4&#8243; _module_preset=\u00bbdefault\u00bb global_colors_info=\u00bb{}\u00bb][et_pb_divider color=\u00bb#1D5288&#8243; _builder_version=\u00bb4.20.4&#8243; _module_preset=\u00bbdefault\u00bb global_colors_info=\u00bb{}\u00bb][\/et_pb_divider][\/et_pb_column][\/et_pb_row][et_pb_row column_structure=\u00bb1_3,2_3&#8243; _builder_version=\u00bb4.20.4&#8243; _module_preset=\u00bbdefault\u00bb max_width=\u00bb1200px\u00bb custom_margin=\u00bb||||false|false\u00bb custom_padding=\u00bb||43px||false|false\u00bb global_colors_info=\u00bb{}\u00bb][et_pb_column type=\u00bb1_3&#8243; _builder_version=\u00bb4.20.4&#8243; _module_preset=\u00bbdefault\u00bb global_colors_info=\u00bb{}\u00bb][et_pb_text _builder_version=\u00bb4.20.4&#8243; _module_preset=\u00bbdefault\u00bb text_font=\u00bbAbhaya Libre|700|||||||\u00bb text_text_color=\u00bb#1D5288&#8243; text_font_size=\u00bb25px\u00bb text_orientation=\u00bbcenter\u00bb global_colors_info=\u00bb{}\u00bb]<\/p>\n<p>Cec\u00edlia Gassull, M\u00e9todo Akiara<\/p>\n<p>[\/et_pb_text][et_pb_image src=\u00bbhttps:\/\/cameratasantcugat.com\/wp-content\/uploads\/2023\/04\/Cecilia.png\u00bb title_text=\u00bbCecilia\u00bb align=\u00bbcenter\u00bb _builder_version=\u00bb4.20.4&#8243; _module_preset=\u00bbdefault\u00bb width=\u00bb80%\u00bb filter_saturate=\u00bb0%\u00bb border_radii=\u00bbon|500px|500px|500px|500px\u00bb global_colors_info=\u00bb{}\u00bb][\/et_pb_image][\/et_pb_column][et_pb_column type=\u00bb2_3&#8243; _builder_version=\u00bb4.20.4&#8243; _module_preset=\u00bbdefault\u00bb global_colors_info=\u00bb{}\u00bb][et_pb_text _builder_version=\u00bb4.20.4&#8243; _module_preset=\u00bbc59f59cf-3261-49fe-bbf0-3e417c0152c6&#8243; text_font=\u00bbManrope||||||||\u00bb text_text_color=\u00bb#1D5288&#8243; text_font_size=\u00bb18px\u00bb text_line_height=\u00bb1.8em\u00bb text_orientation=\u00bbjustified\u00bb text_font_size_tablet=\u00bb18px\u00bb text_font_size_phone=\u00bb18px\u00bb text_font_size_last_edited=\u00bbon|phone\u00bb global_colors_info=\u00bb{}\u00bb]<\/p>\n<p><span style=\"font-weight: 400;\">Es doctora en pedagogia y licenciada en psicolog\u00eda. Estudi\u00f3 canto en el Conservatorio Superior de M\u00fasica del Liceo de Barcelona y se ha formado a lo largo de los a\u00f1os en diferentes m\u00e9todos psicocorporales y energ\u00e9ticos; es instructora corporal para instrumentistas por el m\u00e9todo Cos-Art, terapeuta de Polaridad, diplomada en MLC\u00a9 y harmonizadora energ\u00e9tica.<\/span><\/p>\n<p><span style=\"font-weight: 400;\">Desde 1995 se dedica al trabajo corporal aplicado a la voz y a lo largo de los a\u00f1os ha ampliado esta aproximaci\u00f3n al terreno emocional y energ\u00e9tico para conformar el m\u00e9todo AkiAra.<\/span><\/p>\n<p><span style=\"font-weight: 400;\">Actualmente compagina el trabajo como profesora titular de la Universidad Aut\u00f3noma de Barcelona y la investigaci\u00f3n en torno a la relaci\u00f3n cuerpo-voz con el acompa\u00f1amiento de procesos personales y de liberaci\u00f3n de corazas de la voz.<\/span><span style=\"font-weight: 400;\"><\/span><\/p>\n<p>[\/et_pb_text][\/et_pb_column][\/et_pb_row][et_pb_row _builder_version=\u00bb4.20.4&#8243; _module_preset=\u00bbdefault\u00bb background_color=\u00bb#1D5288&#8243; max_width=\u00bb1200px\u00bb custom_margin=\u00bb2px|auto|20px|auto|false|false\u00bb custom_padding=\u00bb4px||4px|||\u00bb border_radii=\u00bbon|10px|10px|10px|10px\u00bb global_colors_info=\u00bb{}\u00bb][et_pb_column type=\u00bb4_4&#8243; _builder_version=\u00bb4.20.4&#8243; _module_preset=\u00bbdefault\u00bb global_colors_info=\u00bb{}\u00bb][et_pb_text _builder_version=\u00bb4.20.4&#8243; _module_preset=\u00bbdefault\u00bb text_font=\u00bbAbhaya Libre|800|||||||\u00bb text_text_color=\u00bb#FFFFFF\u00bb text_font_size=\u00bb25px\u00bb text_line_height=\u00bb1.4em\u00bb custom_padding=\u00bb5px||5px|20px|true|false\u00bb global_colors_info=\u00bb{}\u00bb]<\/p>\n<p>Pianistas<\/p>\n<p>[\/et_pb_text][\/et_pb_column][\/et_pb_row][et_pb_row column_structure=\u00bb1_3,2_3&#8243; _builder_version=\u00bb4.20.4&#8243; _module_preset=\u00bbdefault\u00bb max_width=\u00bb1200px\u00bb custom_margin=\u00bb||||false|false\u00bb custom_padding=\u00bb||||false|false\u00bb global_colors_info=\u00bb{}\u00bb][et_pb_column type=\u00bb1_3&#8243; _builder_version=\u00bb4.20.4&#8243; _module_preset=\u00bbdefault\u00bb global_colors_info=\u00bb{}\u00bb][et_pb_text _builder_version=\u00bb4.20.4&#8243; _module_preset=\u00bbdefault\u00bb text_font=\u00bbAbhaya Libre|700|||||||\u00bb text_text_color=\u00bb#1D5288&#8243; text_font_size=\u00bb25px\u00bb text_orientation=\u00bbcenter\u00bb global_colors_info=\u00bb{}\u00bb]<\/p>\n<p>Manel J. Ruiz<\/p>\n<p>[\/et_pb_text][et_pb_image src=\u00bbhttps:\/\/cameratasantcugat.com\/wp-content\/uploads\/2023\/04\/ManelJRuiz-scaled-e1681458500648.jpg\u00bb title_text=\u00bbManelJRuiz\u00bb align=\u00bbcenter\u00bb _builder_version=\u00bb4.20.4&#8243; _module_preset=\u00bbdefault\u00bb width=\u00bb80%\u00bb filter_saturate=\u00bb0%\u00bb border_radii=\u00bbon|500px|500px|500px|500px\u00bb global_colors_info=\u00bb{}\u00bb][\/et_pb_image][\/et_pb_column][et_pb_column type=\u00bb2_3&#8243; _builder_version=\u00bb4.20.4&#8243; _module_preset=\u00bbdefault\u00bb global_colors_info=\u00bb{}\u00bb][et_pb_text _builder_version=\u00bb4.20.4&#8243; _module_preset=\u00bbc59f59cf-3261-49fe-bbf0-3e417c0152c6&#8243; text_font=\u00bbManrope||||||||\u00bb text_text_color=\u00bb#1D5288&#8243; text_font_size=\u00bb18px\u00bb text_line_height=\u00bb1.8em\u00bb text_orientation=\u00bbjustified\u00bb text_font_size_tablet=\u00bb18px\u00bb text_font_size_phone=\u00bb18px\u00bb text_font_size_last_edited=\u00bbon|phone\u00bb global_colors_info=\u00bb{}\u00bb]<\/p>\n<p><span style=\"font-weight: 400;\">Nace en Alpens (Barcelona). Inici\u00f3 sus estudios musicales en Caldes de Montbui y finaliza en el Conservatorio Superior de M\u00fasica del Liceo de Barcelona, con el Premio de Honor. Alumno de Pere Vallribera, Anna Maria Cardona y Cecilio Tieles.<\/span><\/p>\n<p><span style=\"font-weight: 400;\">Profundiza en el acompa\u00f1amiento vocal y el repertorio de c\u00e1mara con \u00c0ngel Soler, y en el m\u00e9todo Cos-Art con Yiya D\u00edaz. Es profesor de Repertorio Vocal de los alumnos de las sopranos Enriqueta Tarr\u00e9s, Meritxell Olaya, Anna Ollet, Mariluz Mart\u00ednez y Margarida Llad\u00f3 en el Conservatorio del Liceo De Barcelona y profesor de M\u00fasica de C\u00e1mara en el mismo centro. Colabora habitualmente con el Coro y la Orquesta del Gran Teatro del Liceo (de Billy, Attle, Weigle, Kopylov, Schneider, Boder, Vicket, Ortega, P\u00e9rez Batista) y trabaja en la direcci\u00f3n y representaciones de La Petita Flauta M\u00e0gica, Allegro Vivace,Guillem Tell y H\u00e4nsel y Gretel. Pianista privado de la se\u00f1ora Montserrat Caball\u00e9 y del tenor Josep Carreras en la preparaci\u00f3n de distintos recitales.<\/span><\/p>\n<p><span style=\"font-weight: 400;\">Act\u00faa en recitales por toda la geograf\u00eda espa\u00f1ola, por Francia, Italia, Panam\u00e1, Andorra junto a artistas como Ram\u00f3n Contreras, Stefano Palatchi, Roc\u00edo Mart\u00ednez, Juan Mart\u00edn Royo, Anne-Marie Calloni, Ricardo Vel\u00e1squez, V\u00edctor Jim\u00e9nez, Maribel Ortega, Manel Esteve, N\u00faria Dardiny\u00e0, Carlos Cos\u00edas, Jordi Cortada, Indira, Marc Sala, Sara Blanch, Sergi Jim\u00e9nez, M\u00f3nica Cjalej, Pierfrancesco Fiordaliso (viol\u00edn), Carlos Murias (casta\u00f1uelas), Francesca Canali (flauta), entre otros.<\/span><\/p>\n<p><span style=\"font-weight: 400;\">Interviene en diferentes cursos y concursos de Canto: Francisco Vi\u00f1as, Manuel Ausensi, Festival L\u00edrico de los Pa\u00edses Catalanes, Mar\u00eda Canals, San Cugat del Vall\u00e9s, A Tempo (Barcelona), Josep Mirabent (Sitges).<\/span><span style=\"font-weight: 400;\"><\/span><\/p>\n<p>[\/et_pb_text][\/et_pb_column][\/et_pb_row][et_pb_row _builder_version=\u00bb4.20.4&#8243; _module_preset=\u00bbdefault\u00bb custom_padding=\u00bb15px||5px||false|false\u00bb global_colors_info=\u00bb{}\u00bb][et_pb_column type=\u00bb4_4&#8243; _builder_version=\u00bb4.20.4&#8243; _module_preset=\u00bbdefault\u00bb global_colors_info=\u00bb{}\u00bb][et_pb_divider color=\u00bb#1D5288&#8243; _builder_version=\u00bb4.20.4&#8243; _module_preset=\u00bbdefault\u00bb global_colors_info=\u00bb{}\u00bb][\/et_pb_divider][\/et_pb_column][\/et_pb_row][et_pb_row column_structure=\u00bb1_3,2_3&#8243; _builder_version=\u00bb4.20.4&#8243; _module_preset=\u00bbdefault\u00bb max_width=\u00bb1200px\u00bb custom_margin=\u00bb||||false|false\u00bb custom_padding=\u00bb||||false|false\u00bb global_colors_info=\u00bb{}\u00bb][et_pb_column type=\u00bb1_3&#8243; _builder_version=\u00bb4.20.4&#8243; _module_preset=\u00bbdefault\u00bb global_colors_info=\u00bb{}\u00bb][et_pb_text _builder_version=\u00bb4.20.4&#8243; _module_preset=\u00bbdefault\u00bb text_font=\u00bbAbhaya Libre|700|||||||\u00bb text_text_color=\u00bb#1D5288&#8243; text_font_size=\u00bb25px\u00bb text_orientation=\u00bbcenter\u00bb global_colors_info=\u00bb{}\u00bb]<\/p>\n<p>Jordi Romero<\/p>\n<p>[\/et_pb_text][et_pb_image src=\u00bbhttps:\/\/cameratasantcugat.com\/wp-content\/uploads\/2023\/04\/JordiRomero-e1681458552915.jpg\u00bb title_text=\u00bbJordiRomero\u00bb align=\u00bbcenter\u00bb _builder_version=\u00bb4.20.4&#8243; _module_preset=\u00bbdefault\u00bb width=\u00bb80%\u00bb filter_saturate=\u00bb0%\u00bb border_radii=\u00bbon|500px|500px|500px|500px\u00bb global_colors_info=\u00bb{}\u00bb][\/et_pb_image][\/et_pb_column][et_pb_column type=\u00bb2_3&#8243; _builder_version=\u00bb4.20.4&#8243; _module_preset=\u00bbdefault\u00bb global_colors_info=\u00bb{}\u00bb][et_pb_text _builder_version=\u00bb4.20.4&#8243; _module_preset=\u00bbc59f59cf-3261-49fe-bbf0-3e417c0152c6&#8243; text_font=\u00bbManrope||||||||\u00bb text_text_color=\u00bb#1D5288&#8243; text_font_size=\u00bb18px\u00bb text_line_height=\u00bb1.8em\u00bb text_orientation=\u00bbjustified\u00bb text_font_size_tablet=\u00bb18px\u00bb text_font_size_phone=\u00bb18px\u00bb text_font_size_last_edited=\u00bbon|phone\u00bb global_colors_info=\u00bb{}\u00bb]<\/p>\n<p><span style=\"font-weight: 400;\">Soy Jordi Romero. Pianista repertorista de canto. <\/span><\/p>\n<p><span style=\"font-weight: 400;\">Es un placer para m\u00ed poder compartir mi experiencia con las nuevas generaciones de cantantes en el XVll\u00e9 Curso Internacional de Cant Camerata Sant Cugat. <\/span><\/p>\n<p><span style=\"font-weight: 400;\">Son ya algunas las ediciones en las que he tenido el privilegio de estar y de las que han salido grandes profesionales con una proyecci\u00f3n internacional m\u00e1s que notable. <\/span><\/p>\n<p><span style=\"font-weight: 400;\">Estoy convencido de que el trabajo que se llevar\u00e1 a cabo en esta semana, por mi parte, de preparaci\u00f3n de repertorio seguido del acompa\u00f1amiento de los conciertos y con la colaboraci\u00f3n de todo el equipo docente dar\u00e1 un resultado excelente y muy provechoso. <\/span><\/p>\n<p><span style=\"font-weight: 400;\">Con mucha ilusi\u00f3n, nos veremos en breve.<\/span><\/p>\n<p><span style=\"font-weight: 400;\">Jordi Romero ha sido profesor de repertorio de canto en el Conservatorio Superior del Liceo de Barcelona (1998 &#8211; 2006).<\/span><\/p>\n<p><span style=\"font-weight: 400;\">Acompa\u00f1anado en el primer curso internacional de canto de Barcelona a Miquel Ortega, David Mason, Francesca Roig, Anna Belen Gomez (Agosto 2010).<\/span><\/p>\n<p><span style=\"font-weight: 400;\">Ha colaborado con: Carmen Bustamante, bar\u00edtono Jerzy Artysz, Yolanda Auyanet, Rosa Mateu, Salvador Carb\u00f3n y Carlos Cosias.<\/span><span style=\"font-weight: 400;\"><\/span><\/p>\n<p>[\/et_pb_text][\/et_pb_column][\/et_pb_row][et_pb_row _builder_version=\u00bb4.20.4&#8243; _module_preset=\u00bbdefault\u00bb custom_padding=\u00bb15px||5px||false|false\u00bb global_colors_info=\u00bb{}\u00bb][et_pb_column type=\u00bb4_4&#8243; _builder_version=\u00bb4.20.4&#8243; _module_preset=\u00bbdefault\u00bb global_colors_info=\u00bb{}\u00bb][et_pb_divider color=\u00bb#1D5288&#8243; _builder_version=\u00bb4.20.4&#8243; _module_preset=\u00bbdefault\u00bb global_colors_info=\u00bb{}\u00bb][\/et_pb_divider][\/et_pb_column][\/et_pb_row][et_pb_row column_structure=\u00bb1_3,2_3&#8243; _builder_version=\u00bb4.20.4&#8243; _module_preset=\u00bbdefault\u00bb max_width=\u00bb1200px\u00bb custom_margin=\u00bb||||false|false\u00bb custom_padding=\u00bb||||false|false\u00bb global_colors_info=\u00bb{}\u00bb][et_pb_column type=\u00bb1_3&#8243; _builder_version=\u00bb4.20.4&#8243; _module_preset=\u00bbdefault\u00bb global_colors_info=\u00bb{}\u00bb][et_pb_text _builder_version=\u00bb4.20.4&#8243; _module_preset=\u00bbdefault\u00bb text_font=\u00bbAbhaya Libre|700|||||||\u00bb text_text_color=\u00bb#1D5288&#8243; text_font_size=\u00bb25px\u00bb text_orientation=\u00bbcenter\u00bb global_colors_info=\u00bb{}\u00bb]<\/p>\n<p>Adri\u00e0 Aguilera<\/p>\n<p>[\/et_pb_text][et_pb_image src=\u00bbhttps:\/\/cameratasantcugat.com\/wp-content\/uploads\/2023\/04\/Adria.png\u00bb title_text=\u00bbAdri\u00e0\u00bb align=\u00bbcenter\u00bb _builder_version=\u00bb4.20.4&#8243; _module_preset=\u00bbdefault\u00bb width=\u00bb80%\u00bb filter_saturate=\u00bb0%\u00bb border_radii=\u00bbon|500px|500px|500px|500px\u00bb global_colors_info=\u00bb{}\u00bb][\/et_pb_image][\/et_pb_column][et_pb_column type=\u00bb2_3&#8243; _builder_version=\u00bb4.20.4&#8243; _module_preset=\u00bbdefault\u00bb global_colors_info=\u00bb{}\u00bb][et_pb_text _builder_version=\u00bb4.20.4&#8243; _module_preset=\u00bbc59f59cf-3261-49fe-bbf0-3e417c0152c6&#8243; text_font=\u00bbManrope||||||||\u00bb text_text_color=\u00bb#1D5288&#8243; text_font_size=\u00bb18px\u00bb text_line_height=\u00bb1.8em\u00bb text_orientation=\u00bbjustified\u00bb text_font_size_tablet=\u00bb18px\u00bb text_font_size_phone=\u00bb18px\u00bb text_font_size_last_edited=\u00bbon|phone\u00bb global_colors_info=\u00bb{}\u00bb]<\/p>\n<p><span style=\"font-weight: 400;\">Licenciado en piano cl\u00e1sico en el Conservatorio Superior del Liceo donde estudi\u00f3 piano con Albert Attenelle i lied con Josep Surinyac. Ampla su formaci\u00f3n en Musikeon (Val\u00e8ncia) con Luca Chiantore.<\/span><\/p>\n<p><span style=\"font-weight: 400;\">En el \u00e1mbito profesional ha trabajado como director musical en varias producciones de Teatro Musical como La Familia Addams, A Chorus Line, Billy Elliot o Grease.<\/span><\/p>\n<p><span style=\"font-weight: 400;\">Tambi\u00e9n ha trabajado para el Gran Teatre del Liceu en el montaje la Cuina de Rossini i en varias producciones de Cantagran de L\u2019Auditori de Barcelona.<\/span><\/p>\n<p><span style=\"font-weight: 400;\">Como compositor ha Recibido encargos para cortometrajes, publicidad , Teatro musical pero destaca la Cantata \u201cDiferent\u201d del Proyecto S\u00f2cial Palau Vincles del Palau de la M\u00fasica.<\/span><span style=\"font-weight: 400;\"><\/span><\/p>\n<p>[\/et_pb_text][\/et_pb_column][\/et_pb_row][\/et_pb_section][et_pb_section fb_built=\u00bb1&#8243; admin_label=\u00bbFooter\u00bb _builder_version=\u00bb4.20.4&#8243; _module_preset=\u00bbdefault\u00bb background_enable_color=\u00bboff\u00bb background_enable_image=\u00bboff\u00bb custom_margin=\u00bb||||false|false\u00bb custom_padding=\u00bb||31px||false|false\u00bb background_last_edited=\u00bbon|tablet\u00bb background_position_tablet=\u00bbcenter_left\u00bb saved_tabs=\u00bball\u00bb collapsed=\u00bbon\u00bb global_colors_info=\u00bb{%22gcid-1bcf785a-50e1-437b-b09f-65567babc1de%22:%91%22background_color_gradient_stops%22%93}\u00bb][et_pb_row _builder_version=\u00bb4.20.4&#8243; _module_preset=\u00bbdefault\u00bb max_width=\u00bb1200px\u00bb module_alignment=\u00bbleft\u00bb global_colors_info=\u00bb{}\u00bb][et_pb_column type=\u00bb4_4&#8243; _builder_version=\u00bb4.20.4&#8243; _module_preset=\u00bbdefault\u00bb global_colors_info=\u00bb{}\u00bb][et_pb_text _builder_version=\u00bb4.20.4&#8243; _module_preset=\u00bbdefault\u00bb text_font=\u00bbAbhaya Libre|800|||||||\u00bb text_text_color=\u00bb#d3ac00&#8243; text_font_size=\u00bb30px\u00bb custom_margin=\u00bb|||5%|false|false\u00bb link_option_url=\u00bbhttps:\/\/cameratasantcugat.com\/es\/\u00bb global_colors_info=\u00bb{}\u00bb]<\/p>\n<p>\u2190 vuelve a la p\u00e1gina del curso de canto<\/p>\n<p>[\/et_pb_text][\/et_pb_column][\/et_pb_row][et_pb_row _builder_version=\u00bb4.20.4&#8243; _module_preset=\u00bbdefault\u00bb custom_padding=\u00bb15px||5px||false|false\u00bb global_colors_info=\u00bb{}\u00bb][et_pb_column type=\u00bb4_4&#8243; _builder_version=\u00bb4.20.4&#8243; _module_preset=\u00bbdefault\u00bb global_colors_info=\u00bb{}\u00bb][et_pb_divider color=\u00bb#1D5288&#8243; _builder_version=\u00bb4.20.4&#8243; _module_preset=\u00bbdefault\u00bb global_colors_info=\u00bb{}\u00bb][\/et_pb_divider][\/et_pb_column][\/et_pb_row][et_pb_row use_custom_gutter=\u00bbon\u00bb gutter_width=\u00bb2&#8243; _builder_version=\u00bb4.20.4&#8243; _module_preset=\u00bbdefault\u00bb max_width=\u00bb1200px\u00bb custom_margin=\u00bb||||false|false\u00bb custom_padding=\u00bb||||false|false\u00bb global_colors_info=\u00bb{}\u00bb][et_pb_column type=\u00bb4_4&#8243; _builder_version=\u00bb4.20.4&#8243; _module_preset=\u00bbdefault\u00bb global_colors_info=\u00bb{}\u00bb][et_pb_image src=\u00bbhttps:\/\/cameratasantcugat.com\/wp-content\/uploads\/2023\/03\/logo-camerata.png\u00bb title_text=\u00bblogo camerata\u00bb url=\u00bb@ET-DC@eyJkeW5hbWljIjp0cnVlLCJjb250ZW50IjoiaG9tZV91cmwiLCJzZXR0aW5ncyI6W119@\u00bb _builder_version=\u00bb4.20.4&#8243; _dynamic_attributes=\u00bburl\u00bb _module_preset=\u00bbdefault\u00bb width=\u00bb100.5%\u00bb max_height=\u00bb80px\u00bb global_colors_info=\u00bb{}\u00bb][\/et_pb_image][et_pb_text _builder_version=\u00bb4.20.4&#8243; _module_preset=\u00bbdefault\u00bb text_font=\u00bbAbhaya Libre|800|||||||\u00bb text_text_color=\u00bb#1D5288&#8243; text_font_size=\u00bb40px\u00bb custom_padding=\u00bb10px||||false|false\u00bb text_font_size_tablet=\u00bb40px\u00bb text_font_size_phone=\u00bb32px\u00bb text_font_size_last_edited=\u00bbon|phone\u00bb global_colors_info=\u00bb{}\u00bb]<\/p>\n<p>Organizaci\u00f3n y contacto<\/p>\n<p>[\/et_pb_text][\/et_pb_column][\/et_pb_row][et_pb_row column_structure=\u00bb1_3,1_3,1_3&#8243; use_custom_gutter=\u00bbon\u00bb gutter_width=\u00bb2&#8243; make_equal=\u00bbon\u00bb _builder_version=\u00bb4.20.4&#8243; _module_preset=\u00bbdefault\u00bb max_width=\u00bb1200px\u00bb module_alignment=\u00bbcenter\u00bb global_colors_info=\u00bb{}\u00bb][et_pb_column type=\u00bb1_3&#8243; _builder_version=\u00bb4.20.4&#8243; _module_preset=\u00bbdefault\u00bb global_colors_info=\u00bb{}\u00bb][et_pb_image src=\u00bbhttps:\/\/cameratasantcugat.com\/wp-content\/uploads\/2023\/04\/XavierBaulies.png\u00bb title_text=\u00bbXavierBaulies\u00bb align=\u00bbcenter\u00bb _builder_version=\u00bb4.20.4&#8243; _module_preset=\u00bbdefault\u00bb width=\u00bb61%\u00bb filter_saturate=\u00bb0%\u00bb border_radii=\u00bbon|500px|500px|500px|500px\u00bb global_colors_info=\u00bb{}\u00bb][\/et_pb_image][et_pb_text _builder_version=\u00bb4.20.4&#8243; _module_preset=\u00bbdefault\u00bb text_font=\u00bbAbhaya Libre|700|||||||\u00bb text_text_color=\u00bb#AF0B43&#8243; text_font_size=\u00bb20px\u00bb text_orientation=\u00bbcenter\u00bb global_colors_info=\u00bb{}\u00bb]<\/p>\n<p>Xavier Baulies<br \/>Director de Camerata Sant Cugat<\/p>\n<p>[\/et_pb_text][et_pb_text _builder_version=\u00bb4.20.4&#8243; _module_preset=\u00bbdefault\u00bb text_font=\u00bbManrope||||||||\u00bb text_text_color=\u00bb#AF0B43&#8243; text_font_size=\u00bb17px\u00bb text_orientation=\u00bbcenter\u00bb hover_enabled=\u00bb0&#8243; global_colors_info=\u00bb{}\u00bb sticky_enabled=\u00bb0&#8243;]<\/p>\n<p style=\"text-align: center;\"><span style=\"color: #1d5288;\">xbaulies@cameratasantcugat.com<\/span><\/p>\n<p>[\/et_pb_text][\/et_pb_column][et_pb_column type=\u00bb1_3&#8243; _builder_version=\u00bb4.20.4&#8243; _module_preset=\u00bbdefault\u00bb global_colors_info=\u00bb{}\u00bb][et_pb_image src=\u00bbhttps:\/\/cameratasantcugat.com\/wp-content\/uploads\/2023\/04\/JordiCasanova-e1681457818460.jpeg\u00bb title_text=\u00bbJordiCasanova\u00bb align=\u00bbcenter\u00bb _builder_version=\u00bb4.20.4&#8243; _module_preset=\u00bbdefault\u00bb width=\u00bb61%\u00bb filter_saturate=\u00bb0%\u00bb border_radii=\u00bbon|500px|500px|500px|500px\u00bb global_colors_info=\u00bb{}\u00bb][\/et_pb_image][et_pb_text _builder_version=\u00bb4.20.4&#8243; _module_preset=\u00bbdefault\u00bb text_font=\u00bbAbhaya Libre|700|||||||\u00bb text_text_color=\u00bb#AF0B43&#8243; text_font_size=\u00bb20px\u00bb text_orientation=\u00bbcenter\u00bb hover_enabled=\u00bb0&#8243; global_colors_info=\u00bb{}\u00bb sticky_enabled=\u00bb0&#8243;]<\/p>\n<p style=\"text-align: center;\">Jordi Casanova<br \/>Director del curso<\/p>\n<p>[\/et_pb_text][et_pb_text _builder_version=\u00bb4.20.4&#8243; _module_preset=\u00bbdefault\u00bb text_font=\u00bbManrope||||||||\u00bb text_text_color=\u00bb#AF0B43&#8243; text_font_size=\u00bb17px\u00bb text_orientation=\u00bbcenter\u00bb global_colors_info=\u00bb{}\u00bb]<\/p>\n<p style=\"text-align: center;\"><span style=\"color: #1d5288;\">jordi.casanova@cameratasantcugat.com<\/span><\/p>\n<p>[\/et_pb_text][\/et_pb_column][et_pb_column type=\u00bb1_3&#8243; _builder_version=\u00bb4.20.4&#8243; _module_preset=\u00bbdefault\u00bb global_colors_info=\u00bb{}\u00bb][et_pb_image src=\u00bbhttps:\/\/cameratasantcugat.com\/wp-content\/uploads\/2023\/04\/Julia.png\u00bb title_text=\u00bbJ\u00falia\u00bb align=\u00bbcenter\u00bb _builder_version=\u00bb4.20.4&#8243; _module_preset=\u00bbdefault\u00bb width=\u00bb61%\u00bb filter_saturate=\u00bb0%\u00bb border_radii=\u00bbon|500px|500px|500px|500px\u00bb global_colors_info=\u00bb{}\u00bb][\/et_pb_image][et_pb_text _builder_version=\u00bb4.20.4&#8243; _module_preset=\u00bbdefault\u00bb text_font=\u00bbAbhaya Libre|700|||||||\u00bb text_text_color=\u00bb#AF0B43&#8243; text_font_size=\u00bb20px\u00bb text_orientation=\u00bbcenter\u00bb hover_enabled=\u00bb0&#8243; global_colors_info=\u00bb{}\u00bb sticky_enabled=\u00bb0&#8243;]<\/p>\n<p>J\u00falia Salvador<br \/>Coordinadora del curso<\/p>\n<p>[\/et_pb_text][et_pb_text _builder_version=\u00bb4.20.4&#8243; _module_preset=\u00bbdefault\u00bb text_font=\u00bbManrope||||||||\u00bb text_text_color=\u00bb#AF0B43&#8243; text_font_size=\u00bb17px\u00bb text_orientation=\u00bbcenter\u00bb global_colors_info=\u00bb{}\u00bb]<\/p>\n<p style=\"text-align: center;\"><span style=\"color: #1d5288;\">julia.salvador@cameratasantcugat.com<\/span><\/p>\n<p>[\/et_pb_text][\/et_pb_column][\/et_pb_row][et_pb_row column_structure=\u00bb1_2,1_2&#8243; _builder_version=\u00bb4.20.4&#8243; _module_preset=\u00bbdefault\u00bb max_width=\u00bb1200px\u00bb custom_padding=\u00bb50px|||||\u00bb global_colors_info=\u00bb{}\u00bb][et_pb_column type=\u00bb1_2&#8243; _builder_version=\u00bb4.20.4&#8243; _module_preset=\u00bbdefault\u00bb global_colors_info=\u00bb{}\u00bb][et_pb_text _builder_version=\u00bb4.20.4&#8243; _module_preset=\u00bbdefault\u00bb text_font=\u00bbManrope||||||||\u00bb text_text_color=\u00bb#AF0B43&#8243; text_font_size=\u00bb18px\u00bb text_orientation=\u00bbcenter\u00bb global_colors_info=\u00bb{}\u00bb]<\/p>\n<p style=\"text-align: center;\"><span style=\"color: #1d5288;\"><strong>Tel. EMMVA:<\/strong>  (+34) 935890551<\/span><\/p>\n<p>[\/et_pb_text][\/et_pb_column][et_pb_column type=\u00bb1_2&#8243; _builder_version=\u00bb4.20.4&#8243; _module_preset=\u00bbdefault\u00bb global_colors_info=\u00bb{}\u00bb][et_pb_social_media_follow _builder_version=\u00bb4.20.4&#8243; _module_preset=\u00bbdefault\u00bb text_orientation=\u00bbcenter\u00bb global_colors_info=\u00bb{}\u00bb][et_pb_social_media_follow_network social_network=\u00bbinstagram\u00bb url=\u00bbhttps:\/\/www.instagram.com\/cameratastcugat\/\u00bb _builder_version=\u00bb4.20.4&#8243; _module_preset=\u00bbdefault\u00bb background_color=\u00bb#AF0B43&#8243; background_enable_color=\u00bbon\u00bb global_colors_info=\u00bb{}\u00bb follow_button=\u00bboff\u00bb url_new_window=\u00bbon\u00bb]instagram[\/et_pb_social_media_follow_network][et_pb_social_media_follow_network social_network=\u00bbfacebook\u00bb url=\u00bbhttps:\/\/www.facebook.com\/profile.php?id=100063762751473&#8243; _builder_version=\u00bb4.20.4&#8243; _module_preset=\u00bbdefault\u00bb background_color=\u00bb#AF0B43&#8243; background_enable_color=\u00bbon\u00bb global_colors_info=\u00bb{}\u00bb follow_button=\u00bboff\u00bb url_new_window=\u00bbon\u00bb]facebook[\/et_pb_social_media_follow_network][\/et_pb_social_media_follow][\/et_pb_column][\/et_pb_row][\/et_pb_section][et_pb_section fb_built=\u00bb1&#8243; _builder_version=\u00bb4.20.4&#8243; _module_preset=\u00bbdefault\u00bb background_color=\u00bb#000000&#8243; custom_padding=\u00bb8px||8px||true|false\u00bb global_colors_info=\u00bb{}\u00bb][et_pb_row _builder_version=\u00bb4.20.4&#8243; _module_preset=\u00bbdefault\u00bb max_width=\u00bb1200px\u00bb custom_padding=\u00bb12px||16px||false|false\u00bb global_colors_info=\u00bb{}\u00bb][et_pb_column type=\u00bb4_4&#8243; _builder_version=\u00bb4.20.4&#8243; _module_preset=\u00bbdefault\u00bb global_colors_info=\u00bb{}\u00bb][et_pb_text _builder_version=\u00bb4.20.4&#8243; _module_preset=\u00bbdefault\u00bb text_font=\u00bbManrope||||||||\u00bb text_text_color=\u00bb#FFFFFF\u00bb text_font_size=\u00bb17px\u00bb text_orientation=\u00bbcenter\u00bb global_colors_info=\u00bb{}\u00bb]<\/p>\n<p style=\"text-align: center;\"><a href=\"https:\/\/cameratasantcugat.com\/es\/?page_id=483\"><span style=\"color: #ffffff;\">Aviso legal, pol\u00edtica de privacidad y de cookies<\/span><\/a><\/p>\n<p>[\/et_pb_text][\/et_pb_column][\/et_pb_row][\/et_pb_section]<\/p>\n","protected":false},"excerpt":{"rendered":"<p>\u2190 vuelve a la p\u00e1gina del curso de cantoEl profesorado del cursoMasters del cursoFrancesca Roig, mezzosopranoDesde su debut en el Gran Teatre del Liceu la temporada 79\/80 con Rigoletto y La Traviata es invitada a participar regularmente en la programaci\u00f3n de dicho teatro actuando en Traviata, Madame Butterfly, Elektra, La Fiamma, Dame de Pique, Lohengrin, [&hellip;]<\/p>\n","protected":false},"author":1,"featured_media":0,"parent":0,"menu_order":0,"comment_status":"closed","ping_status":"closed","template":"","meta":{"_et_pb_use_builder":"on","_et_pb_old_content":"","_et_gb_content_width":"","footnotes":""},"class_list":["post-477","page","type-page","status-publish","hentry"],"yoast_head":"<!-- This site is optimized with the Yoast SEO plugin v22.7 - https:\/\/yoast.com\/wordpress\/plugins\/seo\/ -->\n<title>Profesorado - Camerata Sant Cugat<\/title>\n<meta name=\"robots\" content=\"index, follow, max-snippet:-1, max-image-preview:large, max-video-preview:-1\" \/>\n<link rel=\"canonical\" href=\"https:\/\/cameratasantcugat.com\/es\/profesorado\/\" \/>\n<meta property=\"og:locale\" content=\"es_ES\" \/>\n<meta property=\"og:type\" content=\"article\" \/>\n<meta property=\"og:title\" content=\"Profesorado - Camerata Sant Cugat\" \/>\n<meta property=\"og:description\" content=\"\u2190 vuelve a la p\u00e1gina del curso de cantoEl profesorado del cursoMasters del cursoFrancesca Roig, mezzosopranoDesde su debut en el Gran Teatre del Liceu la temporada 79\/80 con Rigoletto y La Traviata es invitada a participar regularmente en la programaci\u00f3n de dicho teatro actuando en Traviata, Madame Butterfly, Elektra, La Fiamma, Dame de Pique, Lohengrin, [&hellip;]\" \/>\n<meta property=\"og:url\" content=\"https:\/\/cameratasantcugat.com\/es\/profesorado\/\" \/>\n<meta property=\"og:site_name\" content=\"Camerata Sant Cugat\" \/>\n<meta property=\"article:publisher\" content=\"https:\/\/www.facebook.com\/profile.php?id=100063762751473\" \/>\n<meta property=\"article:modified_time\" content=\"2023-04-25T10:25:16+00:00\" \/>\n<meta name=\"twitter:card\" content=\"summary_large_image\" \/>\n<meta name=\"twitter:label1\" content=\"Tiempo de lectura\" \/>\n\t<meta name=\"twitter:data1\" content=\"34 minutos\" \/>\n<script type=\"application\/ld+json\" class=\"yoast-schema-graph\">{\"@context\":\"https:\/\/schema.org\",\"@graph\":[{\"@type\":\"WebPage\",\"@id\":\"https:\/\/cameratasantcugat.com\/es\/profesorado\/\",\"url\":\"https:\/\/cameratasantcugat.com\/es\/profesorado\/\",\"name\":\"Profesorado - Camerata Sant Cugat\",\"isPartOf\":{\"@id\":\"http:\/\/cameratasantcugat.com\/es\/#website\"},\"datePublished\":\"2023-04-14T15:18:50+00:00\",\"dateModified\":\"2023-04-25T10:25:16+00:00\",\"breadcrumb\":{\"@id\":\"https:\/\/cameratasantcugat.com\/es\/profesorado\/#breadcrumb\"},\"inLanguage\":\"es\",\"potentialAction\":[{\"@type\":\"ReadAction\",\"target\":[\"https:\/\/cameratasantcugat.com\/es\/profesorado\/\"]}]},{\"@type\":\"BreadcrumbList\",\"@id\":\"https:\/\/cameratasantcugat.com\/es\/profesorado\/#breadcrumb\",\"itemListElement\":[{\"@type\":\"ListItem\",\"position\":1,\"name\":\"Inici\",\"item\":\"https:\/\/cameratasantcugat.com\/es\/\"},{\"@type\":\"ListItem\",\"position\":2,\"name\":\"Profesorado\"}]},{\"@type\":\"WebSite\",\"@id\":\"http:\/\/cameratasantcugat.com\/es\/#website\",\"url\":\"http:\/\/cameratasantcugat.com\/es\/\",\"name\":\"Camerata Sant Cugat\",\"description\":\"Curs Internacional de Cant\",\"publisher\":{\"@id\":\"http:\/\/cameratasantcugat.com\/es\/#organization\"},\"potentialAction\":[{\"@type\":\"SearchAction\",\"target\":{\"@type\":\"EntryPoint\",\"urlTemplate\":\"http:\/\/cameratasantcugat.com\/es\/?s={search_term_string}\"},\"query-input\":\"required name=search_term_string\"}],\"inLanguage\":\"es\"},{\"@type\":\"Organization\",\"@id\":\"http:\/\/cameratasantcugat.com\/es\/#organization\",\"name\":\"Camerata Sant Cugat\",\"url\":\"http:\/\/cameratasantcugat.com\/es\/\",\"logo\":{\"@type\":\"ImageObject\",\"inLanguage\":\"es\",\"@id\":\"http:\/\/cameratasantcugat.com\/es\/#\/schema\/logo\/image\/\",\"url\":\"https:\/\/cameratasantcugat.com\/wp-content\/uploads\/2023\/03\/logo-camerata.png\",\"contentUrl\":\"https:\/\/cameratasantcugat.com\/wp-content\/uploads\/2023\/03\/logo-camerata.png\",\"width\":316,\"height\":74,\"caption\":\"Camerata Sant Cugat\"},\"image\":{\"@id\":\"http:\/\/cameratasantcugat.com\/es\/#\/schema\/logo\/image\/\"},\"sameAs\":[\"https:\/\/www.facebook.com\/profile.php?id=100063762751473\",\"https:\/\/www.instagram.com\/cameratastcugat\/\"]}]}<\/script>\n<!-- \/ Yoast SEO plugin. -->","yoast_head_json":{"title":"Profesorado - Camerata Sant Cugat","robots":{"index":"index","follow":"follow","max-snippet":"max-snippet:-1","max-image-preview":"max-image-preview:large","max-video-preview":"max-video-preview:-1"},"canonical":"https:\/\/cameratasantcugat.com\/es\/profesorado\/","og_locale":"es_ES","og_type":"article","og_title":"Profesorado - Camerata Sant Cugat","og_description":"\u2190 vuelve a la p\u00e1gina del curso de cantoEl profesorado del cursoMasters del cursoFrancesca Roig, mezzosopranoDesde su debut en el Gran Teatre del Liceu la temporada 79\/80 con Rigoletto y La Traviata es invitada a participar regularmente en la programaci\u00f3n de dicho teatro actuando en Traviata, Madame Butterfly, Elektra, La Fiamma, Dame de Pique, Lohengrin, [&hellip;]","og_url":"https:\/\/cameratasantcugat.com\/es\/profesorado\/","og_site_name":"Camerata Sant Cugat","article_publisher":"https:\/\/www.facebook.com\/profile.php?id=100063762751473","article_modified_time":"2023-04-25T10:25:16+00:00","twitter_card":"summary_large_image","twitter_misc":{"Tiempo de lectura":"34 minutos"},"schema":{"@context":"https:\/\/schema.org","@graph":[{"@type":"WebPage","@id":"https:\/\/cameratasantcugat.com\/es\/profesorado\/","url":"https:\/\/cameratasantcugat.com\/es\/profesorado\/","name":"Profesorado - Camerata Sant Cugat","isPartOf":{"@id":"http:\/\/cameratasantcugat.com\/es\/#website"},"datePublished":"2023-04-14T15:18:50+00:00","dateModified":"2023-04-25T10:25:16+00:00","breadcrumb":{"@id":"https:\/\/cameratasantcugat.com\/es\/profesorado\/#breadcrumb"},"inLanguage":"es","potentialAction":[{"@type":"ReadAction","target":["https:\/\/cameratasantcugat.com\/es\/profesorado\/"]}]},{"@type":"BreadcrumbList","@id":"https:\/\/cameratasantcugat.com\/es\/profesorado\/#breadcrumb","itemListElement":[{"@type":"ListItem","position":1,"name":"Inici","item":"https:\/\/cameratasantcugat.com\/es\/"},{"@type":"ListItem","position":2,"name":"Profesorado"}]},{"@type":"WebSite","@id":"http:\/\/cameratasantcugat.com\/es\/#website","url":"http:\/\/cameratasantcugat.com\/es\/","name":"Camerata Sant Cugat","description":"Curs Internacional de Cant","publisher":{"@id":"http:\/\/cameratasantcugat.com\/es\/#organization"},"potentialAction":[{"@type":"SearchAction","target":{"@type":"EntryPoint","urlTemplate":"http:\/\/cameratasantcugat.com\/es\/?s={search_term_string}"},"query-input":"required name=search_term_string"}],"inLanguage":"es"},{"@type":"Organization","@id":"http:\/\/cameratasantcugat.com\/es\/#organization","name":"Camerata Sant Cugat","url":"http:\/\/cameratasantcugat.com\/es\/","logo":{"@type":"ImageObject","inLanguage":"es","@id":"http:\/\/cameratasantcugat.com\/es\/#\/schema\/logo\/image\/","url":"https:\/\/cameratasantcugat.com\/wp-content\/uploads\/2023\/03\/logo-camerata.png","contentUrl":"https:\/\/cameratasantcugat.com\/wp-content\/uploads\/2023\/03\/logo-camerata.png","width":316,"height":74,"caption":"Camerata Sant Cugat"},"image":{"@id":"http:\/\/cameratasantcugat.com\/es\/#\/schema\/logo\/image\/"},"sameAs":["https:\/\/www.facebook.com\/profile.php?id=100063762751473","https:\/\/www.instagram.com\/cameratastcugat\/"]}]}},"_links":{"self":[{"href":"https:\/\/cameratasantcugat.com\/es\/wp-json\/wp\/v2\/pages\/477","targetHints":{"allow":["GET"]}}],"collection":[{"href":"https:\/\/cameratasantcugat.com\/es\/wp-json\/wp\/v2\/pages"}],"about":[{"href":"https:\/\/cameratasantcugat.com\/es\/wp-json\/wp\/v2\/types\/page"}],"author":[{"embeddable":true,"href":"https:\/\/cameratasantcugat.com\/es\/wp-json\/wp\/v2\/users\/1"}],"replies":[{"embeddable":true,"href":"https:\/\/cameratasantcugat.com\/es\/wp-json\/wp\/v2\/comments?post=477"}],"version-history":[{"count":10,"href":"https:\/\/cameratasantcugat.com\/es\/wp-json\/wp\/v2\/pages\/477\/revisions"}],"predecessor-version":[{"id":519,"href":"https:\/\/cameratasantcugat.com\/es\/wp-json\/wp\/v2\/pages\/477\/revisions\/519"}],"wp:attachment":[{"href":"https:\/\/cameratasantcugat.com\/es\/wp-json\/wp\/v2\/media?parent=477"}],"curies":[{"name":"wp","href":"https:\/\/api.w.org\/{rel}","templated":true}]}}