{"id":461,"date":"2023-03-23T16:36:50","date_gmt":"2023-03-23T16:36:50","guid":{"rendered":"https:\/\/cameratasantcugat.com\/curso-internacional-de-canto-de-camerata-sant-cugat\/"},"modified":"2024-05-15T15:37:49","modified_gmt":"2024-05-15T15:37:49","slug":"curso-internacional-de-canto-de-camerata-sant-cugat","status":"publish","type":"page","link":"https:\/\/cameratasantcugat.com\/es\/","title":{"rendered":"Curso internacional de canto de Camerata Sant Cugat"},"content":{"rendered":"<p>[et_pb_section fb_built=\u00bb1&#8243; custom_padding_last_edited=\u00bbon|phone\u00bb admin_label=\u00bbHeader\u00bb _builder_version=\u00bb4.20.2&#8243; _module_preset=\u00bbdefault\u00bb background_color=\u00bb#000000&#8243; use_background_color_gradient=\u00bbon\u00bb background_color_gradient_type=\u00bbconic\u00bb background_color_gradient_direction=\u00bb132deg\u00bb background_color_gradient_direction_radial=\u00bbbottom right\u00bb background_color_gradient_stops=\u00bb#00205b 0%|rgba(255,255,255,0) 65%\u00bb background_color_gradient_overlays_image=\u00bbon\u00bb background_image=\u00bbhttps:\/\/cameratasantcugat.com\/wp-content\/uploads\/2023\/03\/valentino-funghi-VRr9a2rOoBI-unsplash-scaled.jpg\u00bb parallax=\u00bbon\u00bb min_height=\u00bb641.4px\u00bb overflow-x=\u00bbhidden\u00bb overflow-y=\u00bbhidden\u00bb custom_padding=\u00bb8px|0px|3px||false|false\u00bb custom_padding_tablet=\u00bb40px||||false|false\u00bb custom_padding_phone=\u00bb40px||||false|false\u00bb collapsed=\u00bbon\u00bb global_colors_info=\u00bb{%22gcid-1bcf785a-50e1-437b-b09f-65567babc1de%22:%91%22background_color_gradient_stops%22%93}\u00bb][et_pb_row _builder_version=\u00bb4.20.4&#8243; _module_preset=\u00bbdefault\u00bb width_tablet=\u00bb\u00bb width_phone=\u00bb90%\u00bb width_last_edited=\u00bbon|phone\u00bb max_width=\u00bb1200px\u00bb custom_margin=\u00bb30px|auto|42px|auto||\u00bb global_colors_info=\u00bb{}\u00bb][et_pb_column type=\u00bb4_4&#8243; _builder_version=\u00bb4.19.5&#8243; _module_preset=\u00bbdefault\u00bb z_index=\u00bb10&#8243; global_colors_info=\u00bb{}\u00bb][et_pb_text _builder_version=\u00bb4.20.4&#8243; _module_preset=\u00bb70344b5f-e5bc-4edd-9156-dd6f90b7d49b\u00bb header_font=\u00bbAbhaya Libre|800|||||||\u00bb header_text_color=\u00bb#FFFFFF\u00bb header_font_size=\u00bb100px\u00bb custom_margin=\u00bb||10px||false|false\u00bb custom_padding=\u00bb|10px||0px||\u00bb header_font_size_tablet=\u00bb50px\u00bb header_font_size_phone=\u00bb40px\u00bb header_font_size_last_edited=\u00bbon|phone\u00bb locked=\u00bboff\u00bb global_colors_info=\u00bb{}\u00bb]<\/p>\n<h1>XVIII Curso<br \/>Internacional<br \/>de Canto Camerata<br \/>Sant Cugat<\/h1>\n<p>[\/et_pb_text][et_pb_text _builder_version=\u00bb4.20.4&#8243; _module_preset=\u00bb70344b5f-e5bc-4edd-9156-dd6f90b7d49b\u00bb text_font=\u00bbAbhaya Libre|800|||||||\u00bb text_text_color=\u00bb#ffffff\u00bb text_font_size=\u00bb34px\u00bb text_line_height=\u00bb1em\u00bb header_font=\u00bbAbhaya Libre|700|||||||\u00bb header_font_size=\u00bb36px\u00bb header_line_height=\u00bb0.9em\u00bb width=\u00bb90%\u00bb custom_margin=\u00bb4px||10px||false|false\u00bb custom_padding=\u00bb|0px||0px||\u00bb text_font_size_tablet=\u00bb34px\u00bb text_font_size_phone=\u00bb34px\u00bb text_font_size_last_edited=\u00bbon|phone\u00bb header_font_size_tablet=\u00bb40px\u00bb header_font_size_phone=\u00bb24px\u00bb header_font_size_last_edited=\u00bbon|desktop\u00bb locked=\u00bboff\u00bb global_colors_info=\u00bb{}\u00bb]<\/p>\n<p>Formaci\u00f3n integral de la voz profesional<\/p>\n<p>[\/et_pb_text][et_pb_text _builder_version=\u00bb4.20.4&#8243; _module_preset=\u00bbc59f59cf-3261-49fe-bbf0-3e417c0152c6&#8243; text_font=\u00bbManrope||||||||\u00bb text_text_color=\u00bbrgba(255,255,255,0.75)\u00bb text_font_size=\u00bb20px\u00bb text_line_height=\u00bb1.2em\u00bb max_width=\u00bb580px\u00bb custom_margin=\u00bb-8px|||||\u00bb text_font_size_tablet=\u00bb18px\u00bb text_font_size_phone=\u00bb18px\u00bb text_font_size_last_edited=\u00bbon|phone\u00bb header_font_size_tablet=\u00bb55px\u00bb header_font_size_last_edited=\u00bboff|desktop\u00bb global_colors_info=\u00bb{}\u00bb]<\/p>\n<p style=\"text-align: justify;\">El Curso internacional de canto de Camerata Sant Cugat celebra su decimoctava edici\u00f3n con un programa de conciertos, actividades y talleres que tendr\u00e1 lugar en Sant Cugat del 8 al 13 de julio de 2024<\/p>\n<p>[\/et_pb_text][et_pb_text _builder_version=\u00bb4.21.0&#8243; _module_preset=\u00bb70344b5f-e5bc-4edd-9156-dd6f90b7d49b\u00bb text_font=\u00bbAbhaya Libre|800|||||||\u00bb text_text_color=\u00bb#ffffff\u00bb text_font_size=\u00bb34px\u00bb text_line_height=\u00bb1em\u00bb header_font=\u00bbAbhaya Libre|700|||||||\u00bb header_font_size=\u00bb36px\u00bb header_line_height=\u00bb0.9em\u00bb background_color=\u00bb#D3AC00&#8243; width=\u00bb90%\u00bb custom_margin=\u00bb4px||10px||false|false\u00bb custom_padding=\u00bb10px|10px|10px|10px|true|true\u00bb text_font_size_tablet=\u00bb34px\u00bb text_font_size_phone=\u00bb34px\u00bb text_font_size_last_edited=\u00bbon|phone\u00bb header_font_size_tablet=\u00bb40px\u00bb header_font_size_phone=\u00bb24px\u00bb header_font_size_last_edited=\u00bbon|desktop\u00bb border_radii=\u00bbon|20px|20px|20px|20px\u00bb locked=\u00bboff\u00bb global_colors_info=\u00bb{}\u00bb]<\/p>\n<p>Reserva tu plaza enviando un mail a <a href=\"mailto:julia.salvador@cameratasantcugat.com\">julia.salvador@cameratasantcugat.com<\/a><br \/>Iremos publicando toda la informaci\u00f3n del curso en la p\u00e1gina web y en los perfiles de <a href=\"https:\/\/www.instagram.com\/cameratastcugat\/\" target=\"_blank\" rel=\"noopener\">Instagram<\/a> y <a href=\"https:\/\/www.facebook.com\/profile.php?id=100063762751473\" target=\"_blank\" rel=\"noopener\">Facebook<\/a> de Camerata<\/p>\n<p>[\/et_pb_text][et_pb_button button_url=\u00bbhttps:\/\/cameratasantcugat.com\/es\/#formulari\u00bb button_text=\u00bbInscr\u00edbete al curso\u00bb button_alignment=\u00bbcenter\u00bb disabled_on=\u00bboff|off|off\u00bb _builder_version=\u00bb4.23&#8243; _module_preset=\u00bb6f711e99-999a-447f-b424-525fd9dafbc5&#8243; custom_button=\u00bbon\u00bb button_text_size=\u00bb20px\u00bb button_text_color=\u00bb#FFFFFF\u00bb button_bg_color=\u00bb#d3ac00&#8243; button_border_width=\u00bb0px\u00bb button_border_radius=\u00bb15px\u00bb button_font=\u00bbManrope||||||||\u00bb button_use_icon=\u00bboff\u00bb custom_margin=\u00bb|||-2px||\u00bb custom_padding=\u00bb4px|24px|4px|24px|true|true\u00bb locked=\u00bboff\u00bb global_colors_info=\u00bb{%22gcid-714b9843-c3e2-4fdc-916a-785e28b7a70d%22:%91%22button_bg_color%22%93}\u00bb button_bg_color__hover=\u00bbrgba(211,172,0,0.84)\u00bb button_bg_color__hover_enabled=\u00bbon|hover\u00bb][\/et_pb_button][\/et_pb_column][\/et_pb_row][\/et_pb_section][et_pb_section fb_built=\u00bb1&#8243; admin_label=\u00bbFeatures\u00bb _builder_version=\u00bb4.20.4&#8243; _module_preset=\u00bbdefault\u00bb background_color=\u00bbrgba(15,1,34,0)\u00bb background_enable_image=\u00bboff\u00bb background_size=\u00bbinitial\u00bb background_position=\u00bbtop_center\u00bb custom_margin=\u00bb||||false|false\u00bb custom_padding=\u00bb60px||1px||false|false\u00bb collapsed=\u00bbon\u00bb global_colors_info=\u00bb{}\u00bb][et_pb_row _builder_version=\u00bb4.20.4&#8243; _module_preset=\u00bbdefault\u00bb max_width=\u00bb1200px\u00bb custom_margin=\u00bb||||false|false\u00bb custom_padding=\u00bb||||false|false\u00bb global_colors_info=\u00bb{}\u00bb][et_pb_column type=\u00bb4_4&#8243; _builder_version=\u00bb4.20.4&#8243; _module_preset=\u00bbdefault\u00bb global_colors_info=\u00bb{}\u00bb][et_pb_text _builder_version=\u00bb4.20.4&#8243; _module_preset=\u00bbd99b4c32-71c7-45df-aba2-1e7f3033feb5&#8243; text_font=\u00bbAbhaya Libre|800|||||||\u00bb text_font_size=\u00bb60px\u00bb text_line_height=\u00bb1.5em\u00bb header_2_font=\u00bbAbhaya Libre|800|||||||\u00bb header_2_text_color=\u00bb#FFFFFF\u00bb header_2_font_size=\u00bb72px\u00bb header_2_line_height=\u00bb1.2em\u00bb custom_margin=\u00bb||-4px||false|false\u00bb text_font_size_tablet=\u00bb60px\u00bb text_font_size_phone=\u00bb50px\u00bb text_font_size_last_edited=\u00bbon|phone\u00bb header_2_font_size_tablet=\u00bb32px\u00bb header_2_font_size_phone=\u00bb20px\u00bb header_2_font_size_last_edited=\u00bbon|desktop\u00bb global_colors_info=\u00bb{}\u00bb]<\/p>\n<p><span style=\"color: #af0b43;\">El curso<\/span><\/p>\n<p>[\/et_pb_text][et_pb_text _builder_version=\u00bb4.20.4&#8243; _module_preset=\u00bbc59f59cf-3261-49fe-bbf0-3e417c0152c6&#8243; text_font=\u00bbManrope||||||||\u00bb text_text_color=\u00bb#1D5288&#8243; text_font_size=\u00bb18px\u00bb text_line_height=\u00bb1.8em\u00bb text_orientation=\u00bbjustified\u00bb text_font_size_tablet=\u00bb18px\u00bb text_font_size_phone=\u00bb18px\u00bb text_font_size_last_edited=\u00bbon|phone\u00bb global_colors_info=\u00bb{}\u00bb]<\/p>\n<p style=\"text-align: justify;\">Desde el a\u00f1o 2004, Camerata Sant Cugat organiza el Curso Internacional de Canto. Durante estos a\u00f1os el curso se ha consolidado como referente en el mundo de la ense\u00f1anza vocal y el canto l\u00edrico en particular. El evento est\u00e1 asociado a la ciudad de Sant Cugat y a dos de sus edificios m\u00e1s emblem\u00e1ticos: la Escuela Municipal de M\u00fasica Victoria de los \u00c1ngeles y el claustro del Monasterio de Sant Cugat del Vall\u00e8s. Durante estos 16 a\u00f1os han pasado por el curso m\u00e1s de 270 alumnos activos provenientes de 14 pa\u00edses distintos.<\/p>\n<p>[\/et_pb_text][et_pb_text disabled_on=\u00bbon|on|on\u00bb _builder_version=\u00bb4.21.0&#8243; _module_preset=\u00bbc59f59cf-3261-49fe-bbf0-3e417c0152c6&#8243; text_font=\u00bbManrope||||||||\u00bb text_text_color=\u00bb#1D5288&#8243; text_font_size=\u00bb18px\u00bb text_line_height=\u00bb1.8em\u00bb text_orientation=\u00bbjustified\u00bb text_font_size_tablet=\u00bb18px\u00bb text_font_size_phone=\u00bb18px\u00bb text_font_size_last_edited=\u00bbon|phone\u00bb disabled=\u00bbon\u00bb global_colors_info=\u00bb{}\u00bb]<\/p>\n<p style=\"text-align: justify;\">Este a\u00f1o celebramos la decimos\u00e9ptima edici\u00f3n del CIC organizado por Camerata Sant Cugat, con la colaboraci\u00f3n del ayuntamiento de Sant Cugat del Vall\u00e9s, el Conservatorio de M\u00fasica Victoria de los \u00c1ngeles, Fundaci\u00f3n Jaume Aragall, Amigos de la \u00d3pera de Sabadell y Apropera Association.<\/p>\n<p>[\/et_pb_text][\/et_pb_column][\/et_pb_row][et_pb_row column_structure=\u00bb1_3,1_3,1_3&#8243; use_custom_gutter=\u00bbon\u00bb gutter_width=\u00bb2&#8243; _builder_version=\u00bb4.20.4&#8243; _module_preset=\u00bbdefault\u00bb max_width=\u00bb1200px\u00bb custom_margin=\u00bb||||false|false\u00bb custom_padding=\u00bb||||false|false\u00bb global_colors_info=\u00bb{}\u00bb][et_pb_column type=\u00bb1_3&#8243; _builder_version=\u00bb4.20.4&#8243; _module_preset=\u00bbdefault\u00bb global_colors_info=\u00bb{}\u00bb][et_pb_icon font_icon=\u00bb&#xf073;||fa||900&#8243; icon_color=\u00bb#AF0B43&#8243; icon_width=\u00bb35px\u00bb align=\u00bbleft\u00bb _builder_version=\u00bb4.20.4&#8243; _module_preset=\u00bbdefault\u00bb custom_margin=\u00bb||0px|||\u00bb custom_padding=\u00bb||13px|||\u00bb global_colors_info=\u00bb{}\u00bb][\/et_pb_icon][et_pb_text _builder_version=\u00bb4.20.4&#8243; _module_preset=\u00bbdefault\u00bb text_font=\u00bbAbhaya Libre|800|||||||\u00bb text_text_color=\u00bb#1D5288&#8243; text_font_size=\u00bb40px\u00bb custom_padding=\u00bb10px||||false|false\u00bb text_font_size_tablet=\u00bb40px\u00bb text_font_size_phone=\u00bb32px\u00bb text_font_size_last_edited=\u00bbon|phone\u00bb global_colors_info=\u00bb{}\u00bb]<\/p>\n<p>Fechas<\/p>\n<p>[\/et_pb_text][et_pb_text _builder_version=\u00bb4.21.0&#8243; _module_preset=\u00bbc59f59cf-3261-49fe-bbf0-3e417c0152c6&#8243; text_font=\u00bbManrope||||||||\u00bb text_text_color=\u00bb#1D5288&#8243; text_font_size=\u00bb18px\u00bb text_line_height=\u00bb1.8em\u00bb text_orientation=\u00bbjustified\u00bb text_font_size_tablet=\u00bb18px\u00bb text_font_size_phone=\u00bb18px\u00bb text_font_size_last_edited=\u00bbon|phone\u00bb global_colors_info=\u00bb{}\u00bb]<\/p>\n<p>Del 8 al 13 de julio, de 2023<\/p>\n<p>[\/et_pb_text][\/et_pb_column][et_pb_column type=\u00bb1_3&#8243; _builder_version=\u00bb4.20.4&#8243; _module_preset=\u00bbdefault\u00bb custom_padding_tablet=\u00bb||||false|false\u00bb custom_padding_phone=\u00bb||||false|false\u00bb custom_padding_last_edited=\u00bbon|tablet\u00bb global_colors_info=\u00bb{}\u00bb][et_pb_icon font_icon=\u00bb&#xf1ab;||fa||900&#8243; icon_color=\u00bb#AF0B43&#8243; icon_width=\u00bb52px\u00bb align=\u00bbleft\u00bb _builder_version=\u00bb4.20.4&#8243; _module_preset=\u00bbdefault\u00bb custom_margin=\u00bb||-2px|||\u00bb global_colors_info=\u00bb{}\u00bb][\/et_pb_icon][et_pb_text _builder_version=\u00bb4.20.4&#8243; _module_preset=\u00bbdefault\u00bb text_font=\u00bbAbhaya Libre|800|||||||\u00bb text_text_color=\u00bb#1D5288&#8243; text_font_size=\u00bb40px\u00bb custom_padding=\u00bb10px||||false|false\u00bb text_font_size_tablet=\u00bb40px\u00bb text_font_size_phone=\u00bb32px\u00bb text_font_size_last_edited=\u00bbon|phone\u00bb global_colors_info=\u00bb{}\u00bb]<\/p>\n<p>Lenguas oficiales<\/p>\n<p>[\/et_pb_text][et_pb_text _builder_version=\u00bb4.20.2&#8243; _module_preset=\u00bbc59f59cf-3261-49fe-bbf0-3e417c0152c6&#8243; text_font=\u00bbManrope||||||||\u00bb text_text_color=\u00bb#1D5288&#8243; text_font_size=\u00bb18px\u00bb text_line_height=\u00bb1.8em\u00bb text_orientation=\u00bbjustified\u00bb text_font_size_tablet=\u00bb18px\u00bb text_font_size_phone=\u00bb18px\u00bb text_font_size_last_edited=\u00bbon|phone\u00bb global_colors_info=\u00bb{}\u00bb]<\/p>\n<p>Catal\u00e1n, Castellano e Ingl\u00e9s.<br \/>Tambi\u00e9n se habla Italiano y Franc\u00e9s.<\/p>\n<p>[\/et_pb_text][\/et_pb_column][et_pb_column type=\u00bb1_3&#8243; _builder_version=\u00bb4.20.4&#8243; _module_preset=\u00bbdefault\u00bb global_colors_info=\u00bb{}\u00bb][et_pb_icon font_icon=\u00bb&#xf3c5;||fa||900&#8243; icon_color=\u00bb#AF0B43&#8243; icon_width=\u00bb40px\u00bb align=\u00bbleft\u00bb _builder_version=\u00bb4.20.4&#8243; _module_preset=\u00bbdefault\u00bb custom_margin=\u00bb||8px|||\u00bb global_colors_info=\u00bb{}\u00bb][\/et_pb_icon][et_pb_text _builder_version=\u00bb4.20.4&#8243; _module_preset=\u00bbdefault\u00bb text_font=\u00bbAbhaya Libre|800|||||||\u00bb text_text_color=\u00bb#1D5288&#8243; text_font_size=\u00bb40px\u00bb custom_padding=\u00bb10px||||false|false\u00bb text_font_size_tablet=\u00bb40px\u00bb text_font_size_phone=\u00bb32px\u00bb text_font_size_last_edited=\u00bbon|phone\u00bb global_colors_info=\u00bb{}\u00bb]<\/p>\n<p>Ubicaci\u00f3n<\/p>\n<p>[\/et_pb_text][et_pb_text _builder_version=\u00bb4.20.2&#8243; _module_preset=\u00bbc59f59cf-3261-49fe-bbf0-3e417c0152c6&#8243; text_font=\u00bbManrope||||||||\u00bb text_text_color=\u00bb#1D5288&#8243; text_font_size=\u00bb18px\u00bb text_line_height=\u00bb1.8em\u00bb text_orientation=\u00bbjustified\u00bb text_font_size_tablet=\u00bb18px\u00bb text_font_size_phone=\u00bb18px\u00bb text_font_size_last_edited=\u00bbon|phone\u00bb global_colors_info=\u00bb{}\u00bb]<\/p>\n<p>Conservatorio de M\u00fasica Victoria de los \u00c1ngeles (EMMVA)<br \/>Plaza del Centro Cultural 1<br \/>Sant Cugat, Barcelona<\/p>\n<p>[\/et_pb_text][\/et_pb_column][\/et_pb_row][\/et_pb_section][et_pb_section fb_built=\u00bb1&#8243; _builder_version=\u00bb4.20.4&#8243; _module_preset=\u00bbdefault\u00bb global_colors_info=\u00bb{}\u00bb][et_pb_row _builder_version=\u00bb4.20.4&#8243; _module_preset=\u00bbdefault\u00bb background_enable_color=\u00bboff\u00bb use_background_color_gradient=\u00bbon\u00bb background_color_gradient_stops=\u00bb#000000 0%|#1d5288 100%\u00bb width=\u00bb100%\u00bb max_width=\u00bb95%\u00bb module_alignment=\u00bbleft\u00bb border_radii=\u00bboff||200px|200px|\u00bb border_radii_tablet=\u00bboff|0px|||0px\u00bb border_radii_phone=\u00bboff|0px|||0px\u00bb border_radii_last_edited=\u00bbon|desktop\u00bb global_colors_info=\u00bb{}\u00bb][et_pb_column type=\u00bb4_4&#8243; _builder_version=\u00bb4.20.4&#8243; _module_preset=\u00bbdefault\u00bb global_colors_info=\u00bb{}\u00bb][et_pb_text _builder_version=\u00bb4.20.4&#8243; _module_preset=\u00bbdefault\u00bb text_font=\u00bbAbhaya Libre|800|||||||\u00bb text_text_color=\u00bb#FFFFFF\u00bb text_font_size=\u00bb40px\u00bb custom_padding=\u00bb2%|||5%|false|false\u00bb text_font_size_tablet=\u00bb40px\u00bb text_font_size_phone=\u00bb32px\u00bb text_font_size_last_edited=\u00bbon|phone\u00bb global_colors_info=\u00bb{}\u00bb]<\/p>\n<p>Camerata Sant Cugat<\/p>\n<p>[\/et_pb_text][et_pb_text _builder_version=\u00bb4.20.4&#8243; _module_preset=\u00bbc59f59cf-3261-49fe-bbf0-3e417c0152c6&#8243; text_font=\u00bbManrope||||||||\u00bb text_text_color=\u00bb#FFFFFF\u00bb text_font_size=\u00bb18px\u00bb text_line_height=\u00bb1.8em\u00bb text_orientation=\u00bbjustified\u00bb custom_padding=\u00bb|5%|2%|5%|false|true\u00bb text_font_size_tablet=\u00bb18px\u00bb text_font_size_phone=\u00bb18px\u00bb text_font_size_last_edited=\u00bbon|phone\u00bb global_colors_info=\u00bb{}\u00bb]<\/p>\n<p>El curso est\u00e1 organizado por Camerata Sant Cugat, una reconocida compa\u00f1\u00eda art\u00edstica cuya finalidad es la promoci\u00f3n de la confluencia de las diferentes disciplinas esc\u00e9nicas, m\u00fasica, danza, teatro y las artes pl\u00e1sticas interpretativas en espect\u00e1culos multidisciplinares.<\/p>\n<p>Camerata promueve la formaci\u00f3n t\u00e9cnica multidisciplinar priorizando el desarrollo de la voz como elemento fundamental de expresi\u00f3n.<\/p>\n<p>La m\u00fasica es el elemento central de las producciones de Camerata Sant Cugat sobre el que se conjugan otras disciplinas con el objetivo de conseguir expansi\u00f3n y encuentro de las formas.<span style=\"font-size: 18px;\"><\/span><\/p>\n<p>[\/et_pb_text][\/et_pb_column][\/et_pb_row][\/et_pb_section][et_pb_section fb_built=\u00bb1&#8243; _builder_version=\u00bb4.20.4&#8243; _module_preset=\u00bbdefault\u00bb custom_padding=\u00bb||0px|||\u00bb global_colors_info=\u00bb{}\u00bb][et_pb_row column_structure=\u00bb1_4,1_4,1_4,1_4&#8243; use_custom_gutter=\u00bbon\u00bb gutter_width=\u00bb1&#8243; make_equal=\u00bbon\u00bb _builder_version=\u00bb4.20.4&#8243; _module_preset=\u00bbdefault\u00bb width=\u00bb100%\u00bb max_width=\u00bb100%\u00bb global_colors_info=\u00bb{}\u00bb][et_pb_column type=\u00bb1_4&#8243; _builder_version=\u00bb4.20.4&#8243; _module_preset=\u00bbdefault\u00bb global_colors_info=\u00bb{}\u00bb][et_pb_image src=\u00bbhttps:\/\/cameratasantcugat.com\/wp-content\/uploads\/2023\/04\/Camerata4.jpg\u00bb title_text=\u00bbCamerata4&#8243; _builder_version=\u00bb4.20.4&#8243; _module_preset=\u00bbdefault\u00bb global_colors_info=\u00bb{}\u00bb][\/et_pb_image][\/et_pb_column][et_pb_column type=\u00bb1_4&#8243; _builder_version=\u00bb4.20.4&#8243; _module_preset=\u00bbdefault\u00bb global_colors_info=\u00bb{}\u00bb][et_pb_image src=\u00bbhttps:\/\/cameratasantcugat.com\/wp-content\/uploads\/2023\/04\/Camerata1.jpg\u00bb title_text=\u00bbCamerata1&#8243; _builder_version=\u00bb4.20.4&#8243; _module_preset=\u00bbdefault\u00bb global_colors_info=\u00bb{}\u00bb][\/et_pb_image][\/et_pb_column][et_pb_column type=\u00bb1_4&#8243; _builder_version=\u00bb4.20.4&#8243; _module_preset=\u00bbdefault\u00bb global_colors_info=\u00bb{}\u00bb][et_pb_image src=\u00bbhttps:\/\/cameratasantcugat.com\/wp-content\/uploads\/2023\/04\/Camerata8.jpg\u00bb title_text=\u00bbCamerata8&#8243; _builder_version=\u00bb4.20.4&#8243; _module_preset=\u00bbdefault\u00bb global_colors_info=\u00bb{}\u00bb][\/et_pb_image][\/et_pb_column][et_pb_column type=\u00bb1_4&#8243; _builder_version=\u00bb4.20.4&#8243; _module_preset=\u00bbdefault\u00bb global_colors_info=\u00bb{}\u00bb][et_pb_image src=\u00bbhttps:\/\/cameratasantcugat.com\/wp-content\/uploads\/2023\/04\/Camerata3.jpg\u00bb title_text=\u00bbCamerata3&#8243; _builder_version=\u00bb4.20.4&#8243; _module_preset=\u00bbdefault\u00bb global_colors_info=\u00bb{}\u00bb][\/et_pb_image][\/et_pb_column][\/et_pb_row][\/et_pb_section][et_pb_section fb_built=\u00bb1&#8243; admin_label=\u00bbAbout\u00bb _builder_version=\u00bb4.20.4&#8243; _module_preset=\u00bbdefault\u00bb background_enable_color=\u00bboff\u00bb custom_margin=\u00bb||||false|false\u00bb custom_padding=\u00bb||||false|false\u00bb collapsed=\u00bbon\u00bb global_colors_info=\u00bb{}\u00bb][et_pb_row column_structure=\u00bb1_2,1_2&#8243; use_custom_gutter=\u00bbon\u00bb gutter_width=\u00bb2&#8243; make_equal=\u00bbon\u00bb _builder_version=\u00bb4.20.4&#8243; _module_preset=\u00bbdefault\u00bb max_width=\u00bb1200px\u00bb custom_padding=\u00bb35px||35px||true|false\u00bb global_colors_info=\u00bb{}\u00bb][et_pb_column type=\u00bb1_2&#8243; _builder_version=\u00bb4.20.4&#8243; _module_preset=\u00bbdefault\u00bb global_colors_info=\u00bb{}\u00bb][et_pb_text _builder_version=\u00bb4.20.4&#8243; _module_preset=\u00bbdefault\u00bb text_font=\u00bbAbhaya Libre|800|||||||\u00bb text_text_color=\u00bb#1D5288&#8243; text_font_size=\u00bb40px\u00bb custom_padding=\u00bb10px||||false|false\u00bb text_font_size_tablet=\u00bb40px\u00bb text_font_size_phone=\u00bb32px\u00bb text_font_size_last_edited=\u00bbon|phone\u00bb global_colors_info=\u00bb{}\u00bb]<\/p>\n<p>Contenido:<\/p>\n<p>[\/et_pb_text][et_pb_text _builder_version=\u00bb4.20.4&#8243; _module_preset=\u00bbdefault\u00bb text_font=\u00bbManrope||||||||\u00bb text_text_color=\u00bb#1D5288&#8243; text_font_size=\u00bb18px\u00bb text_line_height=\u00bb1.8em\u00bb text_orientation=\u00bbjustified\u00bb text_font_size_tablet=\u00bb18px\u00bb text_font_size_phone=\u00bb18px\u00bb text_font_size_last_edited=\u00bbon|phone\u00bb global_colors_info=\u00bb{%22gcid-1bcf785a-50e1-437b-b09f-65567babc1de%22:%91%22text_text_color%22%93}\u00bb]<\/p>\n<p><span style=\"font-weight: 400;\">\u00b7 Clases magistrales de canto<\/span><br \/><span style=\"font-weight: 400;\">\u00b7 Clases individuales de canto <\/span><br \/><span style=\"font-weight: 400;\">\u00b7 Trabajo individual y en grupo con pianista <\/span><br \/><span style=\"font-weight: 400;\">\u00b7 Talleres de respiraci\u00f3n y lenguaje corporal <\/span><br \/><span style=\"font-weight: 400;\">\u00b7 Clases individuales diarias <\/span><span style=\"font-weight: 400;\">de T\u00e8cnica Alexander<\/span><br \/><span style=\"font-weight: 400;\">\u00b7 Sesiones grupales de movimento de <\/span><span style=\"font-weight: 400;\">T\u00e8cnica Alexander<\/span><br \/><span style=\"font-weight: 400;\">\u00b7 Seminarios de interpretaci\u00f3n esc\u00e9nica<\/span><br \/><span style=\"font-weight: 400;\">\u00b7 Conciertos de clausura<\/span><br \/><span style=\"font-weight: 400;\">\u00b7 Talleres de Dramaturgia del Lied y<\/span><span style=\"font-weight: 400;\">Les Cuirasses <\/span><span style=\"font-weight: 400;\">de <\/span><span style=\"font-weight: 400;\">la Voz-M\u00e9todo Akiara<\/span><\/p>\n<p>[\/et_pb_text][\/et_pb_column][et_pb_column type=\u00bb1_2&#8243; _builder_version=\u00bb4.20.4&#8243; _module_preset=\u00bbdefault\u00bb global_colors_info=\u00bb{}\u00bb][et_pb_text _builder_version=\u00bb4.20.4&#8243; _module_preset=\u00bbdefault\u00bb text_font=\u00bbAbhaya Libre|800|||||||\u00bb text_text_color=\u00bb#1D5288&#8243; text_font_size=\u00bb40px\u00bb custom_padding=\u00bb10px||||false|false\u00bb text_font_size_tablet=\u00bb40px\u00bb text_font_size_phone=\u00bb32px\u00bb text_font_size_last_edited=\u00bbon|phone\u00bb global_colors_info=\u00bb{}\u00bb]<\/p>\n<p>Orientado a:<\/p>\n<p>[\/et_pb_text][et_pb_text _builder_version=\u00bb4.20.4&#8243; _module_preset=\u00bbdefault\u00bb text_font=\u00bbManrope||||||||\u00bb text_text_color=\u00bb#1D5288&#8243; text_font_size=\u00bb18px\u00bb text_line_height=\u00bb1.8em\u00bb text_orientation=\u00bbjustified\u00bb text_font_size_tablet=\u00bb18px\u00bb text_font_size_phone=\u00bb18px\u00bb text_font_size_last_edited=\u00bbon|phone\u00bb global_colors_info=\u00bb{%22gcid-1bcf785a-50e1-437b-b09f-65567babc1de%22:%91%22text_text_color%22%93}\u00bb]<\/p>\n<p><span style=\"font-weight: 400;\">\u00b7 Cantantes profesionales<\/span><br \/><span style=\"font-weight: 400;\">\u00b7 Alumnos de canto<\/span><br \/><span style=\"font-weight: 400;\">\u00b7 Directores corales<\/span><br \/><span style=\"font-weight: 400;\">\u00b7 Cantantes corales<\/span><br \/><span style=\"font-weight: 400;\">\u00b7 Profesores profesionales de m\u00fasica<\/span><br \/><span style=\"font-weight: 400;\">\u00b7 Comunicadores orales profesionales<\/span><\/p>\n<p>[\/et_pb_text][\/et_pb_column][\/et_pb_row][et_pb_row disabled_on=\u00bboff|off|off\u00bb _builder_version=\u00bb4.23&#8243; _module_preset=\u00bbdefault\u00bb max_width=\u00bb1200px\u00bb custom_margin=\u00bb0px|auto||auto||\u00bb custom_padding=\u00bb4px|||||\u00bb border_style_all=\u00bbdotted\u00bb global_colors_info=\u00bb{}\u00bb][et_pb_column type=\u00bb4_4&#8243; _builder_version=\u00bb4.20.4&#8243; _module_preset=\u00bbdefault\u00bb global_colors_info=\u00bb{}\u00bb][et_pb_toggle title=\u00bbContenido detallado del curso\u00bb open_toggle_text_color=\u00bb#AF0B43&#8243; open_toggle_background_color=\u00bb#FFFFFF\u00bb closed_toggle_background_color=\u00bb#AF0B43&#8243; icon_color=\u00bb#FFFFFF\u00bb toggle_icon=\u00bb&#x43;||divi||400&#8243; open_icon_color=\u00bb#AF0B43&#8243; open_toggle_icon=\u00bb&#x42;||divi||400&#8243; _builder_version=\u00bb4.20.4&#8243; _module_preset=\u00bbdefault\u00bb title_text_color=\u00bb#FFFFFF\u00bb title_font=\u00bbAbhaya Libre|800|||||||\u00bb title_font_size=\u00bb25px\u00bb closed_title_font_size=\u00bb25px\u00bb body_font=\u00bbManrope|300|||||||\u00bb body_text_color=\u00bb#1D5288&#8243; body_font_size=\u00bb18px\u00bb body_line_height=\u00bb1.4em\u00bb text_orientation=\u00bbjustified\u00bb custom_margin=\u00bb||||false|false\u00bb custom_padding=\u00bb|12px|||false|false\u00bb border_radii=\u00bbon|24px|24px|24px|24px\u00bb border_color_all=\u00bb#AF0B43&#8243; global_colors_info=\u00bb{}\u00bb]<\/p>\n<p><span style=\"font-weight: 400;\">El objetivo del curso es la formaci\u00f3n integral de la voz profesional.<\/span><\/p>\n<p><span style=\"font-weight: 400;\">El curso est\u00e1 orientado de forma multidisciplinar e innovadora a formar al cantante en un sentido global. El incorporar de forma estructurada las diversas t\u00e9cnicas de educaci\u00f3n y reeducaci\u00f3n corporal como la T\u00e9cnica Alexander, respiraci\u00f3n, movimiento, etc combinadas con un programa diario de interpretaci\u00f3n teatral y t\u00e9cnica vocal proporcionan al alumno una capacidad mejorada de autoconciencia de su propia voz.<\/span><\/p>\n<p><span style=\"font-weight: 400;\">El curso ha creado una aproximaci\u00f3n pedag\u00f3gica basada en el principio del soporte, en sentido amplio, como punto de partida de una expresi\u00f3n art\u00edstica libre. El desarrollo de la voz requiere adquirir una t\u00e9cnica lo suficientemente amplia y s\u00f3lida como para que el cantante pueda mejorar su autoconciencia psicof\u00edsica sabiendo que esta conciencia ser\u00e1 el principal sistema de soporte de su instrumento. La calidad de la voz depende del uso correcto de uno mismo y esto pasa por aprender a desarrollar una buena respiraci\u00f3n, una actitud postural equilibrada y din\u00e1mica, un uso adecuado de la tensi\u00f3n justa.<\/span><\/p>\n<p><span style=\"font-weight: 400;\">Paralelamente a este trabajo el alumno debe preparar un repertorio de arias de \u00f3pera, oratorio y lied adecuado a su tesitura y especialidad y practicarlo a lo largo de la semana para mostrar una parte en ambos conciertos finales del viernes y s\u00e1bado. Este repertorio se profundiza principalmente desde cuatro tipos de clases: las de t\u00e9cnica vocal, correpetici\u00f3n con pianista, interpretaci\u00f3n teatral e interpretaci\u00f3n integrada. La calidad art\u00edstica que se quiere potenciar se basa por un lado en la necesidad de preparar de forma consciente y profundizada la dimensi\u00f3n musical de la obra, esto es, la partitura, el texto y el contexto, y resolver sus dificultades vocales , y por otra, de desvelar la capacidad art\u00edstica y teatral para interpretar la obra expresiva y libremente ante el p\u00fablico con una intenci\u00f3n y sentido personales.<\/span><\/p>\n<p>[\/et_pb_toggle][et_pb_toggle title=\u00bbInformaci\u00f3n de la T\u00e9cnica Alexander\u00bb open_toggle_text_color=\u00bb#AF0B43&#8243; open_toggle_background_color=\u00bb#FFFFFF\u00bb closed_toggle_background_color=\u00bb#AF0B43&#8243; icon_color=\u00bb#FFFFFF\u00bb toggle_icon=\u00bb&#x43;||divi||400&#8243; open_icon_color=\u00bb#AF0B43&#8243; open_toggle_icon=\u00bb&#x42;||divi||400&#8243; _builder_version=\u00bb4.20.4&#8243; _module_preset=\u00bbdefault\u00bb title_text_color=\u00bb#FFFFFF\u00bb title_font=\u00bbAbhaya Libre|800|||||||\u00bb title_font_size=\u00bb25px\u00bb closed_title_font_size=\u00bb25px\u00bb body_font=\u00bbManrope|300|||||||\u00bb body_text_color=\u00bb#1D5288&#8243; body_font_size=\u00bb18px\u00bb body_line_height=\u00bb1.4em\u00bb text_orientation=\u00bbjustified\u00bb custom_margin=\u00bb||||false|false\u00bb custom_padding=\u00bb|12px|||false|false\u00bb border_radii=\u00bbon|24px|24px|24px|24px\u00bb border_color_all=\u00bb#AF0B43&#8243; global_colors_info=\u00bb{%22gcid-75be9a51-d920-4024-84ab-2c47a611341d%22:%91%22title_text_color%22%93}\u00bb]<\/p>\n<p><span style=\"font-weight: 400;\">Esta t\u00e9cnica cuenta con cien a\u00f1os de historia y desarrollo. Hoy en d\u00eda, profesionales de la medicina, artistas y deportistas de todo el mundo reconocen su efectividad. En Espa\u00f1a, comienza a utilizarse en varias escuelas y conservatorios. En escuelas extranjeras muy reconocidas, como Guildhall School of Music &amp; Drama (Londres) y Juilliard School (Nueva York), forma parte de los programas formativos de m\u00fasicos, bailarines y actores.<\/span><\/p>\n<p><span style=\"font-weight: 400;\">En las clases de T\u00e9cnica Alexander aprendemos a deshacernos de las tensiones cr\u00f3nicas que, sin saber c\u00f3mo, hemos ido acumulando y que han quedado fijadas en nuestra forma de actuar y de movernos. Es un trabajo individual en el que el profesor ayudar\u00e1 al alumno por medio de un contacto manual suave y de unas instrucciones adecuadas, a utilizar al m\u00e1ximo su capacidad natural para la coordinaci\u00f3n y el equilibrio.<\/span><\/p>\n<p><span style=\"font-weight: 400;\">A menudo, lo que podemos hacer con gracia, sin esfuerzo aparente y fruto de la propia energ\u00eda, acabamos haci\u00e9ndolo con una carga excesiva de tensi\u00f3n, o haciendo un gran esfuerzo contra la pereza. De alguna forma rompemos el equilibrio.<\/span><\/p>\n<p><span style=\"font-weight: 400;\">Tenemos gran parte de responsabilidad sobre nuestra salud. De hecho, existen factores que influyen en nuestro estado f\u00edsico y mental que est\u00e1n bajo nuestro control. Siempre podemos aprender a hacer un mejor uso de nuestras capacidades.<\/span><\/p>\n<p><span style=\"font-weight: 400;\">La t\u00e9cnica Alexander nos permite precisamente hacerlo de forma sistem\u00e1tica, pr\u00e1ctica y concreta. El profesor ayuda al alumno a sentir con mayor claridad y conciencia la unidad psicof\u00edsica propia. Aprendemos paulatinamente a reconocer y promover esta unidad. Aprendemos a apreciar mejor el papel que juegan la actitud y predisposici\u00f3n mental a la hora de determinar la condici\u00f3n f\u00edsica en la que nos encontramos, y aprendemos a desarrollar una organizaci\u00f3n neuromuscular m\u00e1s eficiente.<\/span><span style=\"font-size: 18px;\"> <\/span><\/p>\n<p><span style=\"font-weight: 400;\">Para m\u00e1s informaci\u00f3n consulte la web de nuestra profesora <span style=\"color: #af0b43;\"><a href=\"https:\/\/aptae.net\/ca\/profesor\/nica-gimeno\/%20\" style=\"color: #af0b43;\">Nica Gimeno<\/a>.<\/span><\/span><\/p>\n<p>&nbsp;<\/p>\n<p>[\/et_pb_toggle][\/et_pb_column][\/et_pb_row][et_pb_row _builder_version=\u00bb4.20.4&#8243; _module_preset=\u00bbdefault\u00bb max_width=\u00bb1200px\u00bb custom_margin=\u00bb||||false|false\u00bb custom_padding=\u00bb||||false|false\u00bb locked=\u00bboff\u00bb global_colors_info=\u00bb{}\u00bb][et_pb_column type=\u00bb4_4&#8243; _builder_version=\u00bb4.19.2&#8243; _module_preset=\u00bbdefault\u00bb global_colors_info=\u00bb{}\u00bb][et_pb_text _builder_version=\u00bb4.20.4&#8243; _module_preset=\u00bbdefault\u00bb text_font=\u00bbAbhaya Libre|800|||||||\u00bb text_text_color=\u00bb#1D5288&#8243; text_font_size=\u00bb40px\u00bb custom_padding=\u00bb10px||||false|false\u00bb text_font_size_tablet=\u00bb40px\u00bb text_font_size_phone=\u00bb32px\u00bb text_font_size_last_edited=\u00bbon|phone\u00bb global_colors_info=\u00bb{}\u00bb]<\/p>\n<p>Niveles y organitzaci\u00f3n:<\/p>\n<p>[\/et_pb_text][et_pb_text _builder_version=\u00bb4.20.4&#8243; _module_preset=\u00bbc59f59cf-3261-49fe-bbf0-3e417c0152c6&#8243; text_font=\u00bbManrope||||||||\u00bb text_text_color=\u00bb#1D5288&#8243; text_font_size=\u00bb18px\u00bb text_line_height=\u00bb1.8em\u00bb text_orientation=\u00bbjustified\u00bb text_font_size_tablet=\u00bb18px\u00bb text_font_size_phone=\u00bb18px\u00bb text_font_size_last_edited=\u00bbon|phone\u00bb global_colors_info=\u00bb{%22gcid-1bcf785a-50e1-437b-b09f-65567babc1de%22:%91%22text_text_color%22%93}\u00bb]<\/p>\n<p><span style=\"font-weight: 400;\">El curso est\u00e1 dise\u00f1ado para estudiantes de canto y usuarios profesionales de voz. El programa se ofrece en dos niveles: <\/span><b>formativo<\/b><span style=\"font-weight: 400;\">y<\/span><b>avanzado<\/b><span style=\"font-weight: 400;\">. El curso se basa en actividades orientadas a<\/span> <b> estudiantes activos<\/b><span style=\"font-weight: 400;\">, en las que se permitir\u00e1 la participaci\u00f3n <\/span><b>de estudiantes oyentes.<\/b><span style=\"font-weight: 400;\">. Se programar\u00e1n conferencias abiertas y dos conciertos finales<\/span><\/p>\n<p>[\/et_pb_text][\/et_pb_column][\/et_pb_row][et_pb_row column_structure=\u00bb1_2,1_2&#8243; disabled_on=\u00bbon|on|on\u00bb _builder_version=\u00bb4.21.0&#8243; _module_preset=\u00bbdefault\u00bb max_width=\u00bb1200px\u00bb min_height=\u00bb389.8px\u00bb custom_padding=\u00bb17px|||||\u00bb disabled=\u00bbon\u00bb global_colors_info=\u00bb{}\u00bb][et_pb_column type=\u00bb1_2&#8243; _builder_version=\u00bb4.20.4&#8243; _module_preset=\u00bbdefault\u00bb global_colors_info=\u00bb{}\u00bb][et_pb_text _builder_version=\u00bb4.20.4&#8243; _module_preset=\u00bbdefault\u00bb text_font=\u00bbAbhaya Libre|800|||||||\u00bb text_text_color=\u00bb#1D5288&#8243; text_font_size=\u00bb40px\u00bb custom_padding=\u00bb10px||||false|false\u00bb text_font_size_tablet=\u00bb40px\u00bb text_font_size_phone=\u00bb32px\u00bb text_font_size_last_edited=\u00bbon|phone\u00bb global_colors_info=\u00bb{}\u00bb]<\/p>\n<p>Fechas y horarios:<\/p>\n<p>[\/et_pb_text][et_pb_text _builder_version=\u00bb4.20.4&#8243; _module_preset=\u00bb9f639955-9590-48e4-805c-fb7483a610f0&#8243; text_font=\u00bbManrope|300|||||||\u00bb text_text_color=\u00bb#1D5288&#8243; text_font_size=\u00bb18px\u00bb text_line_height=\u00bb1.8em\u00bb text_orientation=\u00bbjustified\u00bb text_font_size_tablet=\u00bb18px\u00bb text_font_size_phone=\u00bb18px\u00bb text_font_size_last_edited=\u00bbon|phone\u00bb global_colors_info=\u00bb{%22gcid-1bcf785a-50e1-437b-b09f-65567babc1de%22:%91%22text_text_color%22%93}\u00bb]<\/p>\n<p><strong>Del 3 al 8 de julio, de 2023.<\/strong><\/p>\n<p>De <strong>lunes a jueves<\/strong> de 9:30 a 14h y de 15:30 a 19h.<br \/><strong>Mi\u00e9rcoles ma\u00f1ana,<\/strong> taller de Dramaturgia del Lied, de 10:30 a 13h<br \/><strong>Viernes ma\u00f1ana<\/strong> taller M\u00e9todo Akiara de 10 a 13h<br \/><strong><\/strong><strong>El viernes tarde<\/strong> <strong>ensayo<\/strong> para el concierto de la tarde. <strong>Concierto a las 18h.<br \/><\/strong><strong>S\u00e1bado ma\u00f1ana libre.<\/strong><br \/><strong>Tarde 17:30h ensayo<\/strong> y prueba por el concierto final. <strong>20h concierto\/concurso final en el Aula Magna del Conservatorio.<\/strong><\/p>\n<p>[\/et_pb_text][\/et_pb_column][et_pb_column type=\u00bb1_2&#8243; _builder_version=\u00bb4.20.4&#8243; _module_preset=\u00bbdefault\u00bb global_colors_info=\u00bb{}\u00bb][et_pb_text _builder_version=\u00bb4.20.4&#8243; _module_preset=\u00bbdefault\u00bb text_font=\u00bbAbhaya Libre|800|||||||\u00bb text_text_color=\u00bb#1D5288&#8243; text_font_size=\u00bb40px\u00bb custom_padding=\u00bb10px||||false|false\u00bb text_font_size_tablet=\u00bb40px\u00bb text_font_size_phone=\u00bb32px\u00bb text_font_size_last_edited=\u00bbon|phone\u00bb global_colors_info=\u00bb{}\u00bb]<\/p>\n<p>Premios de canto:<\/p>\n<p>[\/et_pb_text][et_pb_text _builder_version=\u00bb4.20.4&#8243; _module_preset=\u00bb9f639955-9590-48e4-805c-fb7483a610f0&#8243; text_font=\u00bbManrope|300|||||||\u00bb text_text_color=\u00bb#1D5288&#8243; text_font_size=\u00bb18px\u00bb text_line_height=\u00bb1.8em\u00bb text_orientation=\u00bbjustified\u00bb text_font_size_tablet=\u00bb18px\u00bb text_font_size_phone=\u00bb18px\u00bb text_font_size_last_edited=\u00bbon|phone\u00bb global_colors_info=\u00bb{%22gcid-1bcf785a-50e1-437b-b09f-65567babc1de%22:%91%22text_text_color%22%93}\u00bb]<\/p>\n<p><span style=\"font-weight: 400;\"><strong>Premio Camerata:<\/strong> 600\u20ac<br \/><\/span><strong style=\"font-size: 18px;\">Premio \u00d3pera a Catalu\u00f1a:<\/strong><span style=\"font-size: 18px;\">participaci\u00f3n a la Escuela de \u00d3pera de los Amics de l\u2019\u00d2pera de Sabadell<br \/><\/span><strong style=\"font-size: 18px;\">Premio Fundaci\u00f3n Aragall:<\/strong><span style=\"font-size: 18px;\">participaci\u00f3n a las masterclasses del tenor Jaume Aragall<br \/><\/span><strong style=\"font-size: 18px;\">Premio Associaci\u00f3n Apr\u00f2pera de Sant Cugat:<\/strong><span style=\"font-size: 18px;\"> participaci\u00f3n en actividad de Apr\u00f2pera<\/span><\/p>\n<p><strong><\/strong><\/p>\n<p>[\/et_pb_text][\/et_pb_column][\/et_pb_row][et_pb_row disabled_on=\u00bbon|on|on\u00bb _builder_version=\u00bb4.21.0&#8243; _module_preset=\u00bbdefault\u00bb max_width=\u00bb1200px\u00bb custom_padding=\u00bb17px||27px|||\u00bb disabled=\u00bbon\u00bb global_colors_info=\u00bb{}\u00bb][et_pb_column type=\u00bb4_4&#8243; _builder_version=\u00bb4.20.4&#8243; _module_preset=\u00bbdefault\u00bb global_colors_info=\u00bb{}\u00bb][et_pb_toggle title=\u00bbM\u00e1s informaci\u00f3n sobre los premios\u00bb open_toggle_text_color=\u00bb#AF0B43&#8243; open_toggle_background_color=\u00bb#FFFFFF\u00bb closed_toggle_background_color=\u00bb#AF0B43&#8243; icon_color=\u00bb#FFFFFF\u00bb toggle_icon=\u00bb&#x43;||divi||400&#8243; open_icon_color=\u00bb#AF0B43&#8243; open_toggle_icon=\u00bb&#x42;||divi||400&#8243; _builder_version=\u00bb4.20.4&#8243; _module_preset=\u00bbdefault\u00bb title_text_color=\u00bb#FFFFFF\u00bb title_font=\u00bbAbhaya Libre|800|||||||\u00bb title_font_size=\u00bb25px\u00bb closed_title_font_size=\u00bb25px\u00bb body_font=\u00bbManrope|300|||||||\u00bb body_text_color=\u00bb#1D5288&#8243; body_font_size=\u00bb18px\u00bb body_line_height=\u00bb1.4em\u00bb text_orientation=\u00bbjustified\u00bb custom_margin=\u00bb||||false|false\u00bb custom_padding=\u00bb|12px|||false|false\u00bb border_radii=\u00bbon|24px|24px|24px|24px\u00bb border_color_all=\u00bb#AF0B43&#8243; global_colors_info=\u00bb{%22gcid-75be9a51-d920-4024-84ab-2c47a611341d%22:%91%22title_text_color%22%93}\u00bb]<\/p>\n<p><span style=\"font-weight: 400;\">De forma complementaria a la funci\u00f3n pedag\u00f3gica del curso cada a\u00f1o en el concierto de clausura se otorga el premio Camerata Sant Cugat de Canto.<\/span><\/p>\n<p><span style=\"font-weight: 400;\">Este premio se otorga junto con otros galardones: becas de m\u00e1ster class de la Fundaci\u00f3n Jaume Aragall, premio Apr\u00f2pera y galardones de participaci\u00f3n en la Escuela de \u00d3pera de los Amigos de la \u00d3pera de Sabadell. <\/span><\/p>\n<p><span style=\"font-weight: 400;\">Los alumnos que act\u00faan en el concierto final optan al Premio Camerata Sant Cugat de Cant, dotado con 600 euros, otorgado al alumno seleccionado de acuerdo con el veredicto del jurado formado por la se\u00f1ora Mirna Lacambra, Presidenta de la \u00d3pera de Sabadell, la se\u00f1ora S\u00edlvia Gasset, Presidenta de la Fundaci\u00f3n Jaume Aragall, el Sr. Marc Sala, presidente de la Asociaci\u00f3n Apr\u00f3pera y el equipo de profesores del curso.<\/span><\/p>\n<p><span style=\"font-weight: 400;\">Los ganadores de las diferentes ediciones han sido: Tizziana Guallianone (2004), Alba Rosa Foraster (2005), Carol Garcia (2006 y 2007), Ricardo Vel\u00e1squez (2008), Mar Jordana (2009), Xavier Aguilar (2010), (2011), Sara Blanch (2012), Pablo Mart\u00ednez y Cristina Fern\u00e1ndez (ex-aequo, 2013), Sagrario Salamanca (2014), Michelle Francis Cook (2015), Beatriz de Souza y Mar\u00eda del Mar Humanas (ex-aequo 2016) , Mariam Guerra y Carolina Fajardo (ex-aequo 2017), Adriana de Le\u00f3n (2018) y Gisela Villamayor (2019).<\/span><a href=\"https:\/\/aptae.net\/ca\/profesor\/nica-gimeno\/\"><span style=\"font-weight: 400;\"><\/span><\/a><\/p>\n<p>[\/et_pb_toggle][\/et_pb_column][\/et_pb_row][et_pb_row disabled_on=\u00bboff|off|off\u00bb _builder_version=\u00bb4.23&#8243; _module_preset=\u00bbdefault\u00bb max_width=\u00bb1200px\u00bb custom_padding=\u00bb34px||27px|||\u00bb global_colors_info=\u00bb{}\u00bb][et_pb_column type=\u00bb4_4&#8243; _builder_version=\u00bb4.20.4&#8243; _module_preset=\u00bbdefault\u00bb global_colors_info=\u00bb{}\u00bb][et_pb_button button_url=\u00bbhttps:\/\/cameratasantcugat.com\/es\/#formulari\u00bb button_text=\u00bbInscr\u00edbete al curso\u00bb button_alignment=\u00bbcenter\u00bb _builder_version=\u00bb4.20.4&#8243; _module_preset=\u00bb6f711e99-999a-447f-b424-525fd9dafbc5&#8243; custom_button=\u00bbon\u00bb button_text_size=\u00bb20px\u00bb button_text_color=\u00bb#FFFFFF\u00bb button_bg_color=\u00bb#d3ac00&#8243; button_border_width=\u00bb0px\u00bb button_border_radius=\u00bb15px\u00bb button_font=\u00bbManrope||||||||\u00bb button_use_icon=\u00bboff\u00bb custom_margin=\u00bb|||-2px||\u00bb custom_padding=\u00bb4px|24px|4px|24px|true|true\u00bb locked=\u00bboff\u00bb global_colors_info=\u00bb{}\u00bb button_bg_color__hover_enabled=\u00bbon|hover\u00bb button_bg_color__hover=\u00bbrgba(211,172,0,0.84)\u00bb button_bg_enable_color__hover=\u00bbon\u00bb][\/et_pb_button][\/et_pb_column][\/et_pb_row][et_pb_row disabled_on=\u00bbon|on|on\u00bb _builder_version=\u00bb4.21.0&#8243; _module_preset=\u00bbdefault\u00bb background_enable_color=\u00bboff\u00bb max_width=\u00bb1200px\u00bb custom_padding=\u00bb34px||27px|||\u00bb disabled=\u00bbon\u00bb global_colors_info=\u00bb{}\u00bb][et_pb_column type=\u00bb4_4&#8243; _builder_version=\u00bb4.20.4&#8243; _module_preset=\u00bbdefault\u00bb global_colors_info=\u00bb{}\u00bb][et_pb_text _builder_version=\u00bb4.20.4&#8243; _module_preset=\u00bbdefault\u00bb text_font=\u00bbAbhaya Libre|800|||||||\u00bb text_text_color=\u00bb#1D5288&#8243; text_font_size=\u00bb40px\u00bb custom_padding=\u00bb10px||||false|false\u00bb text_font_size_tablet=\u00bb40px\u00bb text_font_size_phone=\u00bb32px\u00bb text_font_size_last_edited=\u00bbon|phone\u00bb global_colors_info=\u00bb{}\u00bb]<\/p>\n<p>Carteles:<\/p>\n<p>[\/et_pb_text][\/et_pb_column][\/et_pb_row][et_pb_row column_structure=\u00bb1_3,1_3,1_3&#8243; disabled_on=\u00bbon|on|on\u00bb _builder_version=\u00bb4.21.0&#8243; _module_preset=\u00bbdefault\u00bb background_enable_color=\u00bboff\u00bb max_width=\u00bb1200px\u00bb custom_padding=\u00bb34px||27px|||\u00bb disabled=\u00bbon\u00bb global_colors_info=\u00bb{}\u00bb][et_pb_column type=\u00bb1_3&#8243; _builder_version=\u00bb4.20.4&#8243; _module_preset=\u00bbdefault\u00bb global_colors_info=\u00bb{}\u00bb][et_pb_button button_url=\u00bbhttps:\/\/cameratasantcugat.com\/wp-content\/uploads\/2023\/04\/Cartell-CIC-2023.pdf\u00bb url_new_window=\u00bbon\u00bb button_text=\u00bbDecarrega el cartell en catal\u00e0\u00bb button_alignment=\u00bbcenter\u00bb _builder_version=\u00bb4.20.4&#8243; _module_preset=\u00bbdefault\u00bb custom_button=\u00bbon\u00bb button_text_color=\u00bb#FFFFFF\u00bb button_bg_color=\u00bb#1D5288&#8243; button_border_width=\u00bb0px\u00bb button_border_radius=\u00bb14px\u00bb button_use_icon=\u00bboff\u00bb global_colors_info=\u00bb{}\u00bb button_bg_color__hover_enabled=\u00bbon|hover\u00bb button_bg_color__hover=\u00bbrgba(29,82,136,0.78)\u00bb button_bg_enable_color__hover=\u00bbon\u00bb][\/et_pb_button][\/et_pb_column][et_pb_column type=\u00bb1_3&#8243; _builder_version=\u00bb4.20.4&#8243; _module_preset=\u00bbdefault\u00bb global_colors_info=\u00bb{}\u00bb][et_pb_button button_url=\u00bbhttps:\/\/cameratasantcugat.com\/wp-content\/uploads\/2023\/04\/Cartel-CIC-2023.pdf\u00bb url_new_window=\u00bbon\u00bb button_text=\u00bbDecarga el cartel en castellano\u00bb button_alignment=\u00bbcenter\u00bb _builder_version=\u00bb4.20.4&#8243; _module_preset=\u00bbdefault\u00bb custom_button=\u00bbon\u00bb button_text_color=\u00bb#FFFFFF\u00bb button_bg_color=\u00bb#1D5288&#8243; button_border_width=\u00bb0px\u00bb button_border_radius=\u00bb14px\u00bb button_use_icon=\u00bboff\u00bb global_colors_info=\u00bb{}\u00bb button_bg_color__hover_enabled=\u00bbon|hover\u00bb button_bg_color__hover=\u00bbrgba(29,82,136,0.78)\u00bb button_bg_enable_color__hover=\u00bbon\u00bb][\/et_pb_button][\/et_pb_column][et_pb_column type=\u00bb1_3&#8243; _builder_version=\u00bb4.20.4&#8243; _module_preset=\u00bbdefault\u00bb global_colors_info=\u00bb{}\u00bb][et_pb_button button_url=\u00bbhttps:\/\/cameratasantcugat.com\/wp-content\/uploads\/2023\/04\/Poster-CIC-2023.pdf\u00bb url_new_window=\u00bbon\u00bb button_text=\u00bbDownload the poster in english\u00bb button_alignment=\u00bbcenter\u00bb _builder_version=\u00bb4.20.4&#8243; _module_preset=\u00bbdefault\u00bb custom_button=\u00bbon\u00bb button_text_color=\u00bb#FFFFFF\u00bb button_bg_color=\u00bb#1D5288&#8243; button_border_width=\u00bb0px\u00bb button_border_radius=\u00bb14px\u00bb button_use_icon=\u00bboff\u00bb global_colors_info=\u00bb{}\u00bb button_bg_color__hover_enabled=\u00bbon|hover\u00bb button_bg_color__hover=\u00bbrgba(29,82,136,0.78)\u00bb button_bg_enable_color__hover=\u00bbon\u00bb][\/et_pb_button][\/et_pb_column][\/et_pb_row][\/et_pb_section][et_pb_section fb_built=\u00bb1&#8243; admin_label=\u00bbTestimonials\u00bb _builder_version=\u00bb4.20.4&#8243; _module_preset=\u00bbdefault\u00bb background_color=\u00bb#AF0B43&#8243; background_enable_image=\u00bboff\u00bb background_size=\u00bbinitial\u00bb background_position=\u00bbtop_center\u00bb background_repeat=\u00bbrepeat\u00bb custom_margin=\u00bb||||false|false\u00bb custom_padding=\u00bb||||false|false\u00bb background_last_edited=\u00bbon|tablet\u00bb background_size_tablet=\u00bbcontain\u00bb collapsed=\u00bboff\u00bb global_colors_info=\u00bb{%22gcid-1bcf785a-50e1-437b-b09f-65567babc1de%22:%91%22background_color_gradient_stops%22%93}\u00bb][et_pb_row custom_padding_last_edited=\u00bbon|desktop\u00bb _builder_version=\u00bb4.20.4&#8243; _module_preset=\u00bbdefault\u00bb max_width=\u00bb1200px\u00bb custom_padding=\u00bb0px|||||\u00bb custom_padding_tablet=\u00bb||0px||false|false\u00bb custom_padding_phone=\u00bb||0px||false|false\u00bb locked=\u00bboff\u00bb global_colors_info=\u00bb{}\u00bb][et_pb_column type=\u00bb4_4&#8243; _builder_version=\u00bb4.20.4&#8243; _module_preset=\u00bbdefault\u00bb custom_padding=\u00bb40px|8px|||false|false\u00bb custom_padding_tablet=\u00bb30px||||false|false\u00bb custom_padding_phone=\u00bb20px||||false|false\u00bb custom_padding_last_edited=\u00bbon|tablet\u00bb border_color_all=\u00bbrgba(255,255,255,0.75)\u00bb border_style_all=\u00bbnone\u00bb border_width_top=\u00bb1px\u00bb global_colors_info=\u00bb{}\u00bb][et_pb_text _builder_version=\u00bb4.20.4&#8243; _module_preset=\u00bbd99b4c32-71c7-45df-aba2-1e7f3033feb5&#8243; text_font=\u00bbAbhaya Libre|800|||||||\u00bb text_text_color=\u00bb#FFFFFF\u00bb text_font_size=\u00bb60px\u00bb text_line_height=\u00bb1.5em\u00bb header_2_font=\u00bbAbhaya Libre|800|||||||\u00bb header_2_text_color=\u00bb#FFFFFF\u00bb header_2_font_size=\u00bb72px\u00bb header_2_line_height=\u00bb1.2em\u00bb custom_margin=\u00bb||-4px||false|false\u00bb text_font_size_tablet=\u00bb60px\u00bb text_font_size_phone=\u00bb50px\u00bb text_font_size_last_edited=\u00bbon|phone\u00bb header_2_font_size_tablet=\u00bb32px\u00bb header_2_font_size_phone=\u00bb20px\u00bb header_2_font_size_last_edited=\u00bbon|desktop\u00bb global_colors_info=\u00bb{}\u00bb]<\/p>\n<p><span style=\"color: #ffffff;\">Profesorado de la edici\u00f3n del 2023<\/span><\/p>\n<p>[\/et_pb_text][\/et_pb_column][\/et_pb_row][et_pb_row _builder_version=\u00bb4.20.4&#8243; _module_preset=\u00bbdefault\u00bb background_color=\u00bb#FFFFFF\u00bb max_width=\u00bb1200px\u00bb custom_margin=\u00bb2px|auto|20px|auto|false|false\u00bb custom_padding=\u00bb4px||4px|||\u00bb border_radii=\u00bbon|10px|10px|10px|10px\u00bb global_colors_info=\u00bb{}\u00bb][et_pb_column type=\u00bb4_4&#8243; _builder_version=\u00bb4.20.4&#8243; _module_preset=\u00bbdefault\u00bb global_colors_info=\u00bb{}\u00bb][et_pb_text _builder_version=\u00bb4.20.4&#8243; _module_preset=\u00bbdefault\u00bb text_font=\u00bbAbhaya Libre|800|||||||\u00bb text_text_color=\u00bb#AF0B43&#8243; text_font_size=\u00bb25px\u00bb text_line_height=\u00bb1.4em\u00bb custom_padding=\u00bb5px||5px|20px|true|false\u00bb global_colors_info=\u00bb{}\u00bb]<\/p>\n<p>Masters del curso<\/p>\n<p>[\/et_pb_text][\/et_pb_column][\/et_pb_row][et_pb_row column_structure=\u00bb1_4,1_4,1_4,1_4&#8243; use_custom_gutter=\u00bbon\u00bb gutter_width=\u00bb2&#8243; make_equal=\u00bbon\u00bb _builder_version=\u00bb4.20.4&#8243; _module_preset=\u00bbdefault\u00bb max_width=\u00bb1200px\u00bb module_alignment=\u00bbcenter\u00bb global_colors_info=\u00bb{}\u00bb][et_pb_column type=\u00bb1_4&#8243; _builder_version=\u00bb4.20.4&#8243; _module_preset=\u00bbdefault\u00bb global_colors_info=\u00bb{}\u00bb][et_pb_image src=\u00bbhttps:\/\/cameratasantcugat.com\/wp-content\/uploads\/2023\/04\/FrancescaRoig-e1681458136213.png\u00bb title_text=\u00bbFrancescaRoig\u00bb align=\u00bbcenter\u00bb _builder_version=\u00bb4.20.4&#8243; _module_preset=\u00bbdefault\u00bb width=\u00bb80%\u00bb border_radii=\u00bbon|500px|500px|500px|500px\u00bb global_colors_info=\u00bb{}\u00bb][\/et_pb_image][et_pb_text _builder_version=\u00bb4.20.4&#8243; _module_preset=\u00bbdefault\u00bb text_font=\u00bbAbhaya Libre|700|||||||\u00bb text_text_color=\u00bb#FFFFFF\u00bb text_font_size=\u00bb25px\u00bb text_orientation=\u00bbcenter\u00bb global_colors_info=\u00bb{}\u00bb]<\/p>\n<p>Francesca Roig, mezzosoprano<\/p>\n<p>[\/et_pb_text][\/et_pb_column][et_pb_column type=\u00bb1_4&#8243; _builder_version=\u00bb4.20.4&#8243; _module_preset=\u00bbdefault\u00bb global_colors_info=\u00bb{}\u00bb][et_pb_image src=\u00bbhttps:\/\/cameratasantcugat.com\/wp-content\/uploads\/2023\/04\/Carmen-Bustamante-e1681458321243.jpg\u00bb title_text=\u00bbCarmen Bustamante\u00bb align=\u00bbcenter\u00bb _builder_version=\u00bb4.20.4&#8243; _module_preset=\u00bbdefault\u00bb width=\u00bb80%\u00bb filter_saturate=\u00bb0%\u00bb border_radii=\u00bbon|500px|500px|500px|500px\u00bb global_colors_info=\u00bb{}\u00bb][\/et_pb_image][et_pb_text _builder_version=\u00bb4.20.4&#8243; _module_preset=\u00bbdefault\u00bb text_font=\u00bbAbhaya Libre|700|||||||\u00bb text_text_color=\u00bb#FFFFFF\u00bb text_font_size=\u00bb25px\u00bb text_orientation=\u00bbcenter\u00bb global_colors_info=\u00bb{}\u00bb]<\/p>\n<p>Carmen Bustamante, soprano<\/p>\n<p>[\/et_pb_text][\/et_pb_column][et_pb_column type=\u00bb1_4&#8243; _builder_version=\u00bb4.20.4&#8243; _module_preset=\u00bbdefault\u00bb global_colors_info=\u00bb{}\u00bb][\/et_pb_column][et_pb_column type=\u00bb1_4&#8243; _builder_version=\u00bb4.20.4&#8243; _module_preset=\u00bbdefault\u00bb global_colors_info=\u00bb{}\u00bb][\/et_pb_column][\/et_pb_row][et_pb_row _builder_version=\u00bb4.20.4&#8243; _module_preset=\u00bbdefault\u00bb background_color=\u00bb#FFFFFF\u00bb max_width=\u00bb1200px\u00bb custom_margin=\u00bb60px||20px||false|false\u00bb custom_padding=\u00bb4px||4px|||\u00bb border_radii=\u00bbon|10px|10px|10px|10px\u00bb global_colors_info=\u00bb{}\u00bb][et_pb_column type=\u00bb4_4&#8243; _builder_version=\u00bb4.20.4&#8243; _module_preset=\u00bbdefault\u00bb global_colors_info=\u00bb{}\u00bb][et_pb_text _builder_version=\u00bb4.20.4&#8243; _module_preset=\u00bbdefault\u00bb text_font=\u00bbAbhaya Libre|800|||||||\u00bb text_text_color=\u00bb#AF0B43&#8243; text_font_size=\u00bb25px\u00bb text_line_height=\u00bb1.4em\u00bb custom_padding=\u00bb5px||5px|20px|true|false\u00bb global_colors_info=\u00bb{}\u00bb]<\/p>\n<p>T\u00e9cnica vocal e interpretaci\u00f3n<\/p>\n<p>[\/et_pb_text][\/et_pb_column][\/et_pb_row][et_pb_row column_structure=\u00bb1_4,1_4,1_4,1_4&#8243; use_custom_gutter=\u00bbon\u00bb gutter_width=\u00bb2&#8243; make_equal=\u00bbon\u00bb _builder_version=\u00bb4.20.4&#8243; _module_preset=\u00bbdefault\u00bb max_width=\u00bb1200px\u00bb module_alignment=\u00bbcenter\u00bb global_colors_info=\u00bb{}\u00bb][et_pb_column type=\u00bb1_4&#8243; _builder_version=\u00bb4.20.4&#8243; _module_preset=\u00bbdefault\u00bb global_colors_info=\u00bb{}\u00bb][et_pb_image src=\u00bbhttps:\/\/cameratasantcugat.com\/wp-content\/uploads\/2023\/04\/JordiCasanova-e1681457818460.jpeg\u00bb title_text=\u00bbJordiCasanova\u00bb align=\u00bbcenter\u00bb _builder_version=\u00bb4.20.4&#8243; _module_preset=\u00bbdefault\u00bb width=\u00bb80%\u00bb border_radii=\u00bbon|500px|500px|500px|500px\u00bb global_colors_info=\u00bb{}\u00bb][\/et_pb_image][et_pb_text _builder_version=\u00bb4.20.4&#8243; _module_preset=\u00bbdefault\u00bb text_font=\u00bbAbhaya Libre|700|||||||\u00bb text_text_color=\u00bb#FFFFFF\u00bb text_font_size=\u00bb25px\u00bb text_orientation=\u00bbcenter\u00bb global_colors_info=\u00bb{}\u00bb]<\/p>\n<p>Jordi Casanova, tenor<\/p>\n<p>[\/et_pb_text][\/et_pb_column][et_pb_column type=\u00bb1_4&#8243; _builder_version=\u00bb4.20.4&#8243; _module_preset=\u00bbdefault\u00bb global_colors_info=\u00bb{}\u00bb][et_pb_image src=\u00bbhttps:\/\/cameratasantcugat.com\/wp-content\/uploads\/2023\/04\/RosaMariaConesa-e1681458396271.jpeg\u00bb title_text=\u00bbRosaMariaConesa\u00bb align=\u00bbcenter\u00bb _builder_version=\u00bb4.20.4&#8243; _module_preset=\u00bbdefault\u00bb width=\u00bb80%\u00bb filter_saturate=\u00bb0%\u00bb border_radii=\u00bbon|500px|500px|500px|500px\u00bb global_colors_info=\u00bb{}\u00bb][\/et_pb_image][et_pb_text _builder_version=\u00bb4.20.4&#8243; _module_preset=\u00bbdefault\u00bb text_font=\u00bbAbhaya Libre|700|||||||\u00bb text_text_color=\u00bb#FFFFFF\u00bb text_font_size=\u00bb25px\u00bb text_orientation=\u00bbcenter\u00bb global_colors_info=\u00bb{}\u00bb]<\/p>\n<p>Rosa Maria Conesa, soprano<\/p>\n<p>[\/et_pb_text][\/et_pb_column][et_pb_column type=\u00bb1_4&#8243; _builder_version=\u00bb4.20.4&#8243; _module_preset=\u00bbdefault\u00bb global_colors_info=\u00bb{}\u00bb][et_pb_image src=\u00bbhttps:\/\/cameratasantcugat.com\/wp-content\/uploads\/2023\/04\/Marisa-Martins-BN-scaled-e1681458456198.jpg\u00bb title_text=\u00bbSONY DSC\u00bb align=\u00bbcenter\u00bb _builder_version=\u00bb4.20.4&#8243; _module_preset=\u00bbdefault\u00bb width=\u00bb80%\u00bb filter_saturate=\u00bb0%\u00bb border_radii=\u00bbon|500px|500px|500px|500px\u00bb global_colors_info=\u00bb{}\u00bb][\/et_pb_image][et_pb_text _builder_version=\u00bb4.20.4&#8243; _module_preset=\u00bbdefault\u00bb text_font=\u00bbAbhaya Libre|700|||||||\u00bb text_text_color=\u00bb#FFFFFF\u00bb text_font_size=\u00bb25px\u00bb text_orientation=\u00bbcenter\u00bb global_colors_info=\u00bb{}\u00bb]<\/p>\n<p>Marisa Martins, mezzosoprano<\/p>\n<p>[\/et_pb_text][\/et_pb_column][et_pb_column type=\u00bb1_4&#8243; _builder_version=\u00bb4.20.4&#8243; _module_preset=\u00bbdefault\u00bb global_colors_info=\u00bb{}\u00bb][et_pb_image src=\u00bbhttps:\/\/cameratasantcugat.com\/wp-content\/uploads\/2023\/04\/ClaraDelRuste-e1681458591748.png\u00bb title_text=\u00bbClaraDelRuste\u00bb align=\u00bbcenter\u00bb _builder_version=\u00bb4.20.4&#8243; _module_preset=\u00bbdefault\u00bb width=\u00bb80%\u00bb filter_saturate=\u00bb0%\u00bb border_radii=\u00bbon|500px|500px|500px|500px\u00bb global_colors_info=\u00bb{}\u00bb][\/et_pb_image][et_pb_text _builder_version=\u00bb4.20.4&#8243; _module_preset=\u00bbdefault\u00bb text_font=\u00bbAbhaya Libre|700|||||||\u00bb text_text_color=\u00bb#FFFFFF\u00bb text_font_size=\u00bb25px\u00bb text_orientation=\u00bbcenter\u00bb global_colors_info=\u00bb{}\u00bb]<\/p>\n<p>Clara del Ruste, escena<\/p>\n<p>[\/et_pb_text][\/et_pb_column][\/et_pb_row][et_pb_row _builder_version=\u00bb4.20.4&#8243; _module_preset=\u00bbdefault\u00bb background_color=\u00bb#FFFFFF\u00bb max_width=\u00bb1200px\u00bb custom_margin=\u00bb60px||20px||false|false\u00bb custom_padding=\u00bb4px||4px|||\u00bb border_radii=\u00bbon|10px|10px|10px|10px\u00bb global_colors_info=\u00bb{}\u00bb][et_pb_column type=\u00bb4_4&#8243; _builder_version=\u00bb4.20.4&#8243; _module_preset=\u00bbdefault\u00bb global_colors_info=\u00bb{}\u00bb][et_pb_text _builder_version=\u00bb4.20.4&#8243; _module_preset=\u00bbdefault\u00bb text_font=\u00bbAbhaya Libre|800|||||||\u00bb text_text_color=\u00bb#AF0B43&#8243; text_font_size=\u00bb25px\u00bb text_line_height=\u00bb1.4em\u00bb custom_padding=\u00bb5px||5px|20px|true|false\u00bb global_colors_info=\u00bb{}\u00bb]<\/p>\n<p>Formaci\u00f3n en t\u00e9cnica Alexander y talleres<\/p>\n<p>[\/et_pb_text][\/et_pb_column][\/et_pb_row][et_pb_row column_structure=\u00bb1_4,1_4,1_4,1_4&#8243; use_custom_gutter=\u00bbon\u00bb gutter_width=\u00bb2&#8243; make_equal=\u00bbon\u00bb _builder_version=\u00bb4.20.4&#8243; _module_preset=\u00bbdefault\u00bb max_width=\u00bb1200px\u00bb module_alignment=\u00bbcenter\u00bb global_colors_info=\u00bb{}\u00bb][et_pb_column type=\u00bb1_4&#8243; _builder_version=\u00bb4.20.4&#8243; _module_preset=\u00bbdefault\u00bb global_colors_info=\u00bb{}\u00bb][et_pb_image src=\u00bbhttps:\/\/cameratasantcugat.com\/wp-content\/uploads\/2023\/04\/NicaGimeno-e1681458426857.png\u00bb title_text=\u00bbNicaGimeno\u00bb align=\u00bbcenter\u00bb _builder_version=\u00bb4.20.4&#8243; _module_preset=\u00bbdefault\u00bb width=\u00bb80%\u00bb filter_saturate=\u00bb0%\u00bb border_radii=\u00bbon|500px|500px|500px|500px\u00bb global_colors_info=\u00bb{}\u00bb][\/et_pb_image][et_pb_text _builder_version=\u00bb4.20.4&#8243; _module_preset=\u00bbdefault\u00bb text_font=\u00bbAbhaya Libre|700|||||||\u00bb text_text_color=\u00bb#FFFFFF\u00bb text_font_size=\u00bb25px\u00bb text_orientation=\u00bbcenter\u00bb global_colors_info=\u00bb{}\u00bb]<\/p>\n<p>Nica Gimeno, t\u00e9cnica Alexander<\/p>\n<p>[\/et_pb_text][\/et_pb_column][et_pb_column type=\u00bb1_4&#8243; _builder_version=\u00bb4.20.4&#8243; _module_preset=\u00bbdefault\u00bb global_colors_info=\u00bb{}\u00bb][et_pb_image src=\u00bbhttps:\/\/cameratasantcugat.com\/wp-content\/uploads\/2023\/04\/LauraMartinez-e1681458527351.png\u00bb title_text=\u00bbLauraMartinez\u00bb align=\u00bbcenter\u00bb _builder_version=\u00bb4.20.4&#8243; _module_preset=\u00bbdefault\u00bb width=\u00bb80%\u00bb filter_saturate=\u00bb0%\u00bb border_radii=\u00bbon|500px|500px|500px|500px\u00bb global_colors_info=\u00bb{}\u00bb][\/et_pb_image][et_pb_text _builder_version=\u00bb4.20.4&#8243; _module_preset=\u00bbdefault\u00bb text_font=\u00bbAbhaya Libre|700|||||||\u00bb text_text_color=\u00bb#FFFFFF\u00bb text_font_size=\u00bb25px\u00bb text_orientation=\u00bbcenter\u00bb global_colors_info=\u00bb{}\u00bb]<\/p>\n<p>Laura Mart\u00ednez, t\u00e9cnica Alexander<\/p>\n<p>[\/et_pb_text][\/et_pb_column][et_pb_column type=\u00bb1_4&#8243; _builder_version=\u00bb4.20.4&#8243; _module_preset=\u00bbdefault\u00bb global_colors_info=\u00bb{}\u00bb][et_pb_image src=\u00bbhttps:\/\/cameratasantcugat.com\/wp-content\/uploads\/2023\/04\/Cecilia.png\u00bb title_text=\u00bbCecilia\u00bb align=\u00bbcenter\u00bb _builder_version=\u00bb4.20.4&#8243; _module_preset=\u00bbdefault\u00bb width=\u00bb80%\u00bb filter_saturate=\u00bb0%\u00bb border_radii=\u00bbon|500px|500px|500px|500px\u00bb global_colors_info=\u00bb{}\u00bb][\/et_pb_image][et_pb_text _builder_version=\u00bb4.20.4&#8243; _module_preset=\u00bbdefault\u00bb text_font=\u00bbAbhaya Libre|700|||||||\u00bb text_text_color=\u00bb#FFFFFF\u00bb text_font_size=\u00bb25px\u00bb text_orientation=\u00bbcenter\u00bb global_colors_info=\u00bb{}\u00bb]<\/p>\n<p>Cec\u00edlia Gassull, M\u00e9todo Akiara<\/p>\n<p>[\/et_pb_text][\/et_pb_column][et_pb_column type=\u00bb1_4&#8243; _builder_version=\u00bb4.20.4&#8243; _module_preset=\u00bbdefault\u00bb global_colors_info=\u00bb{}\u00bb][et_pb_image src=\u00bbhttps:\/\/cameratasantcugat.com\/wp-content\/uploads\/2023\/04\/Marisa-Martins-BN-scaled-e1681458456198.jpg\u00bb title_text=\u00bbSONY DSC\u00bb align=\u00bbcenter\u00bb _builder_version=\u00bb4.20.4&#8243; _module_preset=\u00bbdefault\u00bb width=\u00bb80%\u00bb filter_saturate=\u00bb0%\u00bb border_radii=\u00bbon|500px|500px|500px|500px\u00bb global_colors_info=\u00bb{}\u00bb][\/et_pb_image][et_pb_text _builder_version=\u00bb4.20.4&#8243; _module_preset=\u00bbdefault\u00bb text_font=\u00bbAbhaya Libre|700|||||||\u00bb text_text_color=\u00bb#FFFFFF\u00bb text_font_size=\u00bb25px\u00bb text_orientation=\u00bbcenter\u00bb global_colors_info=\u00bb{}\u00bb]<\/p>\n<p>Marisa Martins, Dramat\u00fargia del Lied<\/p>\n<p>[\/et_pb_text][\/et_pb_column][\/et_pb_row][et_pb_row _builder_version=\u00bb4.20.4&#8243; _module_preset=\u00bbdefault\u00bb background_color=\u00bb#FFFFFF\u00bb max_width=\u00bb1200px\u00bb custom_margin=\u00bb60px||20px||false|false\u00bb custom_padding=\u00bb4px||4px|||\u00bb border_radii=\u00bbon|10px|10px|10px|10px\u00bb global_colors_info=\u00bb{}\u00bb][et_pb_column type=\u00bb4_4&#8243; _builder_version=\u00bb4.20.4&#8243; _module_preset=\u00bbdefault\u00bb global_colors_info=\u00bb{}\u00bb][et_pb_text _builder_version=\u00bb4.20.4&#8243; _module_preset=\u00bbdefault\u00bb text_font=\u00bbAbhaya Libre|800|||||||\u00bb text_text_color=\u00bb#AF0B43&#8243; text_font_size=\u00bb25px\u00bb text_line_height=\u00bb1.4em\u00bb custom_padding=\u00bb5px||5px|20px|true|false\u00bb global_colors_info=\u00bb{}\u00bb]<\/p>\n<p>Pianistas<\/p>\n<p>[\/et_pb_text][\/et_pb_column][\/et_pb_row][et_pb_row column_structure=\u00bb1_4,1_4,1_4,1_4&#8243; use_custom_gutter=\u00bbon\u00bb gutter_width=\u00bb2&#8243; make_equal=\u00bbon\u00bb _builder_version=\u00bb4.20.4&#8243; _module_preset=\u00bbdefault\u00bb max_width=\u00bb1200px\u00bb module_alignment=\u00bbcenter\u00bb global_colors_info=\u00bb{}\u00bb][et_pb_column type=\u00bb1_4&#8243; _builder_version=\u00bb4.20.4&#8243; _module_preset=\u00bbdefault\u00bb global_colors_info=\u00bb{}\u00bb][et_pb_image src=\u00bbhttps:\/\/cameratasantcugat.com\/wp-content\/uploads\/2023\/04\/ManelJRuiz-scaled-e1681458500648.jpg\u00bb title_text=\u00bbManelJRuiz\u00bb align=\u00bbcenter\u00bb _builder_version=\u00bb4.20.4&#8243; _module_preset=\u00bbdefault\u00bb width=\u00bb80%\u00bb filter_saturate=\u00bb0%\u00bb border_radii=\u00bbon|500px|500px|500px|500px\u00bb global_colors_info=\u00bb{}\u00bb][\/et_pb_image][et_pb_text _builder_version=\u00bb4.20.4&#8243; _module_preset=\u00bbdefault\u00bb text_font=\u00bbAbhaya Libre|700|||||||\u00bb text_text_color=\u00bb#FFFFFF\u00bb text_font_size=\u00bb25px\u00bb text_orientation=\u00bbcenter\u00bb global_colors_info=\u00bb{}\u00bb]<\/p>\n<p>Manel J. Ruiz<\/p>\n<p>[\/et_pb_text][\/et_pb_column][et_pb_column type=\u00bb1_4&#8243; _builder_version=\u00bb4.20.4&#8243; _module_preset=\u00bbdefault\u00bb global_colors_info=\u00bb{}\u00bb][et_pb_image src=\u00bbhttps:\/\/cameratasantcugat.com\/wp-content\/uploads\/2023\/04\/JordiRomero-e1681458552915.jpg\u00bb title_text=\u00bbJordiRomero\u00bb align=\u00bbcenter\u00bb _builder_version=\u00bb4.20.4&#8243; _module_preset=\u00bbdefault\u00bb width=\u00bb80%\u00bb filter_saturate=\u00bb0%\u00bb border_radii=\u00bbon|500px|500px|500px|500px\u00bb global_colors_info=\u00bb{}\u00bb][\/et_pb_image][et_pb_text _builder_version=\u00bb4.20.4&#8243; _module_preset=\u00bbdefault\u00bb text_font=\u00bbAbhaya Libre|700|||||||\u00bb text_text_color=\u00bb#FFFFFF\u00bb text_font_size=\u00bb25px\u00bb text_orientation=\u00bbcenter\u00bb global_colors_info=\u00bb{}\u00bb]<\/p>\n<p>Jordi Romero<\/p>\n<p>[\/et_pb_text][\/et_pb_column][et_pb_column type=\u00bb1_4&#8243; _builder_version=\u00bb4.20.4&#8243; _module_preset=\u00bbdefault\u00bb global_colors_info=\u00bb{}\u00bb][\/et_pb_column][et_pb_column type=\u00bb1_4&#8243; _builder_version=\u00bb4.20.4&#8243; _module_preset=\u00bbdefault\u00bb global_colors_info=\u00bb{}\u00bb][\/et_pb_column][\/et_pb_row][et_pb_row _builder_version=\u00bb4.20.4&#8243; _module_preset=\u00bbdefault\u00bb custom_padding=\u00bb60px|||||\u00bb global_colors_info=\u00bb{}\u00bb][et_pb_column type=\u00bb4_4&#8243; _builder_version=\u00bb4.20.4&#8243; _module_preset=\u00bbdefault\u00bb global_colors_info=\u00bb{}\u00bb][et_pb_button button_url=\u00bbhttps:\/\/cameratasantcugat.com\/es\/profesorado\/\u00bb button_text=\u00bbQuiero saber m\u00e1s informaci\u00f3n del profesorado\u00bb button_alignment=\u00bbcenter\u00bb _builder_version=\u00bb4.20.4&#8243; _module_preset=\u00bb6f711e99-999a-447f-b424-525fd9dafbc5&#8243; custom_button=\u00bbon\u00bb button_text_size=\u00bb20px\u00bb button_text_color=\u00bb#FFFFFF\u00bb button_bg_color=\u00bb#d3ac00&#8243; button_border_width=\u00bb0px\u00bb button_border_radius=\u00bb15px\u00bb button_font=\u00bbManrope||||||||\u00bb button_use_icon=\u00bboff\u00bb custom_margin=\u00bb|||-2px||\u00bb custom_padding=\u00bb4px|24px|4px|24px|true|true\u00bb locked=\u00bboff\u00bb global_colors_info=\u00bb{%22gcid-714b9843-c3e2-4fdc-916a-785e28b7a70d%22:%91%22button_bg_color%22%93}\u00bb button_bg_color__hover=\u00bbrgba(211,172,0,0.84)\u00bb button_bg_color__hover_enabled=\u00bbon|hover\u00bb][\/et_pb_button][\/et_pb_column][\/et_pb_row][\/et_pb_section][et_pb_section fb_built=\u00bb1&#8243; disabled_on=\u00bboff|off|off\u00bb admin_label=\u00bbFeatures\u00bb _builder_version=\u00bb4.23&#8243; _module_preset=\u00bbdefault\u00bb background_color=\u00bbrgba(15,1,34,0)\u00bb background_enable_image=\u00bboff\u00bb background_size=\u00bbinitial\u00bb background_position=\u00bbtop_center\u00bb custom_margin=\u00bb||||false|false\u00bb custom_padding=\u00bb60px||50px||false|false\u00bb collapsed=\u00bbon\u00bb global_colors_info=\u00bb{}\u00bb][et_pb_row _builder_version=\u00bb4.20.4&#8243; _module_preset=\u00bbdefault\u00bb max_width=\u00bb1200px\u00bb custom_margin=\u00bb||||false|false\u00bb custom_padding=\u00bb||||false|false\u00bb global_colors_info=\u00bb{}\u00bb][et_pb_column type=\u00bb4_4&#8243; _builder_version=\u00bb4.20.4&#8243; _module_preset=\u00bbdefault\u00bb global_colors_info=\u00bb{}\u00bb][et_pb_text _builder_version=\u00bb4.20.4&#8243; _module_preset=\u00bbd99b4c32-71c7-45df-aba2-1e7f3033feb5&#8243; text_font=\u00bbAbhaya Libre|800|||||||\u00bb text_font_size=\u00bb60px\u00bb text_line_height=\u00bb1.5em\u00bb header_2_font=\u00bbAbhaya Libre|800|||||||\u00bb header_2_text_color=\u00bb#FFFFFF\u00bb header_2_font_size=\u00bb72px\u00bb header_2_line_height=\u00bb1.2em\u00bb custom_margin=\u00bb||-4px||false|false\u00bb text_font_size_tablet=\u00bb60px\u00bb text_font_size_phone=\u00bb50px\u00bb text_font_size_last_edited=\u00bbon|phone\u00bb header_2_font_size_tablet=\u00bb32px\u00bb header_2_font_size_phone=\u00bb20px\u00bb header_2_font_size_last_edited=\u00bbon|desktop\u00bb global_colors_info=\u00bb{}\u00bb]<\/p>\n<h2><span style=\"color: #af0b43;\">Inscripciones<\/span><\/h2>\n<p>[\/et_pb_text][\/et_pb_column][\/et_pb_row][et_pb_row use_custom_gutter=\u00bbon\u00bb gutter_width=\u00bb2&#8243; _builder_version=\u00bb4.20.4&#8243; _module_preset=\u00bbdefault\u00bb max_width=\u00bb1200px\u00bb custom_margin=\u00bb||||false|false\u00bb custom_padding=\u00bb||||false|false\u00bb global_colors_info=\u00bb{}\u00bb][et_pb_column type=\u00bb4_4&#8243; _builder_version=\u00bb4.20.4&#8243; _module_preset=\u00bbdefault\u00bb global_colors_info=\u00bb{}\u00bb][et_pb_text _builder_version=\u00bb4.20.4&#8243; _module_preset=\u00bbdefault\u00bb text_font=\u00bbAbhaya Libre|800|||||||\u00bb text_text_color=\u00bb#1D5288&#8243; text_font_size=\u00bb40px\u00bb custom_padding=\u00bb10px||||false|false\u00bb text_font_size_tablet=\u00bb40px\u00bb text_font_size_phone=\u00bb32px\u00bb text_font_size_last_edited=\u00bbon|phone\u00bb global_colors_info=\u00bb{}\u00bb]<\/p>\n<p>Tarifas<\/p>\n<p>[\/et_pb_text][et_pb_text _builder_version=\u00bb4.20.4&#8243; _module_preset=\u00bbc59f59cf-3261-49fe-bbf0-3e417c0152c6&#8243; text_font=\u00bbManrope||||||||\u00bb text_text_color=\u00bb#1D5288&#8243; text_font_size=\u00bb18px\u00bb text_line_height=\u00bb1.8em\u00bb text_orientation=\u00bbjustified\u00bb text_font_size_tablet=\u00bb18px\u00bb text_font_size_phone=\u00bb18px\u00bb text_font_size_last_edited=\u00bbon|phone\u00bb global_colors_info=\u00bb{}\u00bb]<\/p>\n<p><span style=\"font-weight: 400;\">580\u20ac alumnos activos<\/span><span style=\"font-weight: 400;\"><br \/><\/span><span style=\"font-weight: 400;\">320\u20ac alumnos activos medio curso<br \/><\/span><span style=\"font-weight: 400;\">100\u20ac alumnos oyentes<\/span><\/p>\n<p>[\/et_pb_text][et_pb_text _builder_version=\u00bb4.20.4&#8243; _module_preset=\u00bbc59f59cf-3261-49fe-bbf0-3e417c0152c6&#8243; text_font=\u00bbManrope||||||||\u00bb text_text_color=\u00bb#1D5288&#8243; text_font_size=\u00bb18px\u00bb text_line_height=\u00bb1.8em\u00bb text_orientation=\u00bbjustified\u00bb text_font_size_tablet=\u00bb18px\u00bb text_font_size_phone=\u00bb18px\u00bb text_font_size_last_edited=\u00bbon|phone\u00bb global_colors_info=\u00bb{}\u00bb]<\/p>\n<p><span style=\"font-weight: 400;\">La mitad de la matr\u00edcula permite asistir a la mitad del curso (se deben seleccionar 4 ma\u00f1anas o\/y tardes de lunes a jueves, hasta un m\u00e1ximo de 3 tardes). Tambi\u00e9n permite asistir a todo el curso como oyente y participar en el concierto del viernes y, excepcionalmente, en el concierto final del s\u00e1bado en funci\u00f3n de la consideraci\u00f3n y aprobaci\u00f3n del equipo de profesores. Queda excluido optar al Premio de Cant Camerata Sant Cugat 2024.<\/span><\/p>\n<p><span style=\"font-weight: 400;\">Matr\u00edcula: 160 \u20ac estudiantes activos (80 \u20ac medio curso), 30 \u20ac estudiantes oyentes (env\u00ede el recibo con el formulario de solicitud). El resto deber\u00e1 enviarse una vez confirmada la plaza y antes del 16 de junio.<\/span><\/p>\n<p>[\/et_pb_text][\/et_pb_column][\/et_pb_row][et_pb_row use_custom_gutter=\u00bbon\u00bb gutter_width=\u00bb2&#8243; _builder_version=\u00bb4.20.4&#8243; _module_preset=\u00bbdefault\u00bb max_width=\u00bb1200px\u00bb custom_margin=\u00bb||||false|false\u00bb custom_padding=\u00bb||||false|false\u00bb global_colors_info=\u00bb{}\u00bb][et_pb_column type=\u00bb4_4&#8243; _builder_version=\u00bb4.20.4&#8243; _module_preset=\u00bbdefault\u00bb global_colors_info=\u00bb{}\u00bb][et_pb_text _builder_version=\u00bb4.20.4&#8243; _module_preset=\u00bbdefault\u00bb text_font=\u00bbAbhaya Libre|800|||||||\u00bb text_text_color=\u00bb#1D5288&#8243; text_font_size=\u00bb40px\u00bb custom_padding=\u00bb10px||||false|false\u00bb text_font_size_tablet=\u00bb40px\u00bb text_font_size_phone=\u00bb32px\u00bb text_font_size_last_edited=\u00bbon|phone\u00bb global_colors_info=\u00bb{}\u00bb]<\/p>\n<p>Fecha l\u00edmite inscripci\u00f3n:<\/p>\n<p>[\/et_pb_text][et_pb_text _builder_version=\u00bb4.20.4&#8243; _module_preset=\u00bbc59f59cf-3261-49fe-bbf0-3e417c0152c6&#8243; text_font=\u00bbManrope||||||||\u00bb text_text_color=\u00bb#1D5288&#8243; text_font_size=\u00bb18px\u00bb text_line_height=\u00bb1.8em\u00bb text_orientation=\u00bbjustified\u00bb text_font_size_tablet=\u00bb18px\u00bb text_font_size_phone=\u00bb18px\u00bb text_font_size_last_edited=\u00bbon|phone\u00bb global_colors_info=\u00bb{}\u00bb]<\/p>\n<p><span style=\"font-weight: 400;\">16 de junio de 2024<br \/><\/span><span style=\"font-weight: 400;\">N\u00famero de plazas de alumnos activos: 30 en total, de grado superior y formaci\u00f3n.<\/span><span style=\"font-weight: 400;\"><\/span><\/p>\n<p>[\/et_pb_text][\/et_pb_column][\/et_pb_row][et_pb_row use_custom_gutter=\u00bbon\u00bb gutter_width=\u00bb2&#8243; _builder_version=\u00bb4.20.4&#8243; _module_preset=\u00bbdefault\u00bb max_width=\u00bb1200px\u00bb custom_margin=\u00bb||||false|false\u00bb custom_padding=\u00bb||||false|false\u00bb global_colors_info=\u00bb{}\u00bb][et_pb_column type=\u00bb4_4&#8243; _builder_version=\u00bb4.20.4&#8243; _module_preset=\u00bbdefault\u00bb global_colors_info=\u00bb{}\u00bb][et_pb_text _builder_version=\u00bb4.20.4&#8243; _module_preset=\u00bbdefault\u00bb text_font=\u00bbAbhaya Libre|800|||||||\u00bb text_text_color=\u00bb#1D5288&#8243; text_font_size=\u00bb40px\u00bb custom_padding=\u00bb10px||||false|false\u00bb text_font_size_tablet=\u00bb40px\u00bb text_font_size_phone=\u00bb32px\u00bb text_font_size_last_edited=\u00bbon|phone\u00bb global_colors_info=\u00bb{}\u00bb]<\/p>\n<p>Confirmaci\u00f3n de plaza<\/p>\n<p>[\/et_pb_text][et_pb_text _builder_version=\u00bb4.20.4&#8243; _module_preset=\u00bbc59f59cf-3261-49fe-bbf0-3e417c0152c6&#8243; text_font=\u00bbManrope||||||||\u00bb text_text_color=\u00bb#1D5288&#8243; text_font_size=\u00bb18px\u00bb text_line_height=\u00bb1.8em\u00bb text_orientation=\u00bbjustified\u00bb text_font_size_tablet=\u00bb18px\u00bb text_font_size_phone=\u00bb18px\u00bb text_font_size_last_edited=\u00bbon|phone\u00bb global_colors_info=\u00bb{}\u00bb]<\/p>\n<p><span style=\"font-weight: 400;\">Alumnos activos: La inscripci\u00f3n al curso se realizar\u00e1 por orden de recepci\u00f3n del formulario de solicitud y recibo de matr\u00edcula. Las plazas se confirmar\u00e1n a medida que se inscriban a los alumnos.<\/span><\/p>\n<p><span style=\"font-weight: 400;\">Para garantizar el mejor beneficio del curso para los estudiantes, los organizadores podr\u00e1n decidir reasignar a un estudiante a un nivel diferente, de acuerdo con las audiciones que se realizar\u00e1n al inicio del curso.<\/span><\/p>\n<p><span style=\"font-weight: 400;\">Si se recibe un formulario de solicitud y una matr\u00edcula dentro del plazo, pero no hay vacantes, el estudiante recibir\u00e1 el dinero o se podr\u00e1 matricular en el nivel de formaci\u00f3n si todav\u00eda quedan vacantes. Alternativamente, en todos los casos, los estudiantes pueden asistir al curso como oyentes.<\/span><\/p>\n<p><span style=\"font-weight: 400;\">Oyentes: deben rellenar y enviar el formulario de solicitud y el recibo de matr\u00edcula. A medida que lleguen las solicitudes, se realizar\u00e1n las inscripciones y los alumnos recibir\u00e1n una confirmaci\u00f3n de la matr\u00edcula. Los alumnos que se inscriban como oyentes pueden asistir a las clases magistrales, clases individuales, conciertos y conferencias y participar en las clases colectivas. Todos los participantes obtendr\u00e1n un certificado de asistencia.<\/span><span style=\"font-weight: 400;\"><\/span><span style=\"font-weight: 400;\"><\/span><\/p>\n<p>[\/et_pb_text][\/et_pb_column][\/et_pb_row][\/et_pb_section][et_pb_section fb_built=\u00bb1&#8243; disabled_on=\u00bboff|off|off\u00bb _builder_version=\u00bb4.23&#8243; _module_preset=\u00bbdefault\u00bb background_color=\u00bb#1D5288&#8243; global_colors_info=\u00bb{}\u00bb][et_pb_row module_id=\u00bbformulari\u00bb _builder_version=\u00bb4.20.4&#8243; _module_preset=\u00bbdefault\u00bb max_width=\u00bb1200px\u00bb custom_padding=\u00bb||0px|||\u00bb global_colors_info=\u00bb{}\u00bb][et_pb_column type=\u00bb4_4&#8243; _builder_version=\u00bb4.20.4&#8243; _module_preset=\u00bbdefault\u00bb global_colors_info=\u00bb{}\u00bb][et_pb_text _builder_version=\u00bb4.20.4&#8243; _module_preset=\u00bbdefault\u00bb text_font=\u00bbAbhaya Libre|800|||||||\u00bb text_text_color=\u00bb#FFFFFF\u00bb text_font_size=\u00bb40px\u00bb custom_padding=\u00bb10px||||false|false\u00bb text_font_size_tablet=\u00bb40px\u00bb text_font_size_phone=\u00bb32px\u00bb text_font_size_last_edited=\u00bbon|phone\u00bb global_colors_info=\u00bb{}\u00bb]<\/p>\n<p>Formulario de inscripci\u00f3n<\/p>\n<p>[\/et_pb_text][et_pb_text _builder_version=\u00bb4.20.4&#8243; _module_preset=\u00bbc59f59cf-3261-49fe-bbf0-3e417c0152c6&#8243; text_font=\u00bbManrope||||||||\u00bb text_text_color=\u00bb#FFFFFF\u00bb text_font_size=\u00bb18px\u00bb text_line_height=\u00bb1.8em\u00bb text_orientation=\u00bbjustified\u00bb text_font_size_tablet=\u00bb18px\u00bb text_font_size_phone=\u00bb18px\u00bb text_font_size_last_edited=\u00bbon|phone\u00bb global_colors_info=\u00bb{}\u00bb]<\/p>\n<p><span style=\"font-weight: 400;\">Para inscribirse en el curso, rellene los datos del formulario siguiente y haga llegar el justificante de pago de la matr\u00edcula al correo<\/span><span style=\"color: #f2bd00;\"><a href=\"mailto:julia.salvador@cameratasantcugat.com\" style=\"color: #f2bd00;\"><span style=\"font-weight: 400;\"><span style=\"color: #d3ac00;\">julia.salvador@cameratasantcugat.com<\/span><\/span><\/a><\/span><\/p>\n<p><span style=\"font-weight: 400;\">Recuerde que la matr\u00edcula para reservar plaza es de:<\/span><span style=\"font-weight: 400;\"><br \/><\/span><span style=\"font-weight: 400;\">160\u20ac alumnos activos \/ <\/span><span style=\"font-size: 18px;\">80\u20ac alumnos activos medio curso \/ <\/span><span style=\"font-size: 18px;\">30\u20ac alumnos oyentes<\/span><\/p>\n<p><span style=\"font-weight: 400;\"><\/span><\/p>\n<p>[\/et_pb_text][et_pb_contact_form captcha=\u00bboff\u00bb email=\u00bbjuliaslarrosa@gmail.com\u00bb success_message=\u00bbMuchas gracias por tu inscripci\u00f3n. Nos pondremos en contacto contigo pronto.\u00bb submit_button_text=\u00bbInscribirme\u00bb _builder_version=\u00bb4.20.4&#8243; _module_preset=\u00bbdefault\u00bb _unique_id=\u00bbef664ee9-7853-41fa-adbc-f67f1320102a\u00bb form_field_background_color=\u00bb#FFFFFF\u00bb form_field_text_color=\u00bb#1D5288&#8243; title_font=\u00bbAbhaya Libre||||||||\u00bb title_text_color=\u00bb#FFFFFF\u00bb form_field_font=\u00bbManrope||||||||\u00bb form_field_font_size=\u00bb17px\u00bb form_field_line_height=\u00bb1.4em\u00bb custom_button=\u00bbon\u00bb button_text_size=\u00bb25px\u00bb button_text_color=\u00bb#FFFFFF\u00bb button_bg_color=\u00bb#D3AC00&#8243; button_border_width=\u00bb0px\u00bb button_border_radius=\u00bb5px\u00bb button_font=\u00bbAbhaya Libre|800|||||||\u00bb text_orientation=\u00bbleft\u00bb global_colors_info=\u00bb{}\u00bb][et_pb_contact_field field_id=\u00bbNom\u00bb field_title=\u00bbNombre y apellidos\u00bb fullwidth_field=\u00bbon\u00bb _builder_version=\u00bb4.20.4&#8243; global_colors_info=\u00bb{}\u00bb button_text_size__hover_enabled=\u00bboff\u00bb button_one_text_size__hover_enabled=\u00bboff\u00bb button_two_text_size__hover_enabled=\u00bboff\u00bb button_text_color__hover_enabled=\u00bboff\u00bb button_one_text_color__hover_enabled=\u00bboff\u00bb button_two_text_color__hover_enabled=\u00bboff\u00bb button_border_width__hover_enabled=\u00bboff\u00bb button_one_border_width__hover_enabled=\u00bboff\u00bb button_two_border_width__hover_enabled=\u00bboff\u00bb button_border_color__hover_enabled=\u00bboff\u00bb button_one_border_color__hover_enabled=\u00bboff\u00bb button_two_border_color__hover_enabled=\u00bboff\u00bb button_border_radius__hover_enabled=\u00bboff\u00bb button_one_border_radius__hover_enabled=\u00bboff\u00bb button_two_border_radius__hover_enabled=\u00bboff\u00bb button_letter_spacing__hover_enabled=\u00bboff\u00bb button_one_letter_spacing__hover_enabled=\u00bboff\u00bb button_two_letter_spacing__hover_enabled=\u00bboff\u00bb button_bg_color__hover_enabled=\u00bboff\u00bb button_one_bg_color__hover_enabled=\u00bboff\u00bb button_two_bg_color__hover_enabled=\u00bboff\u00bb][\/et_pb_contact_field][et_pb_contact_field field_id=\u00bbEmail\u00bb field_title=\u00bbCorreo electr\u00f3nico\u00bb field_type=\u00bbemail\u00bb _builder_version=\u00bb4.20.4&#8243; global_colors_info=\u00bb{}\u00bb button_text_size__hover_enabled=\u00bboff\u00bb button_one_text_size__hover_enabled=\u00bboff\u00bb button_two_text_size__hover_enabled=\u00bboff\u00bb button_text_color__hover_enabled=\u00bboff\u00bb button_one_text_color__hover_enabled=\u00bboff\u00bb button_two_text_color__hover_enabled=\u00bboff\u00bb button_border_width__hover_enabled=\u00bboff\u00bb button_one_border_width__hover_enabled=\u00bboff\u00bb button_two_border_width__hover_enabled=\u00bboff\u00bb button_border_color__hover_enabled=\u00bboff\u00bb button_one_border_color__hover_enabled=\u00bboff\u00bb button_two_border_color__hover_enabled=\u00bboff\u00bb button_border_radius__hover_enabled=\u00bboff\u00bb button_one_border_radius__hover_enabled=\u00bboff\u00bb button_two_border_radius__hover_enabled=\u00bboff\u00bb button_letter_spacing__hover_enabled=\u00bboff\u00bb button_one_letter_spacing__hover_enabled=\u00bboff\u00bb button_two_letter_spacing__hover_enabled=\u00bboff\u00bb button_bg_color__hover_enabled=\u00bboff\u00bb button_one_bg_color__hover_enabled=\u00bboff\u00bb button_two_bg_color__hover_enabled=\u00bboff\u00bb][\/et_pb_contact_field][et_pb_contact_field field_id=\u00bbTel\u00e8fon\u00bb field_title=\u00bbTel\u00e9fono\u00bb _builder_version=\u00bb4.20.4&#8243; global_colors_info=\u00bb{}\u00bb button_text_size__hover_enabled=\u00bboff\u00bb button_one_text_size__hover_enabled=\u00bboff\u00bb button_two_text_size__hover_enabled=\u00bboff\u00bb button_text_color__hover_enabled=\u00bboff\u00bb button_one_text_color__hover_enabled=\u00bboff\u00bb button_two_text_color__hover_enabled=\u00bboff\u00bb button_border_width__hover_enabled=\u00bboff\u00bb button_one_border_width__hover_enabled=\u00bboff\u00bb button_two_border_width__hover_enabled=\u00bboff\u00bb button_border_color__hover_enabled=\u00bboff\u00bb button_one_border_color__hover_enabled=\u00bboff\u00bb button_two_border_color__hover_enabled=\u00bboff\u00bb button_border_radius__hover_enabled=\u00bboff\u00bb button_one_border_radius__hover_enabled=\u00bboff\u00bb button_two_border_radius__hover_enabled=\u00bboff\u00bb button_letter_spacing__hover_enabled=\u00bboff\u00bb button_one_letter_spacing__hover_enabled=\u00bboff\u00bb button_two_letter_spacing__hover_enabled=\u00bboff\u00bb button_bg_color__hover_enabled=\u00bboff\u00bb button_one_bg_color__hover_enabled=\u00bboff\u00bb button_two_bg_color__hover_enabled=\u00bboff\u00bb][\/et_pb_contact_field][et_pb_contact_field field_id=\u00bbAdre\u00e7a\u00bb field_title=\u00bbDirecci\u00f3n\u00bb fullwidth_field=\u00bbon\u00bb _builder_version=\u00bb4.20.4&#8243; global_colors_info=\u00bb{}\u00bb button_text_size__hover_enabled=\u00bboff\u00bb button_one_text_size__hover_enabled=\u00bboff\u00bb button_two_text_size__hover_enabled=\u00bboff\u00bb button_text_color__hover_enabled=\u00bboff\u00bb button_one_text_color__hover_enabled=\u00bboff\u00bb button_two_text_color__hover_enabled=\u00bboff\u00bb button_border_width__hover_enabled=\u00bboff\u00bb button_one_border_width__hover_enabled=\u00bboff\u00bb button_two_border_width__hover_enabled=\u00bboff\u00bb button_border_color__hover_enabled=\u00bboff\u00bb button_one_border_color__hover_enabled=\u00bboff\u00bb button_two_border_color__hover_enabled=\u00bboff\u00bb button_border_radius__hover_enabled=\u00bboff\u00bb button_one_border_radius__hover_enabled=\u00bboff\u00bb button_two_border_radius__hover_enabled=\u00bboff\u00bb button_letter_spacing__hover_enabled=\u00bboff\u00bb button_one_letter_spacing__hover_enabled=\u00bboff\u00bb button_two_letter_spacing__hover_enabled=\u00bboff\u00bb button_bg_color__hover_enabled=\u00bboff\u00bb button_one_bg_color__hover_enabled=\u00bboff\u00bb button_two_bg_color__hover_enabled=\u00bboff\u00bb][\/et_pb_contact_field][et_pb_contact_field field_id=\u00bbVeu\u00bb field_title=\u00bbVoz\u00bb field_type=\u00bbselect\u00bb select_options=\u00bb%91{%22value%22:%22Soprano%22,%22checked%22:0,%22dragID%22:-1},{%22value%22:%22Mezzosoprano%22,%22checked%22:0,%22dragID%22:0},{%22value%22:%22Alto%22,%22checked%22:0,%22dragID%22:1},{%22value%22:%22Tenor%22,%22checked%22:0,%22dragID%22:2},{%22value%22:%22Bar\u00edton%22,%22checked%22:0,%22dragID%22:3},{%22value%22:%22Bajo%22,%22checked%22:0,%22dragID%22:4}%93&#8243; _builder_version=\u00bb4.20.4&#8243; _module_preset=\u00bbdefault\u00bb global_colors_info=\u00bb{}\u00bb][\/et_pb_contact_field][et_pb_contact_field field_id=\u00bbModalitat\u00bb field_title=\u00bbModalidad\u00bb field_type=\u00bbselect\u00bb select_options=\u00bb%91{%22value%22:%22Activo%22,%22checked%22:0,%22dragID%22:-1},{%22value%22:%22Activo medio curso%22,%22checked%22:0,%22dragID%22:0},{%22value%22:%22Oyente%22,%22checked%22:0,%22dragID%22:5}%93&#8243; _builder_version=\u00bb4.20.4&#8243; _module_preset=\u00bbdefault\u00bb global_colors_info=\u00bb{}\u00bb][\/et_pb_contact_field][et_pb_contact_field field_id=\u00bbNivell\u00bb field_title=\u00bbNivel\u00bb field_type=\u00bbselect\u00bb select_options=\u00bb%91{%22value%22:%22Avanzado%22,%22checked%22:0,%22dragID%22:-1},{%22value%22:%22Formaci\u00f3n%22,%22checked%22:0,%22dragID%22:0}%93&#8243; _builder_version=\u00bb4.20.4&#8243; _module_preset=\u00bbdefault\u00bb global_colors_info=\u00bb{}\u00bb][\/et_pb_contact_field][et_pb_contact_field field_id=\u00bbObra\u00bb field_title=\u00bbObra a trabajar en las clases de escena\u00bb _builder_version=\u00bb4.20.4&#8243; global_colors_info=\u00bb{}\u00bb button_text_size__hover_enabled=\u00bboff\u00bb button_one_text_size__hover_enabled=\u00bboff\u00bb button_two_text_size__hover_enabled=\u00bboff\u00bb button_text_color__hover_enabled=\u00bboff\u00bb button_one_text_color__hover_enabled=\u00bboff\u00bb button_two_text_color__hover_enabled=\u00bboff\u00bb button_border_width__hover_enabled=\u00bboff\u00bb button_one_border_width__hover_enabled=\u00bboff\u00bb button_two_border_width__hover_enabled=\u00bboff\u00bb button_border_color__hover_enabled=\u00bboff\u00bb button_one_border_color__hover_enabled=\u00bboff\u00bb button_two_border_color__hover_enabled=\u00bboff\u00bb button_border_radius__hover_enabled=\u00bboff\u00bb button_one_border_radius__hover_enabled=\u00bboff\u00bb button_two_border_radius__hover_enabled=\u00bboff\u00bb button_letter_spacing__hover_enabled=\u00bboff\u00bb button_one_letter_spacing__hover_enabled=\u00bboff\u00bb button_two_letter_spacing__hover_enabled=\u00bboff\u00bb button_bg_color__hover_enabled=\u00bboff\u00bb button_one_bg_color__hover_enabled=\u00bboff\u00bb button_two_bg_color__hover_enabled=\u00bboff\u00bb][\/et_pb_contact_field][et_pb_contact_field field_id=\u00bbpolitica\u00bb field_title=\u00bb \u00bb field_type=\u00bbcheckbox\u00bb checkbox_options=\u00bb%91{%22value%22:%22Aceptaci\u00f3n de la pol\u00edtica de privacidad S\u00e9 que no har\u00e9is un mal uso de mis datos.New Field%22,%22checked%22:0,%22dragID%22:-1,%22link_url%22:%22https:\/\/cameratasantcugat.com\/politica-privacitat%22,%22link_text%22:%22pol\u00edtica de privacidad%22}%93&#8243; fullwidth_field=\u00bbon\u00bb _builder_version=\u00bb4.20.4&#8243; _module_preset=\u00bbdefault\u00bb form_field_background_color=\u00bb#D3AC00&#8243; form_field_text_color=\u00bb#FFFFFF\u00bb form_field_font_size=\u00bb16px\u00bb global_colors_info=\u00bb{}\u00bb][\/et_pb_contact_field][\/et_pb_contact_form][et_pb_text _builder_version=\u00bb4.20.4&#8243; _module_preset=\u00bbdefault\u00bb text_font=\u00bbAbhaya Libre|800|||||||\u00bb text_text_color=\u00bb#FFFFFF\u00bb text_font_size=\u00bb40px\u00bb custom_padding=\u00bb10px||||false|false\u00bb text_font_size_tablet=\u00bb40px\u00bb text_font_size_phone=\u00bb32px\u00bb text_font_size_last_edited=\u00bbon|phone\u00bb global_colors_info=\u00bb{}\u00bb]<\/p>\n<p>Datos para realizar el pago<\/p>\n<p>[\/et_pb_text][et_pb_text _builder_version=\u00bb4.20.4&#8243; _module_preset=\u00bbc59f59cf-3261-49fe-bbf0-3e417c0152c6&#8243; text_font=\u00bbManrope||||||||\u00bb text_text_color=\u00bb#FFFFFF\u00bb text_font_size=\u00bb18px\u00bb text_line_height=\u00bb1.8em\u00bb text_orientation=\u00bbjustified\u00bb text_font_size_tablet=\u00bb18px\u00bb text_font_size_phone=\u00bb18px\u00bb text_font_size_last_edited=\u00bbon|phone\u00bb global_colors_info=\u00bb{}\u00bb]<\/p>\n<p><span style=\"font-weight: 400;\">Por transferencia bancaria: ES56 2100 0940 8402 0022 9591<br \/><\/span><span style=\"font-weight: 400;\">IBAN: ES56 2100 0940 8402 0022 9591<br \/><\/span><span style=\"font-weight: 400;\">Banco: CAJESB<\/span><span style=\"font-size: 18px;\"><\/span><\/p>\n<p><span style=\"font-weight: 400;\"><\/span><\/p>\n<p>[\/et_pb_text][et_pb_text _builder_version=\u00bb4.20.4&#8243; _module_preset=\u00bbdefault\u00bb text_font=\u00bbAbhaya Libre|800|||||||\u00bb text_text_color=\u00bb#FFFFFF\u00bb text_font_size=\u00bb40px\u00bb custom_padding=\u00bb10px||||false|false\u00bb text_font_size_tablet=\u00bb40px\u00bb text_font_size_phone=\u00bb32px\u00bb text_font_size_last_edited=\u00bbon|phone\u00bb global_colors_info=\u00bb{}\u00bb]<\/p>\n<p>Anulaci\u00f3n de la matr\u00edcula por parte del estudiante<\/p>\n<p>[\/et_pb_text][et_pb_text _builder_version=\u00bb4.20.4&#8243; _module_preset=\u00bbc59f59cf-3261-49fe-bbf0-3e417c0152c6&#8243; text_font=\u00bbManrope||||||||\u00bb text_text_color=\u00bb#FFFFFF\u00bb text_font_size=\u00bb18px\u00bb text_line_height=\u00bb1.8em\u00bb text_orientation=\u00bbjustified\u00bb text_font_size_tablet=\u00bb18px\u00bb text_font_size_phone=\u00bb18px\u00bb text_font_size_last_edited=\u00bbon|phone\u00bb global_colors_info=\u00bb{}\u00bb]<\/p>\n<p><span style=\"font-weight: 400;\">Cualquier anulaci\u00f3n de la matr\u00edcula recibida antes del 16 de junio (incluido) comportar\u00e1 la devoluci\u00f3n de las cantidades abonadas por el estudiante con una deducci\u00f3n de 100\u20ac para los estudiantes activos (50\u20ac para los estudiantes de media matr\u00edcula) y de 20 \u20ac para los estudiantes oyentes para la organizaci\u00f3n, gesti\u00f3n y gastos administrativos. Las anulaciones de matr\u00edcula notificadas despu\u00e9s del 16 de junio no dan lugar a la devoluci\u00f3n de las cantidades abonadas.<\/span><\/p>\n<p><span style=\"font-weight: 400;\">La devoluci\u00f3n de las cantidades a devolver se realizar\u00e1 del 27 al 31 de julio.<\/span><span style=\"font-weight: 400;\"><\/span><span style=\"font-size: 18px;\"><\/span><\/p>\n<p><span style=\"font-weight: 400;\"><\/span><\/p>\n<p>[\/et_pb_text][\/et_pb_column][\/et_pb_row][\/et_pb_section][et_pb_section fb_built=\u00bb1&#8243; _builder_version=\u00bb4.20.4&#8243; _module_preset=\u00bbdefault\u00bb custom_padding=\u00bb0px||0px|||\u00bb global_colors_info=\u00bb{}\u00bb][et_pb_row column_structure=\u00bb1_4,1_4,1_4,1_4&#8243; use_custom_gutter=\u00bbon\u00bb gutter_width=\u00bb1&#8243; _builder_version=\u00bb4.20.4&#8243; _module_preset=\u00bbdefault\u00bb width=\u00bb100%\u00bb max_width=\u00bb100%\u00bb custom_margin=\u00bb0px||||false|false\u00bb custom_padding=\u00bb0px||||false|false\u00bb global_colors_info=\u00bb{}\u00bb][et_pb_column type=\u00bb1_4&#8243; _builder_version=\u00bb4.20.4&#8243; _module_preset=\u00bbdefault\u00bb global_colors_info=\u00bb{}\u00bb][et_pb_image src=\u00bbhttps:\/\/cameratasantcugat.com\/wp-content\/uploads\/2023\/04\/Camerata9.png\u00bb title_text=\u00bbCamerata9&#8243; _builder_version=\u00bb4.20.4&#8243; _module_preset=\u00bbdefault\u00bb global_colors_info=\u00bb{}\u00bb][\/et_pb_image][\/et_pb_column][et_pb_column type=\u00bb1_4&#8243; _builder_version=\u00bb4.20.4&#8243; _module_preset=\u00bbdefault\u00bb global_colors_info=\u00bb{}\u00bb][et_pb_image src=\u00bbhttps:\/\/cameratasantcugat.com\/wp-content\/uploads\/2023\/04\/Camerata7.jpg\u00bb title_text=\u00bbCamerata7&#8243; _builder_version=\u00bb4.20.4&#8243; _module_preset=\u00bbdefault\u00bb global_colors_info=\u00bb{}\u00bb][\/et_pb_image][\/et_pb_column][et_pb_column type=\u00bb1_4&#8243; _builder_version=\u00bb4.20.4&#8243; _module_preset=\u00bbdefault\u00bb global_colors_info=\u00bb{}\u00bb][et_pb_image src=\u00bbhttps:\/\/cameratasantcugat.com\/wp-content\/uploads\/2023\/04\/Camerata5.jpg\u00bb title_text=\u00bbCamerata5&#8243; _builder_version=\u00bb4.20.4&#8243; _module_preset=\u00bbdefault\u00bb global_colors_info=\u00bb{}\u00bb][\/et_pb_image][\/et_pb_column][et_pb_column type=\u00bb1_4&#8243; _builder_version=\u00bb4.20.4&#8243; _module_preset=\u00bbdefault\u00bb global_colors_info=\u00bb{}\u00bb][et_pb_image src=\u00bbhttps:\/\/cameratasantcugat.com\/wp-content\/uploads\/2023\/04\/Camerata2.jpg\u00bb title_text=\u00bbCamerata2&#8243; _builder_version=\u00bb4.20.4&#8243; _module_preset=\u00bbdefault\u00bb global_colors_info=\u00bb{}\u00bb][\/et_pb_image][\/et_pb_column][\/et_pb_row][\/et_pb_section][et_pb_section fb_built=\u00bb1&#8243; admin_label=\u00bbFooter\u00bb _builder_version=\u00bb4.20.4&#8243; _module_preset=\u00bbdefault\u00bb background_enable_color=\u00bboff\u00bb background_enable_image=\u00bboff\u00bb custom_margin=\u00bb||||false|false\u00bb custom_padding=\u00bb||31px||false|false\u00bb background_last_edited=\u00bbon|tablet\u00bb background_position_tablet=\u00bbcenter_left\u00bb saved_tabs=\u00bball\u00bb collapsed=\u00bbon\u00bb global_colors_info=\u00bb{%22gcid-1bcf785a-50e1-437b-b09f-65567babc1de%22:%91%22background_color_gradient_stops%22%93}\u00bb][et_pb_row use_custom_gutter=\u00bbon\u00bb gutter_width=\u00bb2&#8243; _builder_version=\u00bb4.20.4&#8243; _module_preset=\u00bbdefault\u00bb max_width=\u00bb1200px\u00bb custom_margin=\u00bb||||false|false\u00bb custom_padding=\u00bb||||false|false\u00bb global_colors_info=\u00bb{}\u00bb][et_pb_column type=\u00bb4_4&#8243; _builder_version=\u00bb4.20.4&#8243; _module_preset=\u00bbdefault\u00bb global_colors_info=\u00bb{}\u00bb][et_pb_image src=\u00bbhttps:\/\/cameratasantcugat.com\/wp-content\/uploads\/2023\/03\/logo-camerata.png\u00bb title_text=\u00bblogo camerata\u00bb url=\u00bb@ET-DC@eyJkeW5hbWljIjp0cnVlLCJjb250ZW50IjoiaG9tZV91cmwiLCJzZXR0aW5ncyI6e319@\u00bb _builder_version=\u00bb4.20.4&#8243; _dynamic_attributes=\u00bburl\u00bb _module_preset=\u00bbdefault\u00bb width=\u00bb100.5%\u00bb max_height=\u00bb80px\u00bb global_colors_info=\u00bb{}\u00bb][\/et_pb_image][et_pb_text _builder_version=\u00bb4.20.4&#8243; _module_preset=\u00bbdefault\u00bb text_font=\u00bbAbhaya Libre|800|||||||\u00bb text_text_color=\u00bb#1D5288&#8243; text_font_size=\u00bb40px\u00bb custom_padding=\u00bb10px||||false|false\u00bb text_font_size_tablet=\u00bb40px\u00bb text_font_size_phone=\u00bb32px\u00bb text_font_size_last_edited=\u00bbon|phone\u00bb global_colors_info=\u00bb{}\u00bb]<\/p>\n<p>Organizaci\u00f3n y contacto<\/p>\n<p>[\/et_pb_text][\/et_pb_column][\/et_pb_row][et_pb_row column_structure=\u00bb1_3,1_3,1_3&#8243; use_custom_gutter=\u00bbon\u00bb gutter_width=\u00bb2&#8243; make_equal=\u00bbon\u00bb _builder_version=\u00bb4.20.4&#8243; _module_preset=\u00bbdefault\u00bb max_width=\u00bb1200px\u00bb module_alignment=\u00bbcenter\u00bb global_colors_info=\u00bb{}\u00bb][et_pb_column type=\u00bb1_3&#8243; _builder_version=\u00bb4.20.4&#8243; _module_preset=\u00bbdefault\u00bb global_colors_info=\u00bb{}\u00bb][et_pb_image src=\u00bbhttps:\/\/cameratasantcugat.com\/wp-content\/uploads\/2023\/04\/XavierBaulies.png\u00bb title_text=\u00bbXavierBaulies\u00bb align=\u00bbcenter\u00bb _builder_version=\u00bb4.20.4&#8243; _module_preset=\u00bbdefault\u00bb width=\u00bb61%\u00bb filter_saturate=\u00bb0%\u00bb border_radii=\u00bbon|500px|500px|500px|500px\u00bb global_colors_info=\u00bb{}\u00bb][\/et_pb_image][et_pb_text _builder_version=\u00bb4.20.4&#8243; _module_preset=\u00bbdefault\u00bb text_font=\u00bbAbhaya Libre|700|||||||\u00bb text_text_color=\u00bb#AF0B43&#8243; text_font_size=\u00bb20px\u00bb text_orientation=\u00bbcenter\u00bb global_colors_info=\u00bb{}\u00bb]<\/p>\n<p>Xavier Baulies,<br \/>Director de Camerata Sant Cugat<\/p>\n<p>[\/et_pb_text][et_pb_text _builder_version=\u00bb4.24.3&#8243; _module_preset=\u00bbdefault\u00bb text_font=\u00bbManrope||||||||\u00bb text_text_color=\u00bb#1D5288&#8243; text_font_size=\u00bb17px\u00bb text_orientation=\u00bbcenter\u00bb custom_padding=\u00bb||26px|||\u00bb global_colors_info=\u00bb{}\u00bb]<\/p>\n<p style=\"text-align: center;\"><span style=\"color: #1d5288;\"><a href=\"mailto:xbaulies@cameratasantcugat.com\" style=\"color: #1d5288;\">xbaulies@cameratasantcugat.com<\/a><br \/><\/span><\/p>\n<p>[\/et_pb_text][\/et_pb_column][et_pb_column type=\u00bb1_3&#8243; _builder_version=\u00bb4.20.4&#8243; _module_preset=\u00bbdefault\u00bb global_colors_info=\u00bb{}\u00bb][et_pb_image src=\u00bbhttps:\/\/cameratasantcugat.com\/wp-content\/uploads\/2023\/04\/JordiCasanova-e1681457818460.jpeg\u00bb title_text=\u00bbJordiCasanova\u00bb align=\u00bbcenter\u00bb _builder_version=\u00bb4.20.4&#8243; _module_preset=\u00bbdefault\u00bb width=\u00bb61%\u00bb filter_saturate=\u00bb0%\u00bb border_radii=\u00bbon|500px|500px|500px|500px\u00bb global_colors_info=\u00bb{}\u00bb][\/et_pb_image][et_pb_text _builder_version=\u00bb4.20.4&#8243; _module_preset=\u00bbdefault\u00bb text_font=\u00bbAbhaya Libre|700|||||||\u00bb text_text_color=\u00bb#AF0B43&#8243; text_font_size=\u00bb20px\u00bb text_orientation=\u00bbcenter\u00bb global_colors_info=\u00bb{}\u00bb]<\/p>\n<p style=\"text-align: center;\">Jordi Casanova,<br \/>Director del curso<\/p>\n<p>[\/et_pb_text][et_pb_text _builder_version=\u00bb4.20.4&#8243; _module_preset=\u00bbdefault\u00bb text_font=\u00bbManrope||||||||\u00bb text_text_color=\u00bb#AF0B43&#8243; text_font_size=\u00bb17px\u00bb text_orientation=\u00bbcenter\u00bb global_colors_info=\u00bb{}\u00bb]<\/p>\n<p style=\"text-align: center;\"><span style=\"color: #1d5288;\"><a href=\"mailto:jordi.casanova@cameratasantcugat.com\" style=\"color: #1d5288;\">jordi.casanova@cameratasantcugat.com<\/a><br \/>617286480<\/span><span style=\"color: #1d5288;\"><\/span><\/p>\n<p>[\/et_pb_text][\/et_pb_column][et_pb_column type=\u00bb1_3&#8243; _builder_version=\u00bb4.20.4&#8243; _module_preset=\u00bbdefault\u00bb global_colors_info=\u00bb{}\u00bb][et_pb_image src=\u00bbhttps:\/\/cameratasantcugat.com\/wp-content\/uploads\/2023\/04\/Julia.png\u00bb title_text=\u00bbJ\u00falia\u00bb align=\u00bbcenter\u00bb _builder_version=\u00bb4.20.4&#8243; _module_preset=\u00bbdefault\u00bb width=\u00bb61%\u00bb filter_saturate=\u00bb0%\u00bb border_radii=\u00bbon|500px|500px|500px|500px\u00bb global_colors_info=\u00bb{}\u00bb][\/et_pb_image][et_pb_text _builder_version=\u00bb4.20.4&#8243; _module_preset=\u00bbdefault\u00bb text_font=\u00bbAbhaya Libre|700|||||||\u00bb text_text_color=\u00bb#AF0B43&#8243; text_font_size=\u00bb20px\u00bb text_orientation=\u00bbcenter\u00bb global_colors_info=\u00bb{}\u00bb]<\/p>\n<p>J\u00falia Salvador,<br \/>Coordinaci\u00f3n del curso<\/p>\n<p>[\/et_pb_text][et_pb_text _builder_version=\u00bb4.20.4&#8243; _module_preset=\u00bbdefault\u00bb text_font=\u00bbManrope||||||||\u00bb text_text_color=\u00bb#AF0B43&#8243; text_font_size=\u00bb17px\u00bb text_orientation=\u00bbcenter\u00bb global_colors_info=\u00bb{}\u00bb]<\/p>\n<p style=\"text-align: center;\"><span style=\"color: #1d5288;\"><a href=\"mailto:julia.salvador@cameratasantcugat.com\" style=\"color: #1d5288;\">julia.salvador@cameratasantcugat.com<\/a><\/span><br \/><span style=\"color: #1d5288;\">660280989<\/span><\/p>\n<p>[\/et_pb_text][\/et_pb_column][\/et_pb_row][et_pb_row column_structure=\u00bb1_2,1_2&#8243; _builder_version=\u00bb4.20.4&#8243; _module_preset=\u00bbdefault\u00bb max_width=\u00bb1200px\u00bb custom_padding=\u00bb50px|||||\u00bb global_colors_info=\u00bb{}\u00bb][et_pb_column type=\u00bb1_2&#8243; _builder_version=\u00bb4.20.4&#8243; _module_preset=\u00bbdefault\u00bb global_colors_info=\u00bb{}\u00bb][et_pb_text _builder_version=\u00bb4.20.4&#8243; _module_preset=\u00bbdefault\u00bb text_font=\u00bbManrope||||||||\u00bb text_text_color=\u00bb#AF0B43&#8243; text_font_size=\u00bb18px\u00bb text_orientation=\u00bbcenter\u00bb global_colors_info=\u00bb{}\u00bb]<\/p>\n<p style=\"text-align: center;\"><span style=\"color: #1d5288;\"><strong>Tel. EMMVA:<\/strong>  (+34) 935890551<\/span><\/p>\n<p>[\/et_pb_text][\/et_pb_column][et_pb_column type=\u00bb1_2&#8243; _builder_version=\u00bb4.20.4&#8243; _module_preset=\u00bbdefault\u00bb global_colors_info=\u00bb{}\u00bb][et_pb_social_media_follow _builder_version=\u00bb4.20.4&#8243; _module_preset=\u00bbdefault\u00bb text_orientation=\u00bbcenter\u00bb global_colors_info=\u00bb{}\u00bb][et_pb_social_media_follow_network social_network=\u00bbinstagram\u00bb url=\u00bbhttps:\/\/www.instagram.com\/cameratastcugat\/\u00bb _builder_version=\u00bb4.20.4&#8243; _module_preset=\u00bbdefault\u00bb background_color=\u00bb#AF0B43&#8243; background_enable_color=\u00bbon\u00bb global_colors_info=\u00bb{}\u00bb follow_button=\u00bboff\u00bb url_new_window=\u00bbon\u00bb]instagram[\/et_pb_social_media_follow_network][et_pb_social_media_follow_network social_network=\u00bbfacebook\u00bb url=\u00bbhttps:\/\/www.facebook.com\/profile.php?id=100063762751473&#8243; _builder_version=\u00bb4.20.4&#8243; _module_preset=\u00bbdefault\u00bb background_color=\u00bb#AF0B43&#8243; background_enable_color=\u00bbon\u00bb global_colors_info=\u00bb{}\u00bb follow_button=\u00bboff\u00bb url_new_window=\u00bbon\u00bb]facebook[\/et_pb_social_media_follow_network][\/et_pb_social_media_follow][\/et_pb_column][\/et_pb_row][et_pb_row _builder_version=\u00bb4.20.4&#8243; _module_preset=\u00bbdefault\u00bb max_width=\u00bb1200px\u00bb global_colors_info=\u00bb{}\u00bb][et_pb_column type=\u00bb4_4&#8243; _builder_version=\u00bb4.20.4&#8243; _module_preset=\u00bbdefault\u00bb global_colors_info=\u00bb{}\u00bb][et_pb_divider color=\u00bb#1D5288&#8243; _builder_version=\u00bb4.20.4&#8243; _module_preset=\u00bbdefault\u00bb global_colors_info=\u00bb{}\u00bb][\/et_pb_divider][\/et_pb_column][\/et_pb_row][et_pb_row _builder_version=\u00bb4.20.4&#8243; _module_preset=\u00bbdefault\u00bb max_width=\u00bb1200px\u00bb global_colors_info=\u00bb{}\u00bb][et_pb_column type=\u00bb4_4&#8243; _builder_version=\u00bb4.20.4&#8243; _module_preset=\u00bbdefault\u00bb global_colors_info=\u00bb{}\u00bb][et_pb_text _builder_version=\u00bb4.20.4&#8243; _module_preset=\u00bbdefault\u00bb text_font=\u00bbAbhaya Libre|800|||||||\u00bb text_text_color=\u00bb#1D5288&#8243; text_font_size=\u00bb40px\u00bb custom_padding=\u00bb10px||||false|false\u00bb text_font_size_tablet=\u00bb40px\u00bb text_font_size_phone=\u00bb32px\u00bb text_font_size_last_edited=\u00bbon|phone\u00bb global_colors_info=\u00bb{}\u00bb]<\/p>\n<p>Colaboradores<\/p>\n<p>[\/et_pb_text][\/et_pb_column][\/et_pb_row][et_pb_row column_structure=\u00bb1_4,1_4,1_4,1_4&#8243; use_custom_gutter=\u00bbon\u00bb make_equal=\u00bbon\u00bb _builder_version=\u00bb4.20.4&#8243; _module_preset=\u00bbdefault\u00bb max_width=\u00bb1200px\u00bb custom_padding=\u00bb1px|||||\u00bb custom_css_main_element=\u00bbalign-items: center;\u00bb global_colors_info=\u00bb{}\u00bb][et_pb_column type=\u00bb1_4&#8243; _builder_version=\u00bb4.20.4&#8243; _module_preset=\u00bbdefault\u00bb global_colors_info=\u00bb{}\u00bb][et_pb_image src=\u00bbhttps:\/\/cameratasantcugat.com\/wp-content\/uploads\/2023\/03\/logo-camerata.png\u00bb title_text=\u00bblogo camerata\u00bb url=\u00bb@ET-DC@eyJkeW5hbWljIjp0cnVlLCJjb250ZW50IjoiaG9tZV91cmwiLCJzZXR0aW5ncyI6e319@\u00bb align=\u00bbcenter\u00bb _builder_version=\u00bb4.20.4&#8243; _dynamic_attributes=\u00bburl\u00bb _module_preset=\u00bbdefault\u00bb vertical_offset=\u00bb114px\u00bb horizontal_offset=\u00bb8px\u00bb custom_padding=\u00bb||||false|false\u00bb global_colors_info=\u00bb{}\u00bb][\/et_pb_image][\/et_pb_column][et_pb_column type=\u00bb1_4&#8243; _builder_version=\u00bb4.20.4&#8243; _module_preset=\u00bbdefault\u00bb global_colors_info=\u00bb{}\u00bb][et_pb_image src=\u00bbhttps:\/\/cameratasantcugat.com\/wp-content\/uploads\/2023\/04\/logo-principal-negre.png\u00bb title_text=\u00bblogo-principal-negre\u00bb align=\u00bbcenter\u00bb _builder_version=\u00bb4.20.4&#8243; _module_preset=\u00bbdefault\u00bb vertical_offset=\u00bb114px\u00bb horizontal_offset=\u00bb8px\u00bb custom_padding=\u00bb||||false|false\u00bb global_colors_info=\u00bb{}\u00bb][\/et_pb_image][\/et_pb_column][et_pb_column type=\u00bb1_4&#8243; _builder_version=\u00bb4.20.4&#8243; _module_preset=\u00bbdefault\u00bb global_colors_info=\u00bb{}\u00bb][et_pb_image src=\u00bbhttps:\/\/cameratasantcugat.com\/wp-content\/uploads\/2023\/04\/general.jpg\u00bb title_text=\u00bbgeneral\u00bb align=\u00bbcenter\u00bb _builder_version=\u00bb4.20.4&#8243; _module_preset=\u00bbdefault\u00bb vertical_offset=\u00bb114px\u00bb horizontal_offset=\u00bb8px\u00bb custom_padding=\u00bb||||false|false\u00bb global_colors_info=\u00bb{}\u00bb][\/et_pb_image][\/et_pb_column][et_pb_column type=\u00bb1_4&#8243; _builder_version=\u00bb4.20.4&#8243; _module_preset=\u00bbdefault\u00bb global_colors_info=\u00bb{}\u00bb][et_pb_image src=\u00bbhttps:\/\/cameratasantcugat.com\/wp-content\/uploads\/2023\/04\/museu.jpg\u00bb title_text=\u00bbmuseu\u00bb align=\u00bbcenter\u00bb _builder_version=\u00bb4.20.4&#8243; _module_preset=\u00bbdefault\u00bb vertical_offset=\u00bb114px\u00bb horizontal_offset=\u00bb8px\u00bb custom_padding=\u00bb||||false|false\u00bb global_colors_info=\u00bb{}\u00bb][\/et_pb_image][\/et_pb_column][\/et_pb_row][et_pb_row column_structure=\u00bb1_4,1_4,1_4,1_4&#8243; use_custom_gutter=\u00bbon\u00bb make_equal=\u00bbon\u00bb _builder_version=\u00bb4.20.4&#8243; _module_preset=\u00bbdefault\u00bb max_width=\u00bb1200px\u00bb custom_padding=\u00bb1px|||||\u00bb custom_css_main_element=\u00bbalign-items: center;\u00bb global_colors_info=\u00bb{}\u00bb][et_pb_column type=\u00bb1_4&#8243; _builder_version=\u00bb4.20.4&#8243; _module_preset=\u00bbdefault\u00bb global_colors_info=\u00bb{}\u00bb][et_pb_image src=\u00bbhttps:\/\/cameratasantcugat.com\/wp-content\/uploads\/2023\/04\/logo-petit.bmp\u00bb title_text=\u00bblogo petit\u00bb align=\u00bbcenter\u00bb _builder_version=\u00bb4.20.4&#8243; _module_preset=\u00bbdefault\u00bb vertical_offset=\u00bb114px\u00bb horizontal_offset=\u00bb8px\u00bb custom_padding=\u00bb||||false|false\u00bb global_colors_info=\u00bb{}\u00bb][\/et_pb_image][\/et_pb_column][et_pb_column type=\u00bb1_4&#8243; _builder_version=\u00bb4.20.4&#8243; _module_preset=\u00bbdefault\u00bb global_colors_info=\u00bb{}\u00bb][et_pb_image src=\u00bbhttps:\/\/cameratasantcugat.com\/wp-content\/uploads\/2023\/04\/JaumeAragall.jpg\u00bb title_text=\u00bbJaumeAragall\u00bb align=\u00bbcenter\u00bb _builder_version=\u00bb4.20.4&#8243; _module_preset=\u00bbdefault\u00bb vertical_offset=\u00bb114px\u00bb horizontal_offset=\u00bb8px\u00bb custom_padding=\u00bb||||false|false\u00bb global_colors_info=\u00bb{}\u00bb][\/et_pb_image][\/et_pb_column][et_pb_column type=\u00bb1_4&#8243; _builder_version=\u00bb4.20.4&#8243; _module_preset=\u00bbdefault\u00bb global_colors_info=\u00bb{}\u00bb][et_pb_image src=\u00bbhttps:\/\/cameratasantcugat.com\/wp-content\/uploads\/2023\/04\/190801-apropera-cedida.jpg\u00bb title_text=\u00bb190801-apropera-cedida\u00bb align=\u00bbcenter\u00bb _builder_version=\u00bb4.20.4&#8243; _module_preset=\u00bbdefault\u00bb vertical_offset=\u00bb114px\u00bb horizontal_offset=\u00bb8px\u00bb custom_padding=\u00bb||||false|false\u00bb global_colors_info=\u00bb{}\u00bb][\/et_pb_image][\/et_pb_column][et_pb_column type=\u00bb1_4&#8243; _builder_version=\u00bb4.20.4&#8243; _module_preset=\u00bbdefault\u00bb global_colors_info=\u00bb{}\u00bb][et_pb_image src=\u00bbhttps:\/\/cameratasantcugat.com\/wp-content\/uploads\/2023\/04\/Logo-Sant-Cugat-TV.png\u00bb title_text=\u00bbLogo-Sant-Cugat-TV\u00bb align=\u00bbcenter\u00bb _builder_version=\u00bb4.20.4&#8243; _module_preset=\u00bbdefault\u00bb vertical_offset=\u00bb114px\u00bb horizontal_offset=\u00bb8px\u00bb z_index=\u00bb72&#8243; custom_padding=\u00bb||||false|false\u00bb global_colors_info=\u00bb{}\u00bb][\/et_pb_image][\/et_pb_column][\/et_pb_row][\/et_pb_section][et_pb_section fb_built=\u00bb1&#8243; _builder_version=\u00bb4.20.4&#8243; _module_preset=\u00bbdefault\u00bb background_color=\u00bb#000000&#8243; custom_padding=\u00bb8px||8px||true|false\u00bb global_colors_info=\u00bb{}\u00bb][et_pb_row _builder_version=\u00bb4.20.4&#8243; _module_preset=\u00bbdefault\u00bb max_width=\u00bb1200px\u00bb custom_padding=\u00bb12px||16px||false|false\u00bb global_colors_info=\u00bb{}\u00bb][et_pb_column type=\u00bb4_4&#8243; _builder_version=\u00bb4.20.4&#8243; _module_preset=\u00bbdefault\u00bb global_colors_info=\u00bb{}\u00bb][et_pb_text _builder_version=\u00bb4.20.4&#8243; _module_preset=\u00bbdefault\u00bb text_font=\u00bbManrope||||||||\u00bb text_text_color=\u00bb#FFFFFF\u00bb text_font_size=\u00bb17px\u00bb text_orientation=\u00bbcenter\u00bb global_colors_info=\u00bb{}\u00bb]<\/p>\n<p style=\"text-align: center;\"><a href=\"https:\/\/cameratasantcugat.com\/es\/?page_id=483\"><span style=\"color: #ffffff;\">Aviso legal, pol\u00edtica de privacidad y de cookies<\/span><\/a><\/p>\n<p>[\/et_pb_text][\/et_pb_column][\/et_pb_row][\/et_pb_section]<\/p>\n","protected":false},"excerpt":{"rendered":"<p>XVIII CursoInternacionalde Canto CamerataSant CugatFormaci\u00f3n integral de la voz profesionalEl Curso internacional de canto de Camerata Sant Cugat celebra su decimoctava edici\u00f3n con un programa de conciertos, actividades y talleres que tendr\u00e1 lugar en Sant Cugat del 8 al 13 de julio de 2024Reserva tu plaza enviando un mail a julia.salvador@cameratasantcugat.comIremos publicando toda la informaci\u00f3n [&hellip;]<\/p>\n","protected":false},"author":1,"featured_media":0,"parent":0,"menu_order":0,"comment_status":"closed","ping_status":"closed","template":"","meta":{"_et_pb_use_builder":"on","_et_pb_old_content":"","_et_gb_content_width":"","footnotes":""},"class_list":["post-461","page","type-page","status-publish","hentry"],"yoast_head":"<!-- This site is optimized with the Yoast SEO plugin v22.7 - https:\/\/yoast.com\/wordpress\/plugins\/seo\/ -->\n<title>Curso internacional de canto de Camerata Sant Cugat - Camerata Sant Cugat<\/title>\n<meta name=\"robots\" content=\"index, follow, max-snippet:-1, max-image-preview:large, max-video-preview:-1\" \/>\n<link rel=\"canonical\" href=\"https:\/\/cameratasantcugat.com\/es\/\" \/>\n<meta property=\"og:locale\" content=\"es_ES\" \/>\n<meta property=\"og:type\" content=\"article\" \/>\n<meta property=\"og:title\" content=\"Curso internacional de canto de Camerata Sant Cugat - Camerata Sant Cugat\" \/>\n<meta property=\"og:description\" content=\"XVIII CursoInternacionalde Canto CamerataSant CugatFormaci\u00f3n integral de la voz profesionalEl Curso internacional de canto de Camerata Sant Cugat celebra su decimoctava edici\u00f3n con un programa de conciertos, actividades y talleres que tendr\u00e1 lugar en Sant Cugat del 8 al 13 de julio de 2024Reserva tu plaza enviando un mail a julia.salvador@cameratasantcugat.comIremos publicando toda la informaci\u00f3n [&hellip;]\" \/>\n<meta property=\"og:url\" content=\"https:\/\/cameratasantcugat.com\/es\/\" \/>\n<meta property=\"og:site_name\" content=\"Camerata Sant Cugat\" \/>\n<meta property=\"article:publisher\" content=\"https:\/\/www.facebook.com\/profile.php?id=100063762751473\" \/>\n<meta property=\"article:modified_time\" content=\"2024-05-15T15:37:49+00:00\" \/>\n<meta name=\"twitter:card\" content=\"summary_large_image\" \/>\n<meta name=\"twitter:label1\" content=\"Tiempo de lectura\" \/>\n\t<meta name=\"twitter:data1\" content=\"58 minutos\" \/>\n<script type=\"application\/ld+json\" class=\"yoast-schema-graph\">{\"@context\":\"https:\/\/schema.org\",\"@graph\":[{\"@type\":\"WebPage\",\"@id\":\"https:\/\/cameratasantcugat.com\/es\/\",\"url\":\"https:\/\/cameratasantcugat.com\/es\/\",\"name\":\"Curso internacional de canto de Camerata Sant Cugat - Camerata Sant Cugat\",\"isPartOf\":{\"@id\":\"http:\/\/cameratasantcugat.com\/es\/#website\"},\"datePublished\":\"2023-03-23T16:36:50+00:00\",\"dateModified\":\"2024-05-15T15:37:49+00:00\",\"breadcrumb\":{\"@id\":\"https:\/\/cameratasantcugat.com\/es\/#breadcrumb\"},\"inLanguage\":\"es\",\"potentialAction\":[{\"@type\":\"ReadAction\",\"target\":[\"https:\/\/cameratasantcugat.com\/es\/\"]}]},{\"@type\":\"BreadcrumbList\",\"@id\":\"https:\/\/cameratasantcugat.com\/es\/#breadcrumb\",\"itemListElement\":[{\"@type\":\"ListItem\",\"position\":1,\"name\":\"Inici\",\"item\":\"https:\/\/cameratasantcugat.com\/es\/\"},{\"@type\":\"ListItem\",\"position\":2,\"name\":\"Curso internacional de canto de Camerata Sant Cugat\"}]},{\"@type\":\"WebSite\",\"@id\":\"http:\/\/cameratasantcugat.com\/es\/#website\",\"url\":\"http:\/\/cameratasantcugat.com\/es\/\",\"name\":\"Camerata Sant Cugat\",\"description\":\"Curs Internacional de Cant\",\"publisher\":{\"@id\":\"http:\/\/cameratasantcugat.com\/es\/#organization\"},\"potentialAction\":[{\"@type\":\"SearchAction\",\"target\":{\"@type\":\"EntryPoint\",\"urlTemplate\":\"http:\/\/cameratasantcugat.com\/es\/?s={search_term_string}\"},\"query-input\":\"required name=search_term_string\"}],\"inLanguage\":\"es\"},{\"@type\":\"Organization\",\"@id\":\"http:\/\/cameratasantcugat.com\/es\/#organization\",\"name\":\"Camerata Sant Cugat\",\"url\":\"http:\/\/cameratasantcugat.com\/es\/\",\"logo\":{\"@type\":\"ImageObject\",\"inLanguage\":\"es\",\"@id\":\"http:\/\/cameratasantcugat.com\/es\/#\/schema\/logo\/image\/\",\"url\":\"https:\/\/cameratasantcugat.com\/wp-content\/uploads\/2023\/03\/logo-camerata.png\",\"contentUrl\":\"https:\/\/cameratasantcugat.com\/wp-content\/uploads\/2023\/03\/logo-camerata.png\",\"width\":316,\"height\":74,\"caption\":\"Camerata Sant Cugat\"},\"image\":{\"@id\":\"http:\/\/cameratasantcugat.com\/es\/#\/schema\/logo\/image\/\"},\"sameAs\":[\"https:\/\/www.facebook.com\/profile.php?id=100063762751473\",\"https:\/\/www.instagram.com\/cameratastcugat\/\"]}]}<\/script>\n<!-- \/ Yoast SEO plugin. -->","yoast_head_json":{"title":"Curso internacional de canto de Camerata Sant Cugat - Camerata Sant Cugat","robots":{"index":"index","follow":"follow","max-snippet":"max-snippet:-1","max-image-preview":"max-image-preview:large","max-video-preview":"max-video-preview:-1"},"canonical":"https:\/\/cameratasantcugat.com\/es\/","og_locale":"es_ES","og_type":"article","og_title":"Curso internacional de canto de Camerata Sant Cugat - Camerata Sant Cugat","og_description":"XVIII CursoInternacionalde Canto CamerataSant CugatFormaci\u00f3n integral de la voz profesionalEl Curso internacional de canto de Camerata Sant Cugat celebra su decimoctava edici\u00f3n con un programa de conciertos, actividades y talleres que tendr\u00e1 lugar en Sant Cugat del 8 al 13 de julio de 2024Reserva tu plaza enviando un mail a julia.salvador@cameratasantcugat.comIremos publicando toda la informaci\u00f3n [&hellip;]","og_url":"https:\/\/cameratasantcugat.com\/es\/","og_site_name":"Camerata Sant Cugat","article_publisher":"https:\/\/www.facebook.com\/profile.php?id=100063762751473","article_modified_time":"2024-05-15T15:37:49+00:00","twitter_card":"summary_large_image","twitter_misc":{"Tiempo de lectura":"58 minutos"},"schema":{"@context":"https:\/\/schema.org","@graph":[{"@type":"WebPage","@id":"https:\/\/cameratasantcugat.com\/es\/","url":"https:\/\/cameratasantcugat.com\/es\/","name":"Curso internacional de canto de Camerata Sant Cugat - Camerata Sant Cugat","isPartOf":{"@id":"http:\/\/cameratasantcugat.com\/es\/#website"},"datePublished":"2023-03-23T16:36:50+00:00","dateModified":"2024-05-15T15:37:49+00:00","breadcrumb":{"@id":"https:\/\/cameratasantcugat.com\/es\/#breadcrumb"},"inLanguage":"es","potentialAction":[{"@type":"ReadAction","target":["https:\/\/cameratasantcugat.com\/es\/"]}]},{"@type":"BreadcrumbList","@id":"https:\/\/cameratasantcugat.com\/es\/#breadcrumb","itemListElement":[{"@type":"ListItem","position":1,"name":"Inici","item":"https:\/\/cameratasantcugat.com\/es\/"},{"@type":"ListItem","position":2,"name":"Curso internacional de canto de Camerata Sant Cugat"}]},{"@type":"WebSite","@id":"http:\/\/cameratasantcugat.com\/es\/#website","url":"http:\/\/cameratasantcugat.com\/es\/","name":"Camerata Sant Cugat","description":"Curs Internacional de Cant","publisher":{"@id":"http:\/\/cameratasantcugat.com\/es\/#organization"},"potentialAction":[{"@type":"SearchAction","target":{"@type":"EntryPoint","urlTemplate":"http:\/\/cameratasantcugat.com\/es\/?s={search_term_string}"},"query-input":"required name=search_term_string"}],"inLanguage":"es"},{"@type":"Organization","@id":"http:\/\/cameratasantcugat.com\/es\/#organization","name":"Camerata Sant Cugat","url":"http:\/\/cameratasantcugat.com\/es\/","logo":{"@type":"ImageObject","inLanguage":"es","@id":"http:\/\/cameratasantcugat.com\/es\/#\/schema\/logo\/image\/","url":"https:\/\/cameratasantcugat.com\/wp-content\/uploads\/2023\/03\/logo-camerata.png","contentUrl":"https:\/\/cameratasantcugat.com\/wp-content\/uploads\/2023\/03\/logo-camerata.png","width":316,"height":74,"caption":"Camerata Sant Cugat"},"image":{"@id":"http:\/\/cameratasantcugat.com\/es\/#\/schema\/logo\/image\/"},"sameAs":["https:\/\/www.facebook.com\/profile.php?id=100063762751473","https:\/\/www.instagram.com\/cameratastcugat\/"]}]}},"_links":{"self":[{"href":"https:\/\/cameratasantcugat.com\/es\/wp-json\/wp\/v2\/pages\/461","targetHints":{"allow":["GET"]}}],"collection":[{"href":"https:\/\/cameratasantcugat.com\/es\/wp-json\/wp\/v2\/pages"}],"about":[{"href":"https:\/\/cameratasantcugat.com\/es\/wp-json\/wp\/v2\/types\/page"}],"author":[{"embeddable":true,"href":"https:\/\/cameratasantcugat.com\/es\/wp-json\/wp\/v2\/users\/1"}],"replies":[{"embeddable":true,"href":"https:\/\/cameratasantcugat.com\/es\/wp-json\/wp\/v2\/comments?post=461"}],"version-history":[{"count":24,"href":"https:\/\/cameratasantcugat.com\/es\/wp-json\/wp\/v2\/pages\/461\/revisions"}],"predecessor-version":[{"id":597,"href":"https:\/\/cameratasantcugat.com\/es\/wp-json\/wp\/v2\/pages\/461\/revisions\/597"}],"wp:attachment":[{"href":"https:\/\/cameratasantcugat.com\/es\/wp-json\/wp\/v2\/media?parent=461"}],"curies":[{"name":"wp","href":"https:\/\/api.w.org\/{rel}","templated":true}]}}