{"id":489,"date":"2023-04-14T15:18:50","date_gmt":"2023-04-14T15:18:50","guid":{"rendered":"https:\/\/cameratasantcugat.com\/teacher\/"},"modified":"2023-04-25T10:40:33","modified_gmt":"2023-04-25T10:40:33","slug":"teacher","status":"publish","type":"page","link":"https:\/\/cameratasantcugat.com\/en\/teacher\/","title":{"rendered":"Teachers"},"content":{"rendered":"<p>[et_pb_section fb_built=&#8221;1&#8243; admin_label=&#8221;Features&#8221; _builder_version=&#8221;4.20.4&#8243; _module_preset=&#8221;default&#8221; background_color=&#8221;rgba(15,1,34,0)&#8221; background_enable_image=&#8221;off&#8221; background_size=&#8221;initial&#8221; background_position=&#8221;top_center&#8221; custom_margin=&#8221;||||false|false&#8221; custom_padding=&#8221;60px||1px||false|false&#8221; collapsed=&#8221;on&#8221; global_colors_info=&#8221;{}&#8221;][et_pb_row _builder_version=&#8221;4.20.4&#8243; _module_preset=&#8221;default&#8221; max_width=&#8221;1200px&#8221; module_alignment=&#8221;left&#8221; global_colors_info=&#8221;{}&#8221;][et_pb_column type=&#8221;4_4&#8243; _builder_version=&#8221;4.20.4&#8243; _module_preset=&#8221;default&#8221; global_colors_info=&#8221;{}&#8221;][et_pb_text _builder_version=&#8221;4.20.4&#8243; _module_preset=&#8221;default&#8221; text_font=&#8221;Abhaya Libre|800|||||||&#8221; text_text_color=&#8221;#d3ac00&#8243; text_font_size=&#8221;30px&#8221; custom_margin=&#8221;|||5%|false|false&#8221; link_option_url=&#8221;https:\/\/cameratasantcugat.com\/en\/&#8221; global_colors_info=&#8221;{}&#8221;]<\/p>\n<p>\u2190 return to the singing course page<\/p>\n<p>[\/et_pb_text][\/et_pb_column][\/et_pb_row][et_pb_row _builder_version=&#8221;4.20.4&#8243; _module_preset=&#8221;default&#8221; max_width=&#8221;1200px&#8221; custom_margin=&#8221;||||false|false&#8221; custom_padding=&#8221;||||false|false&#8221; global_colors_info=&#8221;{}&#8221;][et_pb_column type=&#8221;4_4&#8243; _builder_version=&#8221;4.20.4&#8243; _module_preset=&#8221;default&#8221; global_colors_info=&#8221;{}&#8221;][et_pb_text _builder_version=&#8221;4.20.4&#8243; _module_preset=&#8221;d99b4c32-71c7-45df-aba2-1e7f3033feb5&#8243; header_2_font=&#8221;Abhaya Libre|800|||||||&#8221; header_2_text_color=&#8221;#FFFFFF&#8221; header_2_font_size=&#8221;72px&#8221; header_2_line_height=&#8221;1.2em&#8221; custom_margin=&#8221;||-4px||false|false&#8221; header_2_font_size_tablet=&#8221;32px&#8221; header_2_font_size_phone=&#8221;20px&#8221; header_2_font_size_last_edited=&#8221;on|desktop&#8221; global_colors_info=&#8221;{}&#8221;]<\/p>\n<h2><span style=\"color: #af0b43;\">The teaching staff of the course<\/span><\/h2>\n<p>[\/et_pb_text][\/et_pb_column][\/et_pb_row][et_pb_row _builder_version=&#8221;4.20.4&#8243; _module_preset=&#8221;default&#8221; background_color=&#8221;#1D5288&#8243; max_width=&#8221;1200px&#8221; custom_margin=&#8221;2px|auto|20px|auto|false|false&#8221; custom_padding=&#8221;4px||4px|||&#8221; border_radii=&#8221;on|10px|10px|10px|10px&#8221; global_colors_info=&#8221;{}&#8221;][et_pb_column type=&#8221;4_4&#8243; _builder_version=&#8221;4.20.4&#8243; _module_preset=&#8221;default&#8221; global_colors_info=&#8221;{}&#8221;][et_pb_text _builder_version=&#8221;4.20.4&#8243; _module_preset=&#8221;default&#8221; text_font=&#8221;Abhaya Libre|800|||||||&#8221; text_text_color=&#8221;#FFFFFF&#8221; text_font_size=&#8221;25px&#8221; text_line_height=&#8221;1.4em&#8221; custom_padding=&#8221;5px||5px|20px|true|false&#8221; global_colors_info=&#8221;{}&#8221;]<\/p>\n<p>Masters of the course<\/p>\n<p>[\/et_pb_text][\/et_pb_column][\/et_pb_row][et_pb_row column_structure=&#8221;1_3,2_3&#8243; _builder_version=&#8221;4.20.4&#8243; _module_preset=&#8221;default&#8221; max_width=&#8221;1200px&#8221; custom_margin=&#8221;||||false|false&#8221; custom_padding=&#8221;||||false|false&#8221; global_colors_info=&#8221;{}&#8221;][et_pb_column type=&#8221;1_3&#8243; _builder_version=&#8221;4.20.4&#8243; _module_preset=&#8221;default&#8221; global_colors_info=&#8221;{}&#8221;][et_pb_text _builder_version=&#8221;4.20.4&#8243; _module_preset=&#8221;default&#8221; text_font=&#8221;Abhaya Libre|700|||||||&#8221; text_text_color=&#8221;#1D5288&#8243; text_font_size=&#8221;25px&#8221; text_orientation=&#8221;center&#8221; global_colors_info=&#8221;{}&#8221;]<\/p>\n<p>Francesca Roig, mezzosoprano<\/p>\n<p>[\/et_pb_text][et_pb_image src=&#8221;https:\/\/cameratasantcugat.com\/wp-content\/uploads\/2023\/04\/FrancescaRoig-e1681458136213.png&#8221; title_text=&#8221;FrancescaRoig&#8221; align=&#8221;center&#8221; _builder_version=&#8221;4.20.4&#8243; _module_preset=&#8221;default&#8221; width=&#8221;80%&#8221; border_radii=&#8221;on|500px|500px|500px|500px&#8221; global_colors_info=&#8221;{}&#8221;][\/et_pb_image][\/et_pb_column][et_pb_column type=&#8221;2_3&#8243; _builder_version=&#8221;4.20.4&#8243; _module_preset=&#8221;default&#8221; global_colors_info=&#8221;{}&#8221;][et_pb_text _builder_version=&#8221;4.20.4&#8243; _module_preset=&#8221;c59f59cf-3261-49fe-bbf0-3e417c0152c6&#8243; text_font=&#8221;Manrope||||||||&#8221; text_text_color=&#8221;#1D5288&#8243; text_font_size=&#8221;18px&#8221; text_line_height=&#8221;1.8em&#8221; text_orientation=&#8221;justified&#8221; text_font_size_tablet=&#8221;18px&#8221; text_font_size_phone=&#8221;18px&#8221; text_font_size_last_edited=&#8221;on|phone&#8221; global_colors_info=&#8221;{}&#8221;]<\/p>\n<p><span style=\"font-weight: 400;\">Since her debut at the Gran Teatre del Liceu in the 79\/80 season with Rigoletto and La Traviata, she has been invited to participate regularly in the programming of said theater, acting in Traviata, Madame Butterfly, Elektra, La Fiamma, Dame de Pique, Lohengrin, Die Frau onhe Schatten, Manon Lescaut, La Vierge by Jules Massenet in the role of Maria Magdalena (Palau de la M\u00fasica) together with Montserrat Caball\u00e9 and Sly with Josep Carreras and Sherril Milnes.<\/span><\/p>\n<p><span style=\"font-weight: 400;\">Her performances in various Spanish cities as well as at the Peralada International Festival (La Traviata and Gianni Schicchi) stand out. She is also a performer of Oratorios, among which Bach&#8217;s ST Mathew\u2019s Passion stands out in Pamplona and Santander, as well as Rossini&#8217;s Stabat Mater at the Arriaga Theater in Bilbao.<\/span><\/p>\n<p><span style=\"font-weight: 400;\">Highlighting the debut at the Teatro de la Zarzuela in Madrid with the opera Ermione by Rossini (1988) together with Montserrat Caball\u00e9 and Chris Merritt, followed by other titles such as Adriana Lecouvreur, Suor Angelica, Dame de Pique, Il Trovatore, La Traviata, Lucia de Lammour, etc. Internationally she has sung at the Edinburgh Festival and at the Francesco Cilea Theater in Reggio Calabria, etc.<\/span><\/p>\n<p><span style=\"font-weight: 400;\">She is a teacher of singing, vocal technique and breathing teaching Master Class in Spain, Italy, France and Poland. Since 2013, she has collaborated with the AAOS (Associaci\u00f3 Amics de l&#8217; \u00d2pera de Sabadell) in the annual Opera Workshop, in addition to collaborating with the recently established \u00d3pera Actual Foundation for young people with scholarships as a singing teacher.<\/span><\/p>\n<p>[\/et_pb_text][\/et_pb_column][\/et_pb_row][et_pb_row _builder_version=&#8221;4.20.4&#8243; _module_preset=&#8221;default&#8221; custom_padding=&#8221;15px||5px||false|false&#8221; global_colors_info=&#8221;{}&#8221;][et_pb_column type=&#8221;4_4&#8243; _builder_version=&#8221;4.20.4&#8243; _module_preset=&#8221;default&#8221; global_colors_info=&#8221;{}&#8221;][et_pb_divider color=&#8221;#1D5288&#8243; _builder_version=&#8221;4.20.4&#8243; _module_preset=&#8221;default&#8221; global_colors_info=&#8221;{}&#8221;][\/et_pb_divider][\/et_pb_column][\/et_pb_row][et_pb_row column_structure=&#8221;1_3,2_3&#8243; _builder_version=&#8221;4.20.4&#8243; _module_preset=&#8221;default&#8221; max_width=&#8221;1200px&#8221; custom_margin=&#8221;||||false|false&#8221; custom_padding=&#8221;||||false|false&#8221; global_colors_info=&#8221;{}&#8221;][et_pb_column type=&#8221;1_3&#8243; _builder_version=&#8221;4.20.4&#8243; _module_preset=&#8221;default&#8221; global_colors_info=&#8221;{}&#8221;][et_pb_text _builder_version=&#8221;4.20.4&#8243; _module_preset=&#8221;default&#8221; text_font=&#8221;Abhaya Libre|700|||||||&#8221; text_text_color=&#8221;#1D5288&#8243; text_font_size=&#8221;25px&#8221; text_orientation=&#8221;center&#8221; global_colors_info=&#8221;{}&#8221;]<\/p>\n<p>Carmen Bustamante, soprano<\/p>\n<p>[\/et_pb_text][et_pb_image src=&#8221;https:\/\/cameratasantcugat.com\/wp-content\/uploads\/2023\/04\/Carmen-Bustamante-e1681458321243.jpg&#8221; title_text=&#8221;Carmen Bustamante&#8221; align=&#8221;center&#8221; _builder_version=&#8221;4.20.4&#8243; _module_preset=&#8221;default&#8221; width=&#8221;80%&#8221; filter_saturate=&#8221;0%&#8221; border_radii=&#8221;on|500px|500px|500px|500px&#8221; global_colors_info=&#8221;{}&#8221;][\/et_pb_image][\/et_pb_column][et_pb_column type=&#8221;2_3&#8243; _builder_version=&#8221;4.20.4&#8243; _module_preset=&#8221;default&#8221; global_colors_info=&#8221;{}&#8221;][et_pb_text _builder_version=&#8221;4.20.4&#8243; _module_preset=&#8221;c59f59cf-3261-49fe-bbf0-3e417c0152c6&#8243; text_font=&#8221;Manrope||||||||&#8221; text_text_color=&#8221;#1D5288&#8243; text_font_size=&#8221;18px&#8221; text_line_height=&#8221;1.8em&#8221; text_orientation=&#8221;justified&#8221; text_font_size_tablet=&#8221;18px&#8221; text_font_size_phone=&#8221;18px&#8221; text_font_size_last_edited=&#8221;on|phone&#8221; global_colors_info=&#8221;{}&#8221;]<\/p>\n<p style=\"text-align: justify;\"><span style=\"font-weight: 400;\">His activity as a lyric singer has cultivated the fields of recital, oratorio and opera and has been developed for more than forty years in Spain, France, Germany, Italy, Switzerland, the Soviet Union, China, Japan and Argentina .<\/span><\/p>\n<p><span style=\"font-weight: 400;\">The composers Rom\u00e1n Al\u00eds, Armand Blanquer, Benet Casablancas, Rafael Ferrer, Manuel Garc\u00eda Morante, Ernesto Halffer, Frederic Mompou, Xavier Montsalvatge, Federico Moreno Torroba, Joaquin Nin Culmell, Jordi Sabat\u00e9s, Matilde Salvador, Josep Soler, Xavier Turull and Manuel Valls, Manuel Oltra and Salvador Pueyo, entrusted him with premieres of their works, some of which were created for his voice.<\/span><\/p>\n<p><span style=\"font-weight: 400;\">Her pedagogical side is linked to the Superior Conservatory of Music of the Liceu de Barcelona, where she has been a singing teacher and Academic Director of the Escola Superior de Cant. She has also been a guest professor at the Superior Conservatory of Music of the Balearic Islands.<\/span><\/p>\n<p><span style=\"font-weight: 400;\">His extensive discography includes oratorio, opera and Catalan and Castilian song. Awards and recognitions:<\/span><\/p>\n<ul>\n<li style=\"font-weight: 400;\" aria-level=\"1\"><span style=\"font-weight: 400;\">&#8220;L&#8217;Orph\u00e9e d&#8217;Or&#8221; award from the Acad\u00e9mie National Fran\u00e7aise du disque Lyrique.<\/span><\/li>\n<li style=\"font-weight: 400;\" aria-level=\"1\"><span style=\"font-weight: 400;\">1988 National Disc Award from the Ministry of Culture of Spain.<\/span><\/li>\n<li style=\"font-weight: 400;\" aria-level=\"1\"><span style=\"font-weight: 400;\">Cross of Sant Jordi of the Generalitat of Catalonia in 1992.<\/span><\/li>\n<\/ul>\n<p>[\/et_pb_text][\/et_pb_column][\/et_pb_row][et_pb_row _builder_version=&#8221;4.20.4&#8243; _module_preset=&#8221;default&#8221; background_color=&#8221;#1D5288&#8243; max_width=&#8221;1200px&#8221; custom_margin=&#8221;2px|auto|20px|auto|false|false&#8221; custom_padding=&#8221;4px||4px|||&#8221; border_radii=&#8221;on|10px|10px|10px|10px&#8221; global_colors_info=&#8221;{}&#8221;][et_pb_column type=&#8221;4_4&#8243; _builder_version=&#8221;4.20.4&#8243; _module_preset=&#8221;default&#8221; global_colors_info=&#8221;{}&#8221;][et_pb_text _builder_version=&#8221;4.20.4&#8243; _module_preset=&#8221;default&#8221; text_font=&#8221;Abhaya Libre|800|||||||&#8221; text_text_color=&#8221;#FFFFFF&#8221; text_font_size=&#8221;25px&#8221; text_line_height=&#8221;1.4em&#8221; custom_padding=&#8221;5px||5px|20px|true|false&#8221; global_colors_info=&#8221;{}&#8221;]<\/p>\n<p>Vocal technique, interpretation, Alexander technique and workshops<\/p>\n<p>[\/et_pb_text][\/et_pb_column][\/et_pb_row][et_pb_row column_structure=&#8221;1_3,2_3&#8243; _builder_version=&#8221;4.20.4&#8243; _module_preset=&#8221;default&#8221; max_width=&#8221;1200px&#8221; custom_margin=&#8221;||||false|false&#8221; custom_padding=&#8221;||||false|false&#8221; global_colors_info=&#8221;{}&#8221;][et_pb_column type=&#8221;1_3&#8243; _builder_version=&#8221;4.20.4&#8243; _module_preset=&#8221;default&#8221; global_colors_info=&#8221;{}&#8221;][et_pb_text _builder_version=&#8221;4.20.4&#8243; _module_preset=&#8221;default&#8221; text_font=&#8221;Abhaya Libre|700|||||||&#8221; text_text_color=&#8221;#1D5288&#8243; text_font_size=&#8221;25px&#8221; text_orientation=&#8221;center&#8221; global_colors_info=&#8221;{}&#8221;]<\/p>\n<p>Jordi Casanova, tenor<\/p>\n<p>[\/et_pb_text][et_pb_image src=&#8221;https:\/\/cameratasantcugat.com\/wp-content\/uploads\/2023\/04\/JordiCasanova-e1681457818460.jpeg&#8221; title_text=&#8221;JordiCasanova&#8221; align=&#8221;center&#8221; _builder_version=&#8221;4.20.4&#8243; _module_preset=&#8221;default&#8221; width=&#8221;80%&#8221; border_radii=&#8221;on|500px|500px|500px|500px&#8221; global_colors_info=&#8221;{}&#8221;][\/et_pb_image][\/et_pb_column][et_pb_column type=&#8221;2_3&#8243; _builder_version=&#8221;4.20.4&#8243; _module_preset=&#8221;default&#8221; global_colors_info=&#8221;{}&#8221;][et_pb_text _builder_version=&#8221;4.20.4&#8243; _module_preset=&#8221;c59f59cf-3261-49fe-bbf0-3e417c0152c6&#8243; text_font=&#8221;Manrope||||||||&#8221; text_text_color=&#8221;#1D5288&#8243; text_font_size=&#8221;18px&#8221; text_line_height=&#8221;1.8em&#8221; text_orientation=&#8221;justified&#8221; text_font_size_tablet=&#8221;18px&#8221; text_font_size_phone=&#8221;18px&#8221; text_font_size_last_edited=&#8221;on|phone&#8221; global_colors_info=&#8221;{}&#8221;]<\/p>\n<p><span style=\"font-weight: 400;\">He studied Vocal Studies at the Conservatori Superior Municipal de M\u00fasica de Barcelona, under the mastery of Myriam Francheri and Manuel Garcia Morante. He obtained a higher degree in Vocal performance at the Conservatori del Liceu. He furthered his training with soprano Carme Bustamante. He has also worked with Cindee Sunner and Kurt Widmer. He holds a degree in Musicology from the Autonomous University of Barcelona.<\/span><\/p>\n<p><span style=\"font-weight: 400;\">He has performed numerous operas by Donizetti, Mozart, Rossini and Haydn, among others. He has also sung the main Oratorio works by Bach, Haendel, Vivaldi, Beethoven, Mozart and Haydn; as well as a large number of Catalan and Hispanic authors of the baroque and classical period.<\/span><\/p>\n<p><span style=\"font-weight: 400;\">He has performed in the main theaters and concert halls of Catalonia and Spain such as Liceu, Teatro Real, Maestranza de Sevilla, Euskalduna and Tenerife. He has also performed in Germany, France, Andorra, Italy and Israel. <\/span><\/p>\n<p><span style=\"font-weight: 400;\">He was professor and director of the Magisterio Musical de la Universidad Ramon Llull-Blanquerna. Professor of vocal performance at Amics de la Uni\u00f3 de Granollers, where he develops the pedagogical project Aula de \u00d2pera.<\/span><\/p>\n<p><span style=\"font-weight: 400;\">Since 2018 he is professor of the International Singing Course of Sant Cugat, and since 2019 he is the director.<\/span><span style=\"font-weight: 400;\"><\/span><\/p>\n<p>[\/et_pb_text][\/et_pb_column][\/et_pb_row][et_pb_row _builder_version=&#8221;4.20.4&#8243; _module_preset=&#8221;default&#8221; custom_padding=&#8221;15px||5px||false|false&#8221; global_colors_info=&#8221;{}&#8221;][et_pb_column type=&#8221;4_4&#8243; _builder_version=&#8221;4.20.4&#8243; _module_preset=&#8221;default&#8221; global_colors_info=&#8221;{}&#8221;][et_pb_divider color=&#8221;#1D5288&#8243; _builder_version=&#8221;4.20.4&#8243; _module_preset=&#8221;default&#8221; global_colors_info=&#8221;{}&#8221;][\/et_pb_divider][\/et_pb_column][\/et_pb_row][et_pb_row column_structure=&#8221;1_3,2_3&#8243; _builder_version=&#8221;4.20.4&#8243; _module_preset=&#8221;default&#8221; max_width=&#8221;1200px&#8221; custom_margin=&#8221;||||false|false&#8221; custom_padding=&#8221;||||false|false&#8221; global_colors_info=&#8221;{}&#8221;][et_pb_column type=&#8221;1_3&#8243; _builder_version=&#8221;4.20.4&#8243; _module_preset=&#8221;default&#8221; global_colors_info=&#8221;{}&#8221;][et_pb_text _builder_version=&#8221;4.20.4&#8243; _module_preset=&#8221;default&#8221; text_font=&#8221;Abhaya Libre|700|||||||&#8221; text_text_color=&#8221;#1D5288&#8243; text_font_size=&#8221;25px&#8221; text_orientation=&#8221;center&#8221; global_colors_info=&#8221;{}&#8221;]<\/p>\n<p>Rosa Maria Conesa, soprano<\/p>\n<p>[\/et_pb_text][et_pb_image src=&#8221;https:\/\/cameratasantcugat.com\/wp-content\/uploads\/2023\/04\/RosaMariaConesa-e1681458396271.jpeg&#8221; title_text=&#8221;RosaMariaConesa&#8221; align=&#8221;center&#8221; _builder_version=&#8221;4.20.4&#8243; _module_preset=&#8221;default&#8221; width=&#8221;80%&#8221; filter_saturate=&#8221;0%&#8221; border_radii=&#8221;on|500px|500px|500px|500px&#8221; global_colors_info=&#8221;{}&#8221;][\/et_pb_image][\/et_pb_column][et_pb_column type=&#8221;2_3&#8243; _builder_version=&#8221;4.20.4&#8243; _module_preset=&#8221;default&#8221; global_colors_info=&#8221;{}&#8221;][et_pb_text _builder_version=&#8221;4.20.4&#8243; _module_preset=&#8221;c59f59cf-3261-49fe-bbf0-3e417c0152c6&#8243; text_font=&#8221;Manrope||||||||&#8221; text_text_color=&#8221;#1D5288&#8243; text_font_size=&#8221;18px&#8221; text_line_height=&#8221;1.8em&#8221; text_orientation=&#8221;justified&#8221; text_font_size_tablet=&#8221;18px&#8221; text_font_size_phone=&#8221;18px&#8221; text_font_size_last_edited=&#8221;on|phone&#8221; global_colors_info=&#8221;{}&#8221;]<\/p>\n<p><span style=\"font-weight: 400;\">Born in Barcelona, she studied music and singing at the Conservatori Superior Municipal de M\u00fasica in her hometown, awarding her the Honorary Award for the Superior Degree in Singing at the end of her career.<\/span><\/p>\n<p><span style=\"font-weight: 400;\">He has won several national and international awards. He has sung in different orchestras such as that of Vall\u00e8s, Gran Teatre del Liceu, Orquestra de R\u00e0dio Televisi\u00f3 Espa\u00f1ola, O.B.C., among others.<\/span><\/p>\n<p><span style=\"font-weight: 400;\">It has been directed by highly prestigious teachers such as; Antoni Ros Marba, Roberto Abbado, Uwe Mund, David Robertson, Salvador Brotons, among others.<\/span><\/p>\n<p><span style=\"font-weight: 400;\">She has performed the roles of &#8220;Gilda&#8221; in Rigoletto and &#8220;Micaela&#8221; in Carmen for the Cicle de \u00d3pera de Catalunya.<\/span><\/p>\n<p><span style=\"font-weight: 400;\">Among many performances at the Gran Teatre del Liceu in Barcelona, it is worth highlighting his participation in the following operas: &#8220;Jenufa&#8221; by L. Janacek, &#8220;Die Walk\u00fcre&#8221; by Wagner, &#8220;Pique Dame&#8221; by Tchaikovsky and in the season 92-93 &#8220;Carmen de Bizet&#8221;, stage directed by N\u00faria Espert; as well as &#8220;La Traviata&#8221; by Verdi, in the 01-02 seasons.<\/span><\/p>\n<p><span style=\"font-weight: 400;\">In recent years he has been part of the team of teachers of the Sant Cugat Camerata Singing Course and has collaborated in collective vocal technique classes for various choirs and theater groups, through modern and world music.<\/span><\/p>\n<p><span style=\"font-weight: 400;\">musical He currently teaches singing at the Artmusic School and at the Coco Comin Musical Theater School.<\/span><span style=\"font-weight: 400;\"><\/span><\/p>\n<p>[\/et_pb_text][\/et_pb_column][\/et_pb_row][et_pb_row _builder_version=&#8221;4.20.4&#8243; _module_preset=&#8221;default&#8221; custom_padding=&#8221;15px||5px||false|false&#8221; global_colors_info=&#8221;{}&#8221;][et_pb_column type=&#8221;4_4&#8243; _builder_version=&#8221;4.20.4&#8243; _module_preset=&#8221;default&#8221; global_colors_info=&#8221;{}&#8221;][et_pb_divider color=&#8221;#1D5288&#8243; _builder_version=&#8221;4.20.4&#8243; _module_preset=&#8221;default&#8221; global_colors_info=&#8221;{}&#8221;][\/et_pb_divider][\/et_pb_column][\/et_pb_row][et_pb_row column_structure=&#8221;1_3,2_3&#8243; _builder_version=&#8221;4.20.4&#8243; _module_preset=&#8221;default&#8221; max_width=&#8221;1200px&#8221; custom_margin=&#8221;||||false|false&#8221; custom_padding=&#8221;||||false|false&#8221; global_colors_info=&#8221;{}&#8221;][et_pb_column type=&#8221;1_3&#8243; _builder_version=&#8221;4.20.4&#8243; _module_preset=&#8221;default&#8221; global_colors_info=&#8221;{}&#8221;][et_pb_text _builder_version=&#8221;4.20.4&#8243; _module_preset=&#8221;default&#8221; text_font=&#8221;Abhaya Libre|700|||||||&#8221; text_text_color=&#8221;#1D5288&#8243; text_font_size=&#8221;25px&#8221; text_orientation=&#8221;center&#8221; global_colors_info=&#8221;{}&#8221;]<\/p>\n<p>Marisa Martins, mezzosoprano and Lied Dramaturgy Workshop<\/p>\n<p>[\/et_pb_text][et_pb_image src=&#8221;https:\/\/cameratasantcugat.com\/wp-content\/uploads\/2023\/04\/Marisa-Martins-BN-scaled-e1681458456198.jpg&#8221; title_text=&#8221;SONY DSC&#8221; align=&#8221;center&#8221; _builder_version=&#8221;4.20.4&#8243; _module_preset=&#8221;default&#8221; width=&#8221;80%&#8221; filter_saturate=&#8221;0%&#8221; border_radii=&#8221;on|500px|500px|500px|500px&#8221; global_colors_info=&#8221;{}&#8221;][\/et_pb_image][\/et_pb_column][et_pb_column type=&#8221;2_3&#8243; _builder_version=&#8221;4.20.4&#8243; _module_preset=&#8221;default&#8221; global_colors_info=&#8221;{}&#8221;][et_pb_text _builder_version=&#8221;4.20.4&#8243; _module_preset=&#8221;c59f59cf-3261-49fe-bbf0-3e417c0152c6&#8243; text_font=&#8221;Manrope||||||||&#8221; text_text_color=&#8221;#1D5288&#8243; text_font_size=&#8221;18px&#8221; text_line_height=&#8221;1.8em&#8221; text_orientation=&#8221;justified&#8221; text_font_size_tablet=&#8221;18px&#8221; text_font_size_phone=&#8221;18px&#8221; text_font_size_last_edited=&#8221;on|phone&#8221; global_colors_info=&#8221;{}&#8221;]<\/p>\n<p><span style=\"font-weight: 400;\">The Argentine-Spanish mezzo-soprano began her studies in Buenos Aires, her hometown, and she continued them at the Superior Municipal Conservatory of Barcelona.<\/span><\/p>\n<p><span style=\"font-weight: 400;\">His operatic repertoire includes mainly Monteverdi (Ottavia, Proserpina, Minerva), Mozart (Dorabella, Annio, Zerlina, Idamante, Tamiri) and Rossini (Zaida, Doralice, Lucilla, Roggiero, Berta), roles he has performed in the main theaters of Barcelona , Madrid, Brussels, Rossini Opera Festival in Pesaro and the Mozart Festival in La Coru\u00f1a, collaborating with directors such as Ren\u00e9 Jacobs, Harry Bicket, Giovanni Antonini, Fabio Biondi, Christopher Hogwood, Alberto Zedda, Ottavio Dantone, Attilio Cremonesi, among others.<\/span><\/p>\n<p><span style=\"font-weight: 400;\">On Mozart&#8217;s 250th anniversary, she makes her debut at the Salzburg Festival with<\/span> <i><span style=\"font-weight: 400;\">L&#8217; oca del cairo<\/span><\/i> <span style=\"font-weight: 400;\">and<\/span> <i><span style=\"font-weight: 400;\">Lo sposo deluso<\/span><\/i><span style=\"font-weight: 400;\">.<\/span><\/p>\n<p><span style=\"font-weight: 400;\">Specially interested in the voice-movement relationship, she takes part in productions that combine music and contemporary dance at theaters in Basel, Lucerne, Hebbel-Theater in Berlin, Cologne Opera, Brooklyn Academy of Music in New York, Innsbruck and has also collaborated with The Fishhouse in San Francisco.<\/span><\/p>\n<p style=\"text-align: justify;\"><span style=\"font-weight: 400;\">He has recorded for Harmonia Mundi Monteverdi Madrigali <i>guerrieri ed amorosi, with Ren\u00e9 Jacobs<\/i> and for Columna M\u00fasica Frederic Mompou <i>\u2013Combat del Somni\u2013,<\/i>the Integral de canto (Vol. I) <i>by Montsalvatge<\/i> and, by the same composer, <i>El gato con botas<\/i> (nominated for the 2004 Grammy Awards for Best Opera Recording).<\/span><span style=\"font-weight: 400;\"><\/span><\/p>\n<p>[\/et_pb_text][\/et_pb_column][\/et_pb_row][et_pb_row _builder_version=&#8221;4.20.4&#8243; _module_preset=&#8221;default&#8221; custom_padding=&#8221;15px||5px||false|false&#8221; global_colors_info=&#8221;{}&#8221;][et_pb_column type=&#8221;4_4&#8243; _builder_version=&#8221;4.20.4&#8243; _module_preset=&#8221;default&#8221; global_colors_info=&#8221;{}&#8221;][et_pb_divider color=&#8221;#1D5288&#8243; _builder_version=&#8221;4.20.4&#8243; _module_preset=&#8221;default&#8221; global_colors_info=&#8221;{}&#8221;][\/et_pb_divider][\/et_pb_column][\/et_pb_row][et_pb_row column_structure=&#8221;1_3,2_3&#8243; _builder_version=&#8221;4.20.4&#8243; _module_preset=&#8221;default&#8221; max_width=&#8221;1200px&#8221; custom_margin=&#8221;||||false|false&#8221; custom_padding=&#8221;||||false|false&#8221; global_colors_info=&#8221;{}&#8221;][et_pb_column type=&#8221;1_3&#8243; _builder_version=&#8221;4.20.4&#8243; _module_preset=&#8221;default&#8221; global_colors_info=&#8221;{}&#8221;][et_pb_text _builder_version=&#8221;4.20.4&#8243; _module_preset=&#8221;default&#8221; text_font=&#8221;Abhaya Libre|700|||||||&#8221; text_text_color=&#8221;#1D5288&#8243; text_font_size=&#8221;25px&#8221; text_orientation=&#8221;center&#8221; global_colors_info=&#8221;{}&#8221;]<\/p>\n<p>Clara del Ruste, scene<\/p>\n<p>[\/et_pb_text][et_pb_image src=&#8221;https:\/\/cameratasantcugat.com\/wp-content\/uploads\/2023\/04\/ClaraDelRuste-e1681458591748.png&#8221; title_text=&#8221;ClaraDelRuste&#8221; align=&#8221;center&#8221; _builder_version=&#8221;4.20.4&#8243; _module_preset=&#8221;default&#8221; width=&#8221;80%&#8221; filter_saturate=&#8221;0%&#8221; border_radii=&#8221;on|500px|500px|500px|500px&#8221; global_colors_info=&#8221;{}&#8221;][\/et_pb_image][\/et_pb_column][et_pb_column type=&#8221;2_3&#8243; _builder_version=&#8221;4.20.4&#8243; _module_preset=&#8221;default&#8221; global_colors_info=&#8221;{}&#8221;][et_pb_text _builder_version=&#8221;4.20.4&#8243; _module_preset=&#8221;c59f59cf-3261-49fe-bbf0-3e417c0152c6&#8243; text_font=&#8221;Manrope||||||||&#8221; text_text_color=&#8221;#1D5288&#8243; text_font_size=&#8221;18px&#8221; text_line_height=&#8221;1.8em&#8221; text_orientation=&#8221;justified&#8221; text_font_size_tablet=&#8221;18px&#8221; text_font_size_phone=&#8221;18px&#8221; text_font_size_last_edited=&#8221;on|phone&#8221; global_colors_info=&#8221;{}&#8221;]<\/p>\n<p><span style=\"font-weight: 400;\">Actress, singer, director, teacher and creator. <\/span><span style=\"color: #af0b43;\"><a href=\"http:\/\/www.claradelruste.cat\" style=\"color: #af0b43;\"><span style=\"font-weight: 400;\">www.claradelruste.cat<\/span><\/a><\/span><span style=\"font-weight: 400;\"> <\/span><\/p>\n<p><span style=\"font-weight: 400;\">She started as a professional actress in the company Els Joglars. Actress-singer in Dagoll Dagom. He performs shows for adults, some of his own creation. He has created, performed and directed musical stories for family audiences. Assistant director of Comedians. Actress in TV series and cinema. He has worked at Radio Catalunya M\u00fasica and at Catalunya R\u00e0dio Direction in the Petit Palau de la proposal; the Battle of the Forgotten. Narrator in various proposals: stories, legends. <\/span><\/p>\n<p><span style=\"font-weight: 400;\">Theater teacher, teacher of techniques for speaking in public. Teacher of tools for choir directors. Creator of Teatrei+, Stimulart and Coach&amp;Cos. Lecturer of the University Classrooms for the Elderly. Body education teacher for musicians and singers at the Sant Cugat Conservatory. As a lyrical singer, she was part of the Choir of the Gran Teatre del Liceu. Currently instrumentalist &#8211; cello in the DILETANT Orchestra. Directing stage in the Cant\u00e0nia, Cantata de secon -schools of Sant Cugat and Cantata at EMM\u00fasica de Vic and Cantem \u00c1frica at the Palau de la M\u00fasica Catalana. Stage teacher in the Sant Cugat international singing course in two editions.<\/span><span style=\"font-weight: 400;\"><\/span><\/p>\n<p>[\/et_pb_text][\/et_pb_column][\/et_pb_row][et_pb_row _builder_version=&#8221;4.20.4&#8243; _module_preset=&#8221;default&#8221; custom_padding=&#8221;15px||5px||false|false&#8221; global_colors_info=&#8221;{}&#8221;][et_pb_column type=&#8221;4_4&#8243; _builder_version=&#8221;4.20.4&#8243; _module_preset=&#8221;default&#8221; global_colors_info=&#8221;{}&#8221;][et_pb_divider color=&#8221;#1D5288&#8243; _builder_version=&#8221;4.20.4&#8243; _module_preset=&#8221;default&#8221; global_colors_info=&#8221;{}&#8221;][\/et_pb_divider][\/et_pb_column][\/et_pb_row][et_pb_row column_structure=&#8221;1_3,2_3&#8243; _builder_version=&#8221;4.20.4&#8243; _module_preset=&#8221;default&#8221; max_width=&#8221;1200px&#8221; custom_margin=&#8221;||||false|false&#8221; custom_padding=&#8221;||||false|false&#8221; global_colors_info=&#8221;{}&#8221;][et_pb_column type=&#8221;1_3&#8243; _builder_version=&#8221;4.20.4&#8243; _module_preset=&#8221;default&#8221; global_colors_info=&#8221;{}&#8221;][et_pb_text _builder_version=&#8221;4.20.4&#8243; _module_preset=&#8221;default&#8221; text_font=&#8221;Abhaya Libre|700|||||||&#8221; text_text_color=&#8221;#1D5288&#8243; text_font_size=&#8221;25px&#8221; text_orientation=&#8221;center&#8221; global_colors_info=&#8221;{}&#8221;]<\/p>\n<p>Nica Gimeno, Alexander technique<\/p>\n<p>[\/et_pb_text][et_pb_image src=&#8221;https:\/\/cameratasantcugat.com\/wp-content\/uploads\/2023\/04\/NicaGimeno-e1681458426857.png&#8221; title_text=&#8221;NicaGimeno&#8221; align=&#8221;center&#8221; _builder_version=&#8221;4.20.4&#8243; _module_preset=&#8221;default&#8221; width=&#8221;80%&#8221; filter_saturate=&#8221;0%&#8221; border_radii=&#8221;on|500px|500px|500px|500px&#8221; global_colors_info=&#8221;{}&#8221;][\/et_pb_image][\/et_pb_column][et_pb_column type=&#8221;2_3&#8243; _builder_version=&#8221;4.20.4&#8243; _module_preset=&#8221;default&#8221; global_colors_info=&#8221;{}&#8221;][et_pb_text _builder_version=&#8221;4.20.4&#8243; _module_preset=&#8221;c59f59cf-3261-49fe-bbf0-3e417c0152c6&#8243; text_font=&#8221;Manrope||||||||&#8221; text_text_color=&#8221;#1D5288&#8243; text_font_size=&#8221;18px&#8221; text_line_height=&#8221;1.8em&#8221; text_orientation=&#8221;justified&#8221; text_font_size_tablet=&#8221;18px&#8221; text_font_size_phone=&#8221;18px&#8221; text_font_size_last_edited=&#8221;on|phone&#8221; global_colors_info=&#8221;{}&#8221;]<\/p>\n<p><span style=\"font-weight: 400;\">Nica Gimeno is a teacher and trainer with extensive experience in the Alexander technique and a therapist specializing in trauma-informed therapy. He studied Gestural Theater at the Institut del Teatre de Barcelona during the years 1978-1981 and continued his theatrical research exploring the theater of movement and various body techniques. In 1983 he received his first T.A. classes. which will lead her to enter the school &#8220;The Constructive Teaching Center&#8221; (London) in 1985 directed by Walter and Dilys Carrington, direct students of F.M. Alexander.<\/span><\/p>\n<p><span style=\"font-weight: 400;\">He graduated in 1988 and began his private practice in Barcelona leading introductory workshops in different Spanish cities and abroad. Teacher of T.A. at the Conservatory of Music in Terrassa, and at the Andalusian Theater Center (El C.A.T), he has collaborated as an assistant at the teacher training school of &#8220;The Constructive Teaching Centre&#8221; (London). From 1989 to 2001, he was a member of the teaching team of the Interpretation Department of the Barcelona Theater Institute, teaching individual classes in Alexander Technique and movement, based on the principles of this technique. In 2012, he taught the technique weekly to the group of musicians from OBC, the Barcelona and Catalonia Symphony Orchestra. He is part of the teaching team of the international singing course from the 1st edition until this year, the 17th edition.<\/span><span style=\"font-weight: 400;\"><\/span><\/p>\n<p>[\/et_pb_text][\/et_pb_column][\/et_pb_row][et_pb_row _builder_version=&#8221;4.20.4&#8243; _module_preset=&#8221;default&#8221; custom_padding=&#8221;15px||5px||false|false&#8221; global_colors_info=&#8221;{}&#8221;][et_pb_column type=&#8221;4_4&#8243; _builder_version=&#8221;4.20.4&#8243; _module_preset=&#8221;default&#8221; global_colors_info=&#8221;{}&#8221;][et_pb_divider color=&#8221;#1D5288&#8243; _builder_version=&#8221;4.20.4&#8243; _module_preset=&#8221;default&#8221; global_colors_info=&#8221;{}&#8221;][\/et_pb_divider][\/et_pb_column][\/et_pb_row][et_pb_row column_structure=&#8221;1_3,2_3&#8243; _builder_version=&#8221;4.20.4&#8243; _module_preset=&#8221;default&#8221; max_width=&#8221;1200px&#8221; custom_margin=&#8221;||||false|false&#8221; custom_padding=&#8221;||||false|false&#8221; global_colors_info=&#8221;{}&#8221;][et_pb_column type=&#8221;1_3&#8243; _builder_version=&#8221;4.20.4&#8243; _module_preset=&#8221;default&#8221; global_colors_info=&#8221;{}&#8221;][et_pb_text _builder_version=&#8221;4.20.4&#8243; _module_preset=&#8221;default&#8221; text_font=&#8221;Abhaya Libre|700|||||||&#8221; text_text_color=&#8221;#1D5288&#8243; text_font_size=&#8221;25px&#8221; text_orientation=&#8221;center&#8221; global_colors_info=&#8221;{}&#8221;]<\/p>\n<p>Laura Mart\u00ednez, Alexander technique<\/p>\n<p>[\/et_pb_text][et_pb_image src=&#8221;https:\/\/cameratasantcugat.com\/wp-content\/uploads\/2023\/04\/LauraMartinez-e1681458527351.png&#8221; title_text=&#8221;LauraMartinez&#8221; align=&#8221;center&#8221; _builder_version=&#8221;4.20.4&#8243; _module_preset=&#8221;default&#8221; width=&#8221;80%&#8221; filter_saturate=&#8221;0%&#8221; border_radii=&#8221;on|500px|500px|500px|500px&#8221; global_colors_info=&#8221;{}&#8221;][\/et_pb_image][\/et_pb_column][et_pb_column type=&#8221;2_3&#8243; _builder_version=&#8221;4.20.4&#8243; _module_preset=&#8221;default&#8221; global_colors_info=&#8221;{}&#8221;][et_pb_text _builder_version=&#8221;4.20.4&#8243; _module_preset=&#8221;c59f59cf-3261-49fe-bbf0-3e417c0152c6&#8243; text_font=&#8221;Manrope||||||||&#8221; text_text_color=&#8221;#1D5288&#8243; text_font_size=&#8221;18px&#8221; text_line_height=&#8221;1.8em&#8221; text_orientation=&#8221;justified&#8221; text_font_size_tablet=&#8221;18px&#8221; text_font_size_phone=&#8221;18px&#8221; text_font_size_last_edited=&#8221;on|phone&#8221; global_colors_info=&#8221;{}&#8221;]<\/p>\n<p><span style=\"font-weight: 400;\">Laura Mart\u00ednez Mart\u00ednez is trained as a contemporary dancer at the AREA school in Barcelona and participates in various productions and projects in Argentina and the Netherlands. In this country, she trained as an Alexander Technique Teacher (ATON School, Netherlands), graduating in 2002. Since then, she has been working in her private practice teaching individual classes and T.A. workshops. In 2006, he completed a Postgraduate course in the studio (Barcelona) and began to collaborate there, being part of the team at the teacher training school of T\u00e9cnica Alexander Barcelona, directed by Nica Gimeno. He later performed the role of assistant director of the same center. It belongs to the Spanish Association of Professors of the Alexander Technique (APTAE).<\/span><\/p>\n<p><span style=\"font-weight: 400;\">She is a movement psychotherapist (DMT) graduated from the UAB (Master in Dance\/Movement Therapy, 2012) specializing in somatic and evolutionary movement, and a Registered Member of the Asociaci\u00f3n Espa\u00f1ola de Danza Movimiento Terapia (ADMTE).<\/span><\/p>\n<p><span style=\"font-weight: 400;\">She works in individual sessions with adults and young people, and has regular groups. He is currently finishing his Degree in Psychology (UOC, Barcelona).<\/span><span style=\"font-weight: 400;\"><\/span><\/p>\n<p>[\/et_pb_text][\/et_pb_column][\/et_pb_row][et_pb_row _builder_version=&#8221;4.20.4&#8243; _module_preset=&#8221;default&#8221; custom_padding=&#8221;15px||5px||false|false&#8221; global_colors_info=&#8221;{}&#8221;][et_pb_column type=&#8221;4_4&#8243; _builder_version=&#8221;4.20.4&#8243; _module_preset=&#8221;default&#8221; global_colors_info=&#8221;{}&#8221;][et_pb_divider color=&#8221;#1D5288&#8243; _builder_version=&#8221;4.20.4&#8243; _module_preset=&#8221;default&#8221; global_colors_info=&#8221;{}&#8221;][\/et_pb_divider][\/et_pb_column][\/et_pb_row][et_pb_row column_structure=&#8221;1_3,2_3&#8243; _builder_version=&#8221;4.20.4&#8243; _module_preset=&#8221;default&#8221; max_width=&#8221;1200px&#8221; custom_margin=&#8221;||||false|false&#8221; custom_padding=&#8221;||43px||false|false&#8221; global_colors_info=&#8221;{}&#8221;][et_pb_column type=&#8221;1_3&#8243; _builder_version=&#8221;4.20.4&#8243; _module_preset=&#8221;default&#8221; global_colors_info=&#8221;{}&#8221;][et_pb_text _builder_version=&#8221;4.20.4&#8243; _module_preset=&#8221;default&#8221; text_font=&#8221;Abhaya Libre|700|||||||&#8221; text_text_color=&#8221;#1D5288&#8243; text_font_size=&#8221;25px&#8221; text_orientation=&#8221;center&#8221; global_colors_info=&#8221;{}&#8221;]<\/p>\n<p>Cec\u00edlia Gassull, Akiara method<\/p>\n<p>[\/et_pb_text][et_pb_image src=&#8221;https:\/\/cameratasantcugat.com\/wp-content\/uploads\/2023\/04\/Cecilia.png&#8221; title_text=&#8221;Cecilia&#8221; align=&#8221;center&#8221; _builder_version=&#8221;4.20.4&#8243; _module_preset=&#8221;default&#8221; width=&#8221;80%&#8221; filter_saturate=&#8221;0%&#8221; border_radii=&#8221;on|500px|500px|500px|500px&#8221; global_colors_info=&#8221;{}&#8221;][\/et_pb_image][\/et_pb_column][et_pb_column type=&#8221;2_3&#8243; _builder_version=&#8221;4.20.4&#8243; _module_preset=&#8221;default&#8221; global_colors_info=&#8221;{}&#8221;][et_pb_text _builder_version=&#8221;4.20.4&#8243; _module_preset=&#8221;c59f59cf-3261-49fe-bbf0-3e417c0152c6&#8243; text_font=&#8221;Manrope||||||||&#8221; text_text_color=&#8221;#1D5288&#8243; text_font_size=&#8221;18px&#8221; text_line_height=&#8221;1.8em&#8221; text_orientation=&#8221;justified&#8221; text_font_size_tablet=&#8221;18px&#8221; text_font_size_phone=&#8221;18px&#8221; text_font_size_last_edited=&#8221;on|phone&#8221; global_colors_info=&#8221;{}&#8221;]<\/p>\n<p><span style=\"font-weight: 400;\">She has a doctorate in pedagogy and a degree in psychology. She studied singing at the Superior Conservatory of Music of the Liceo de Barcelona and has trained over the years in different psycho-corporal and energetic methods; She is a body instructor for instrumentalists by the Cos-Art method, a Polarity therapist, a graduate in MLC \u00a9 and an energy harmonizer.<\/span><\/p>\n<p><span style=\"font-weight: 400;\">Since 1995 she has been dedicated to body work applied to the voice and over the years she has expanded this approach to the emotional and energetic terrain to form the AkiAra method.<\/span><\/p>\n<p><span style=\"font-weight: 400;\">She currently combines her work as a tenured professor at the Autonomous University of Barcelona and research on the body-voice relationship with the accompaniment of personal processes and the release of shells of the voice.<\/span><span style=\"font-weight: 400;\"><\/span><\/p>\n<p>[\/et_pb_text][\/et_pb_column][\/et_pb_row][et_pb_row _builder_version=&#8221;4.20.4&#8243; _module_preset=&#8221;default&#8221; background_color=&#8221;#1D5288&#8243; max_width=&#8221;1200px&#8221; custom_margin=&#8221;2px|auto|20px|auto|false|false&#8221; custom_padding=&#8221;4px||4px|||&#8221; border_radii=&#8221;on|10px|10px|10px|10px&#8221; global_colors_info=&#8221;{}&#8221;][et_pb_column type=&#8221;4_4&#8243; _builder_version=&#8221;4.20.4&#8243; _module_preset=&#8221;default&#8221; global_colors_info=&#8221;{}&#8221;][et_pb_text _builder_version=&#8221;4.20.4&#8243; _module_preset=&#8221;default&#8221; text_font=&#8221;Abhaya Libre|800|||||||&#8221; text_text_color=&#8221;#FFFFFF&#8221; text_font_size=&#8221;25px&#8221; text_line_height=&#8221;1.4em&#8221; custom_padding=&#8221;5px||5px|20px|true|false&#8221; global_colors_info=&#8221;{}&#8221;]<\/p>\n<p>Pianists<\/p>\n<p>[\/et_pb_text][\/et_pb_column][\/et_pb_row][et_pb_row column_structure=&#8221;1_3,2_3&#8243; _builder_version=&#8221;4.20.4&#8243; _module_preset=&#8221;default&#8221; max_width=&#8221;1200px&#8221; custom_margin=&#8221;||||false|false&#8221; custom_padding=&#8221;||||false|false&#8221; global_colors_info=&#8221;{}&#8221;][et_pb_column type=&#8221;1_3&#8243; _builder_version=&#8221;4.20.4&#8243; _module_preset=&#8221;default&#8221; global_colors_info=&#8221;{}&#8221;][et_pb_text _builder_version=&#8221;4.20.4&#8243; _module_preset=&#8221;default&#8221; text_font=&#8221;Abhaya Libre|700|||||||&#8221; text_text_color=&#8221;#1D5288&#8243; text_font_size=&#8221;25px&#8221; text_orientation=&#8221;center&#8221; global_colors_info=&#8221;{}&#8221;]<\/p>\n<p>Manel J. Ruiz<\/p>\n<p>[\/et_pb_text][et_pb_image src=&#8221;https:\/\/cameratasantcugat.com\/wp-content\/uploads\/2023\/04\/ManelJRuiz-scaled-e1681458500648.jpg&#8221; title_text=&#8221;ManelJRuiz&#8221; align=&#8221;center&#8221; _builder_version=&#8221;4.20.4&#8243; _module_preset=&#8221;default&#8221; width=&#8221;80%&#8221; filter_saturate=&#8221;0%&#8221; border_radii=&#8221;on|500px|500px|500px|500px&#8221; global_colors_info=&#8221;{}&#8221;][\/et_pb_image][\/et_pb_column][et_pb_column type=&#8221;2_3&#8243; _builder_version=&#8221;4.20.4&#8243; _module_preset=&#8221;default&#8221; global_colors_info=&#8221;{}&#8221;][et_pb_text _builder_version=&#8221;4.20.4&#8243; _module_preset=&#8221;c59f59cf-3261-49fe-bbf0-3e417c0152c6&#8243; text_font=&#8221;Manrope||||||||&#8221; text_text_color=&#8221;#1D5288&#8243; text_font_size=&#8221;18px&#8221; text_line_height=&#8221;1.8em&#8221; text_orientation=&#8221;justified&#8221; text_font_size_tablet=&#8221;18px&#8221; text_font_size_phone=&#8221;18px&#8221; text_font_size_last_edited=&#8221;on|phone&#8221; global_colors_info=&#8221;{}&#8221;]<\/p>\n<p><span style=\"font-weight: 400;\">Born in Alpens (Barcelona). He began his musical studies in Caldes de Montbui and finished them at the Superior Conservatory of Music of the Liceu de Barcelona, with the Honor Award. Student of Pere Vallribera, Anna Maria Cardona and Cecilio Tieles..<\/span><\/p>\n<p><span style=\"font-weight: 400;\">He deepens in vocal accompaniment and the chamber music repertoire with \u00c0ngel Soler, and in the Cos-Art method with Yiya D\u00edaz. He is a teacher of Vocal Repertoire for the students of the sopranos Enriqueta Tarr\u00e9s, Meritxell Olaya, Anna Ollet, Mariluz Mart\u00ednez and Margarida Llad\u00f3 at the Conservatory of the Liceu De Barcelona and a teacher of Chamber Music at the same school. He regularly collaborates with the Choir and Orchestra of the Gran Teatre del Liceu (by Billy, Attle, Weigle, Kopylov, Schneider, Boder, Vicket, Ortega, P\u00e9rez Batista) and works in the direction and performances of La Petita Flauta M\u00e1gica, Allegro Vivace, William Tell and Hansel and Gretel. Private pianist for Ms. Montserrat Caball\u00e9 and tenor Josep Carreras in the preparation of recitals.<\/span><\/p>\n<p><span style=\"font-weight: 400;\">He performs in recitals all over Spain, in France, Italy, Panama, Andorra together with artists such as Ram\u00f3n Contreras, Stefano Palatchi, Roc\u00edo Mart\u00ednez, Joan Mart\u00edn-Royo, Anne-Marie Calloni, Ricardo Vel\u00e1squez, V\u00edctor Jim\u00e9nez, Maribel Ortega, Manel Esteve, N\u00faria Dardiny\u00e0, Carlos Cos\u00edas, Jordi Cortada, Indira, Marc Sala, Sara Blanch, Sergi Jim\u00e9nez, M\u00f2nica Cjalej, Pierfrancesco Fiordaliso (violin), Carlos Murias (castanets), Francesca Canali (flute), among others.<\/span><\/p>\n<p><span style=\"font-weight: 400;\">Participates in different singing courses and competitions: Francesc Vi\u00f1as, Manuel Ausensi, Festival L\u00edric dels Pa\u00efsos Catalans, Maria Canals, Sant Cugat del Vall\u00e8s, A Tempo (Barcelona), Josep Mirabent (Sitges).<\/span><span style=\"font-weight: 400;\"><\/span><\/p>\n<p>[\/et_pb_text][\/et_pb_column][\/et_pb_row][et_pb_row _builder_version=&#8221;4.20.4&#8243; _module_preset=&#8221;default&#8221; custom_padding=&#8221;15px||5px||false|false&#8221; global_colors_info=&#8221;{}&#8221;][et_pb_column type=&#8221;4_4&#8243; _builder_version=&#8221;4.20.4&#8243; _module_preset=&#8221;default&#8221; global_colors_info=&#8221;{}&#8221;][et_pb_divider color=&#8221;#1D5288&#8243; _builder_version=&#8221;4.20.4&#8243; _module_preset=&#8221;default&#8221; global_colors_info=&#8221;{}&#8221;][\/et_pb_divider][\/et_pb_column][\/et_pb_row][et_pb_row column_structure=&#8221;1_3,2_3&#8243; _builder_version=&#8221;4.20.4&#8243; _module_preset=&#8221;default&#8221; max_width=&#8221;1200px&#8221; custom_margin=&#8221;||||false|false&#8221; custom_padding=&#8221;||||false|false&#8221; global_colors_info=&#8221;{}&#8221;][et_pb_column type=&#8221;1_3&#8243; _builder_version=&#8221;4.20.4&#8243; _module_preset=&#8221;default&#8221; global_colors_info=&#8221;{}&#8221;][et_pb_text _builder_version=&#8221;4.20.4&#8243; _module_preset=&#8221;default&#8221; text_font=&#8221;Abhaya Libre|700|||||||&#8221; text_text_color=&#8221;#1D5288&#8243; text_font_size=&#8221;25px&#8221; text_orientation=&#8221;center&#8221; global_colors_info=&#8221;{}&#8221;]<\/p>\n<p>Jordi Romero<\/p>\n<p>[\/et_pb_text][et_pb_image src=&#8221;https:\/\/cameratasantcugat.com\/wp-content\/uploads\/2023\/04\/JordiRomero-e1681458552915.jpg&#8221; title_text=&#8221;JordiRomero&#8221; align=&#8221;center&#8221; _builder_version=&#8221;4.20.4&#8243; _module_preset=&#8221;default&#8221; width=&#8221;80%&#8221; filter_saturate=&#8221;0%&#8221; border_radii=&#8221;on|500px|500px|500px|500px&#8221; global_colors_info=&#8221;{}&#8221;][\/et_pb_image][\/et_pb_column][et_pb_column type=&#8221;2_3&#8243; _builder_version=&#8221;4.20.4&#8243; _module_preset=&#8221;default&#8221; global_colors_info=&#8221;{}&#8221;][et_pb_text _builder_version=&#8221;4.20.4&#8243; _module_preset=&#8221;c59f59cf-3261-49fe-bbf0-3e417c0152c6&#8243; text_font=&#8221;Manrope||||||||&#8221; text_text_color=&#8221;#1D5288&#8243; text_font_size=&#8221;18px&#8221; text_line_height=&#8221;1.8em&#8221; text_orientation=&#8221;justified&#8221; text_font_size_tablet=&#8221;18px&#8221; text_font_size_phone=&#8221;18px&#8221; text_font_size_last_edited=&#8221;on|phone&#8221; global_colors_info=&#8221;{}&#8221;]<\/p>\n<p><span style=\"font-weight: 400;\">I&#8217;m Jordi Romero. Singing repertoire pianist. <\/span><\/p>\n<p><span style=\"font-weight: 400;\">It is a pleasure for me to be able to share my experience with the new generations of singers in the XVll\u00e9 International Singing Course of Camerata Sant Cugat. <\/span><\/p>\n<p><span style=\"font-weight: 400;\">There are already some editions in which I have had the privilege of being and from which great professionals with a more than remarkable international projection have emerged. <\/span><\/p>\n<p><span style=\"font-weight: 400;\">I am convinced that the work that will be carried out this week, for my part, preparing the repertoire followed by the accompaniment of the concerts and with the collaboration of the entire teaching team will give an excellent and very profitable result. <\/span><\/p>\n<p><span style=\"font-weight: 400;\">With great enthusiasm, we will see you shortly.<\/span><\/p>\n<p><span style=\"font-weight: 400;\">Jordi Romero has been a teacher of singing repertoire at the Conservatorio Superior del Liceo de Barcelona (1998 &#8211; 2006).<\/span><\/p>\n<p><span style=\"font-weight: 400;\">He accompanied Miquel Ortega, David Mason, Francesca Roig, Anna Belen Gomez in the first international singing course in Barcelona (August 2010).<\/span><\/p>\n<p><span style=\"font-weight: 400;\">He has collaborated with: Carmen Bustamante, baritone Jerzy Artysz, Yolanda Auyanet, Rosa Mateu, Salvador Carb\u00f3n and Crlos Cosias.<\/span><span style=\"font-weight: 400;\"><\/span><\/p>\n<p>[\/et_pb_text][\/et_pb_column][\/et_pb_row][et_pb_row _builder_version=&#8221;4.20.4&#8243; _module_preset=&#8221;default&#8221; custom_padding=&#8221;15px||5px||false|false&#8221; global_colors_info=&#8221;{}&#8221;][et_pb_column type=&#8221;4_4&#8243; _builder_version=&#8221;4.20.4&#8243; _module_preset=&#8221;default&#8221; global_colors_info=&#8221;{}&#8221;][et_pb_divider color=&#8221;#1D5288&#8243; _builder_version=&#8221;4.20.4&#8243; _module_preset=&#8221;default&#8221; global_colors_info=&#8221;{}&#8221;][\/et_pb_divider][\/et_pb_column][\/et_pb_row][et_pb_row column_structure=&#8221;1_3,2_3&#8243; _builder_version=&#8221;4.20.4&#8243; _module_preset=&#8221;default&#8221; max_width=&#8221;1200px&#8221; custom_margin=&#8221;||||false|false&#8221; custom_padding=&#8221;||||false|false&#8221; global_colors_info=&#8221;{}&#8221;][et_pb_column type=&#8221;1_3&#8243; _builder_version=&#8221;4.20.4&#8243; _module_preset=&#8221;default&#8221; global_colors_info=&#8221;{}&#8221;][et_pb_text _builder_version=&#8221;4.20.4&#8243; _module_preset=&#8221;default&#8221; text_font=&#8221;Abhaya Libre|700|||||||&#8221; text_text_color=&#8221;#1D5288&#8243; text_font_size=&#8221;25px&#8221; text_orientation=&#8221;center&#8221; global_colors_info=&#8221;{}&#8221;]<\/p>\n<p>Adri\u00e0 Aguilera<\/p>\n<p>[\/et_pb_text][et_pb_image src=&#8221;https:\/\/cameratasantcugat.com\/wp-content\/uploads\/2023\/04\/Adria.png&#8221; title_text=&#8221;Adri\u00e0&#8221; align=&#8221;center&#8221; _builder_version=&#8221;4.20.4&#8243; _module_preset=&#8221;default&#8221; width=&#8221;80%&#8221; filter_saturate=&#8221;0%&#8221; border_radii=&#8221;on|500px|500px|500px|500px&#8221; global_colors_info=&#8221;{}&#8221;][\/et_pb_image][\/et_pb_column][et_pb_column type=&#8221;2_3&#8243; _builder_version=&#8221;4.20.4&#8243; _module_preset=&#8221;default&#8221; global_colors_info=&#8221;{}&#8221;][et_pb_text _builder_version=&#8221;4.20.4&#8243; _module_preset=&#8221;c59f59cf-3261-49fe-bbf0-3e417c0152c6&#8243; text_font=&#8221;Manrope||||||||&#8221; text_text_color=&#8221;#1D5288&#8243; text_font_size=&#8221;18px&#8221; text_line_height=&#8221;1.8em&#8221; text_orientation=&#8221;justified&#8221; text_font_size_tablet=&#8221;18px&#8221; text_font_size_phone=&#8221;18px&#8221; text_font_size_last_edited=&#8221;on|phone&#8221; global_colors_info=&#8221;{}&#8221;]<\/p>\n<p><span style=\"font-weight: 400;\">He studied classical piano at Conservatori Superior del Liceu with Albert Attenelle and Lied with Josep Surinyac. He ezpanded his studied at Musikeon (Val\u00e8ncia) with Luca Chiantore.<\/span><\/p>\n<p><span style=\"font-weight: 400;\">He has worked in several musical theatre productions such as The Addams Family, A Chorus Line, Billy Elliot or Grease.<\/span><\/p>\n<p><span style=\"font-weight: 400;\">He has also worked for the Gran Teatre del Liceu in Rossini\u2019s creation show called La Cuina de Rossini. He has worked with L\u2019Auditori de Barcelona with Cantagran.<\/span><\/p>\n<p><span style=\"font-weight: 400;\">As a comooser, he has written music for s\u2019hort films, advertising, musical Theatre shows but special mention for \u201cDiferent\u201d an order from Palau Vincles Social Project by Palau de la M\u00fasica.<\/span><span style=\"font-weight: 400;\"><\/span><\/p>\n<p>[\/et_pb_text][\/et_pb_column][\/et_pb_row][\/et_pb_section][et_pb_section fb_built=&#8221;1&#8243; admin_label=&#8221;Footer&#8221; _builder_version=&#8221;4.20.4&#8243; _module_preset=&#8221;default&#8221; background_enable_color=&#8221;off&#8221; background_enable_image=&#8221;off&#8221; custom_margin=&#8221;||||false|false&#8221; custom_padding=&#8221;||31px||false|false&#8221; background_last_edited=&#8221;on|tablet&#8221; background_position_tablet=&#8221;center_left&#8221; saved_tabs=&#8221;all&#8221; collapsed=&#8221;on&#8221; global_colors_info=&#8221;{%22gcid-1bcf785a-50e1-437b-b09f-65567babc1de%22:%91%22background_color_gradient_stops%22%93}&#8221;][et_pb_row _builder_version=&#8221;4.20.4&#8243; _module_preset=&#8221;default&#8221; max_width=&#8221;1200px&#8221; module_alignment=&#8221;left&#8221; global_colors_info=&#8221;{}&#8221;][et_pb_column type=&#8221;4_4&#8243; _builder_version=&#8221;4.20.4&#8243; _module_preset=&#8221;default&#8221; global_colors_info=&#8221;{}&#8221;][et_pb_text _builder_version=&#8221;4.20.4&#8243; _module_preset=&#8221;default&#8221; text_font=&#8221;Abhaya Libre|800|||||||&#8221; text_text_color=&#8221;#d3ac00&#8243; text_font_size=&#8221;30px&#8221; custom_margin=&#8221;|||5%|false|false&#8221; link_option_url=&#8221;https:\/\/cameratasantcugat.com\/en\/&#8221; global_colors_info=&#8221;{}&#8221;]<\/p>\n<p>\u2190 return to the singing course page<\/p>\n<p>[\/et_pb_text][\/et_pb_column][\/et_pb_row][et_pb_row _builder_version=&#8221;4.20.4&#8243; _module_preset=&#8221;default&#8221; custom_padding=&#8221;15px||5px||false|false&#8221; global_colors_info=&#8221;{}&#8221;][et_pb_column type=&#8221;4_4&#8243; _builder_version=&#8221;4.20.4&#8243; _module_preset=&#8221;default&#8221; global_colors_info=&#8221;{}&#8221;][et_pb_divider color=&#8221;#1D5288&#8243; _builder_version=&#8221;4.20.4&#8243; _module_preset=&#8221;default&#8221; global_colors_info=&#8221;{}&#8221;][\/et_pb_divider][\/et_pb_column][\/et_pb_row][et_pb_row use_custom_gutter=&#8221;on&#8221; gutter_width=&#8221;2&#8243; _builder_version=&#8221;4.20.4&#8243; _module_preset=&#8221;default&#8221; max_width=&#8221;1200px&#8221; custom_margin=&#8221;||||false|false&#8221; custom_padding=&#8221;||||false|false&#8221; global_colors_info=&#8221;{}&#8221;][et_pb_column type=&#8221;4_4&#8243; _builder_version=&#8221;4.20.4&#8243; _module_preset=&#8221;default&#8221; global_colors_info=&#8221;{}&#8221;][et_pb_image src=&#8221;https:\/\/cameratasantcugat.com\/wp-content\/uploads\/2023\/03\/logo-camerata.png&#8221; title_text=&#8221;logo camerata&#8221; url=&#8221;@ET-DC@eyJkeW5hbWljIjp0cnVlLCJjb250ZW50IjoiaG9tZV91cmwiLCJzZXR0aW5ncyI6W119@&#8221; _builder_version=&#8221;4.20.4&#8243; _dynamic_attributes=&#8221;url&#8221; _module_preset=&#8221;default&#8221; width=&#8221;100.5%&#8221; max_height=&#8221;80px&#8221; global_colors_info=&#8221;{}&#8221;][\/et_pb_image][et_pb_text _builder_version=&#8221;4.20.4&#8243; _module_preset=&#8221;default&#8221; text_font=&#8221;Abhaya Libre|800|||||||&#8221; text_text_color=&#8221;#1D5288&#8243; text_font_size=&#8221;40px&#8221; custom_padding=&#8221;10px||||false|false&#8221; text_font_size_tablet=&#8221;40px&#8221; text_font_size_phone=&#8221;32px&#8221; text_font_size_last_edited=&#8221;on|phone&#8221; global_colors_info=&#8221;{}&#8221;]<\/p>\n<p>Organizations and contact:<\/p>\n<p>[\/et_pb_text][\/et_pb_column][\/et_pb_row][et_pb_row column_structure=&#8221;1_3,1_3,1_3&#8243; use_custom_gutter=&#8221;on&#8221; gutter_width=&#8221;2&#8243; make_equal=&#8221;on&#8221; _builder_version=&#8221;4.20.4&#8243; _module_preset=&#8221;default&#8221; max_width=&#8221;1200px&#8221; module_alignment=&#8221;center&#8221; global_colors_info=&#8221;{}&#8221;][et_pb_column type=&#8221;1_3&#8243; _builder_version=&#8221;4.20.4&#8243; _module_preset=&#8221;default&#8221; global_colors_info=&#8221;{}&#8221;][et_pb_image src=&#8221;https:\/\/cameratasantcugat.com\/wp-content\/uploads\/2023\/04\/XavierBaulies.png&#8221; title_text=&#8221;XavierBaulies&#8221; align=&#8221;center&#8221; _builder_version=&#8221;4.20.4&#8243; _module_preset=&#8221;default&#8221; width=&#8221;61%&#8221; filter_saturate=&#8221;0%&#8221; border_radii=&#8221;on|500px|500px|500px|500px&#8221; global_colors_info=&#8221;{}&#8221;][\/et_pb_image][et_pb_text _builder_version=&#8221;4.20.4&#8243; _module_preset=&#8221;default&#8221; text_font=&#8221;Abhaya Libre|700|||||||&#8221; text_text_color=&#8221;#AF0B43&#8243; text_font_size=&#8221;20px&#8221; text_orientation=&#8221;center&#8221; global_colors_info=&#8221;{}&#8221;]<\/p>\n<p>Xavier Baulies<br \/>Camerata&#8217;s Sant Cugat director:<\/p>\n<p>[\/et_pb_text][et_pb_text _builder_version=&#8221;4.20.4&#8243; _module_preset=&#8221;default&#8221; text_font=&#8221;Manrope||||||||&#8221; text_text_color=&#8221;#AF0B43&#8243; text_font_size=&#8221;17px&#8221; text_orientation=&#8221;center&#8221; hover_enabled=&#8221;0&#8243; global_colors_info=&#8221;{}&#8221; sticky_enabled=&#8221;0&#8243;]<\/p>\n<p style=\"text-align: center;\"><span style=\"color: #1d5288;\">xbaulies@cameratasantcugat.com<\/span><\/p>\n<p>[\/et_pb_text][\/et_pb_column][et_pb_column type=&#8221;1_3&#8243; _builder_version=&#8221;4.20.4&#8243; _module_preset=&#8221;default&#8221; global_colors_info=&#8221;{}&#8221;][et_pb_image src=&#8221;https:\/\/cameratasantcugat.com\/wp-content\/uploads\/2023\/04\/JordiCasanova-e1681457818460.jpeg&#8221; title_text=&#8221;JordiCasanova&#8221; align=&#8221;center&#8221; _builder_version=&#8221;4.20.4&#8243; _module_preset=&#8221;default&#8221; width=&#8221;61%&#8221; filter_saturate=&#8221;0%&#8221; border_radii=&#8221;on|500px|500px|500px|500px&#8221; global_colors_info=&#8221;{}&#8221;][\/et_pb_image][et_pb_text _builder_version=&#8221;4.20.4&#8243; _module_preset=&#8221;default&#8221; text_font=&#8221;Abhaya Libre|700|||||||&#8221; text_text_color=&#8221;#AF0B43&#8243; text_font_size=&#8221;20px&#8221; text_orientation=&#8221;center&#8221; hover_enabled=&#8221;0&#8243; global_colors_info=&#8221;{}&#8221; sticky_enabled=&#8221;0&#8243;]<\/p>\n<p style=\"text-align: center;\">Jordi Casanova<br \/>Course Director<\/p>\n<p>[\/et_pb_text][et_pb_text _builder_version=&#8221;4.20.4&#8243; _module_preset=&#8221;default&#8221; text_font=&#8221;Manrope||||||||&#8221; text_text_color=&#8221;#AF0B43&#8243; text_font_size=&#8221;17px&#8221; text_orientation=&#8221;center&#8221; global_colors_info=&#8221;{}&#8221;]<\/p>\n<p style=\"text-align: center;\"><span style=\"color: #1d5288;\">jordi.casanova@cameratasantcugat.com<\/span><\/p>\n<p>[\/et_pb_text][\/et_pb_column][et_pb_column type=&#8221;1_3&#8243; _builder_version=&#8221;4.20.4&#8243; _module_preset=&#8221;default&#8221; global_colors_info=&#8221;{}&#8221;][et_pb_image src=&#8221;https:\/\/cameratasantcugat.com\/wp-content\/uploads\/2023\/04\/Julia.png&#8221; title_text=&#8221;J\u00falia&#8221; align=&#8221;center&#8221; _builder_version=&#8221;4.20.4&#8243; _module_preset=&#8221;default&#8221; width=&#8221;61%&#8221; filter_saturate=&#8221;0%&#8221; border_radii=&#8221;on|500px|500px|500px|500px&#8221; global_colors_info=&#8221;{}&#8221;][\/et_pb_image][et_pb_text _builder_version=&#8221;4.20.4&#8243; _module_preset=&#8221;default&#8221; text_font=&#8221;Abhaya Libre|700|||||||&#8221; text_text_color=&#8221;#AF0B43&#8243; text_font_size=&#8221;20px&#8221; text_orientation=&#8221;center&#8221; hover_enabled=&#8221;0&#8243; global_colors_info=&#8221;{}&#8221; sticky_enabled=&#8221;0&#8243;]<\/p>\n<p>J\u00falia Salvador<br \/>Course Coordinator<\/p>\n<p>[\/et_pb_text][et_pb_text _builder_version=&#8221;4.20.4&#8243; _module_preset=&#8221;default&#8221; text_font=&#8221;Manrope||||||||&#8221; text_text_color=&#8221;#AF0B43&#8243; text_font_size=&#8221;17px&#8221; text_orientation=&#8221;center&#8221; global_colors_info=&#8221;{}&#8221;]<\/p>\n<p style=\"text-align: center;\"><span style=\"color: #1d5288;\">julia.salvador@cameratasantcugat.com<\/span><\/p>\n<p>[\/et_pb_text][\/et_pb_column][\/et_pb_row][et_pb_row column_structure=&#8221;1_2,1_2&#8243; _builder_version=&#8221;4.20.4&#8243; _module_preset=&#8221;default&#8221; max_width=&#8221;1200px&#8221; custom_padding=&#8221;50px|||||&#8221; global_colors_info=&#8221;{}&#8221;][et_pb_column type=&#8221;1_2&#8243; _builder_version=&#8221;4.20.4&#8243; _module_preset=&#8221;default&#8221; global_colors_info=&#8221;{}&#8221;][et_pb_text _builder_version=&#8221;4.20.4&#8243; _module_preset=&#8221;default&#8221; text_font=&#8221;Manrope||||||||&#8221; text_text_color=&#8221;#AF0B43&#8243; text_font_size=&#8221;18px&#8221; text_orientation=&#8221;center&#8221; global_colors_info=&#8221;{}&#8221;]<\/p>\n<p style=\"text-align: center;\"><span style=\"color: #1d5288;\"><strong>Phone EMMVA:<\/strong>  (+34) 935890551<\/span><\/p>\n<p>[\/et_pb_text][\/et_pb_column][et_pb_column type=&#8221;1_2&#8243; _builder_version=&#8221;4.20.4&#8243; _module_preset=&#8221;default&#8221; global_colors_info=&#8221;{}&#8221;][et_pb_social_media_follow _builder_version=&#8221;4.20.4&#8243; _module_preset=&#8221;default&#8221; text_orientation=&#8221;center&#8221; global_colors_info=&#8221;{}&#8221;][et_pb_social_media_follow_network social_network=&#8221;instagram&#8221; url=&#8221;https:\/\/www.instagram.com\/cameratastcugat\/&#8221; _builder_version=&#8221;4.20.4&#8243; _module_preset=&#8221;default&#8221; background_color=&#8221;#AF0B43&#8243; background_enable_color=&#8221;on&#8221; global_colors_info=&#8221;{}&#8221; follow_button=&#8221;off&#8221; url_new_window=&#8221;on&#8221;]instagram[\/et_pb_social_media_follow_network][et_pb_social_media_follow_network social_network=&#8221;facebook&#8221; url=&#8221;https:\/\/www.facebook.com\/profile.php?id=100063762751473&#8243; _builder_version=&#8221;4.20.4&#8243; _module_preset=&#8221;default&#8221; background_color=&#8221;#AF0B43&#8243; background_enable_color=&#8221;on&#8221; global_colors_info=&#8221;{}&#8221; follow_button=&#8221;off&#8221; url_new_window=&#8221;on&#8221;]facebook[\/et_pb_social_media_follow_network][\/et_pb_social_media_follow][\/et_pb_column][\/et_pb_row][\/et_pb_section][et_pb_section fb_built=&#8221;1&#8243; _builder_version=&#8221;4.20.4&#8243; _module_preset=&#8221;default&#8221; background_color=&#8221;#000000&#8243; custom_padding=&#8221;8px||8px||true|false&#8221; global_colors_info=&#8221;{}&#8221;][et_pb_row _builder_version=&#8221;4.20.4&#8243; _module_preset=&#8221;default&#8221; max_width=&#8221;1200px&#8221; custom_padding=&#8221;12px||16px||false|false&#8221; global_colors_info=&#8221;{}&#8221;][et_pb_column type=&#8221;4_4&#8243; _builder_version=&#8221;4.20.4&#8243; _module_preset=&#8221;default&#8221; global_colors_info=&#8221;{}&#8221;][et_pb_text _builder_version=&#8221;4.20.4&#8243; _module_preset=&#8221;default&#8221; text_font=&#8221;Manrope||||||||&#8221; text_text_color=&#8221;#FFFFFF&#8221; text_font_size=&#8221;17px&#8221; text_orientation=&#8221;center&#8221; global_colors_info=&#8221;{}&#8221;]<\/p>\n<p style=\"text-align: center;\"><a href=\"https:\/\/cameratasantcugat.com\/en\/?page_id=492\"><span style=\"color: #ffffff;\">Legal notice, privacy and cookies policy<\/span><\/a><\/p>\n<p>[\/et_pb_text][\/et_pb_column][\/et_pb_row][\/et_pb_section]<\/p>\n","protected":false},"excerpt":{"rendered":"<p>\u2190 return to the singing course pageThe teaching staff of the courseMasters of the courseFrancesca Roig, mezzosopranoSince her debut at the Gran Teatre del Liceu in the 79\/80 season with Rigoletto and La Traviata, she has been invited to participate regularly in the programming of said theater, acting in Traviata, Madame Butterfly, Elektra, La Fiamma, [&hellip;]<\/p>\n","protected":false},"author":1,"featured_media":0,"parent":0,"menu_order":0,"comment_status":"closed","ping_status":"closed","template":"","meta":{"_et_pb_use_builder":"on","_et_pb_old_content":"","_et_gb_content_width":"","footnotes":""},"class_list":["post-489","page","type-page","status-publish","hentry"],"yoast_head":"<!-- This site is optimized with the Yoast SEO plugin v22.7 - https:\/\/yoast.com\/wordpress\/plugins\/seo\/ -->\n<title>Teachers - Camerata Sant Cugat<\/title>\n<meta name=\"robots\" content=\"index, follow, max-snippet:-1, max-image-preview:large, max-video-preview:-1\" \/>\n<link rel=\"canonical\" href=\"https:\/\/cameratasantcugat.com\/en\/teacher\/\" \/>\n<meta property=\"og:locale\" content=\"en_US\" \/>\n<meta property=\"og:type\" content=\"article\" \/>\n<meta property=\"og:title\" content=\"Teachers - Camerata Sant Cugat\" \/>\n<meta property=\"og:description\" content=\"\u2190 return to the singing course pageThe teaching staff of the courseMasters of the courseFrancesca Roig, mezzosopranoSince her debut at the Gran Teatre del Liceu in the 79\/80 season with Rigoletto and La Traviata, she has been invited to participate regularly in the programming of said theater, acting in Traviata, Madame Butterfly, Elektra, La Fiamma, [&hellip;]\" \/>\n<meta property=\"og:url\" content=\"https:\/\/cameratasantcugat.com\/en\/teacher\/\" \/>\n<meta property=\"og:site_name\" content=\"Camerata Sant Cugat\" \/>\n<meta property=\"article:publisher\" content=\"https:\/\/www.facebook.com\/profile.php?id=100063762751473\" \/>\n<meta property=\"article:modified_time\" content=\"2023-04-25T10:40:33+00:00\" \/>\n<meta name=\"twitter:card\" content=\"summary_large_image\" \/>\n<meta name=\"twitter:label1\" content=\"Est. reading time\" \/>\n\t<meta name=\"twitter:data1\" content=\"33 minutes\" \/>\n<script type=\"application\/ld+json\" class=\"yoast-schema-graph\">{\"@context\":\"https:\/\/schema.org\",\"@graph\":[{\"@type\":\"WebPage\",\"@id\":\"https:\/\/cameratasantcugat.com\/en\/teacher\/\",\"url\":\"https:\/\/cameratasantcugat.com\/en\/teacher\/\",\"name\":\"Teachers - Camerata Sant Cugat\",\"isPartOf\":{\"@id\":\"http:\/\/cameratasantcugat.com\/en\/#website\"},\"datePublished\":\"2023-04-14T15:18:50+00:00\",\"dateModified\":\"2023-04-25T10:40:33+00:00\",\"breadcrumb\":{\"@id\":\"https:\/\/cameratasantcugat.com\/en\/teacher\/#breadcrumb\"},\"inLanguage\":\"en-US\",\"potentialAction\":[{\"@type\":\"ReadAction\",\"target\":[\"https:\/\/cameratasantcugat.com\/en\/teacher\/\"]}]},{\"@type\":\"BreadcrumbList\",\"@id\":\"https:\/\/cameratasantcugat.com\/en\/teacher\/#breadcrumb\",\"itemListElement\":[{\"@type\":\"ListItem\",\"position\":1,\"name\":\"Inici\",\"item\":\"https:\/\/cameratasantcugat.com\/en\/\"},{\"@type\":\"ListItem\",\"position\":2,\"name\":\"Teachers\"}]},{\"@type\":\"WebSite\",\"@id\":\"http:\/\/cameratasantcugat.com\/en\/#website\",\"url\":\"http:\/\/cameratasantcugat.com\/en\/\",\"name\":\"Camerata Sant Cugat\",\"description\":\"Curs Internacional de Cant\",\"publisher\":{\"@id\":\"http:\/\/cameratasantcugat.com\/en\/#organization\"},\"potentialAction\":[{\"@type\":\"SearchAction\",\"target\":{\"@type\":\"EntryPoint\",\"urlTemplate\":\"http:\/\/cameratasantcugat.com\/en\/?s={search_term_string}\"},\"query-input\":\"required name=search_term_string\"}],\"inLanguage\":\"en-US\"},{\"@type\":\"Organization\",\"@id\":\"http:\/\/cameratasantcugat.com\/en\/#organization\",\"name\":\"Camerata Sant Cugat\",\"url\":\"http:\/\/cameratasantcugat.com\/en\/\",\"logo\":{\"@type\":\"ImageObject\",\"inLanguage\":\"en-US\",\"@id\":\"http:\/\/cameratasantcugat.com\/en\/#\/schema\/logo\/image\/\",\"url\":\"https:\/\/cameratasantcugat.com\/wp-content\/uploads\/2023\/03\/logo-camerata.png\",\"contentUrl\":\"https:\/\/cameratasantcugat.com\/wp-content\/uploads\/2023\/03\/logo-camerata.png\",\"width\":316,\"height\":74,\"caption\":\"Camerata Sant Cugat\"},\"image\":{\"@id\":\"http:\/\/cameratasantcugat.com\/en\/#\/schema\/logo\/image\/\"},\"sameAs\":[\"https:\/\/www.facebook.com\/profile.php?id=100063762751473\",\"https:\/\/www.instagram.com\/cameratastcugat\/\"]}]}<\/script>\n<!-- \/ Yoast SEO plugin. -->","yoast_head_json":{"title":"Teachers - Camerata Sant Cugat","robots":{"index":"index","follow":"follow","max-snippet":"max-snippet:-1","max-image-preview":"max-image-preview:large","max-video-preview":"max-video-preview:-1"},"canonical":"https:\/\/cameratasantcugat.com\/en\/teacher\/","og_locale":"en_US","og_type":"article","og_title":"Teachers - Camerata Sant Cugat","og_description":"\u2190 return to the singing course pageThe teaching staff of the courseMasters of the courseFrancesca Roig, mezzosopranoSince her debut at the Gran Teatre del Liceu in the 79\/80 season with Rigoletto and La Traviata, she has been invited to participate regularly in the programming of said theater, acting in Traviata, Madame Butterfly, Elektra, La Fiamma, [&hellip;]","og_url":"https:\/\/cameratasantcugat.com\/en\/teacher\/","og_site_name":"Camerata Sant Cugat","article_publisher":"https:\/\/www.facebook.com\/profile.php?id=100063762751473","article_modified_time":"2023-04-25T10:40:33+00:00","twitter_card":"summary_large_image","twitter_misc":{"Est. reading time":"33 minutes"},"schema":{"@context":"https:\/\/schema.org","@graph":[{"@type":"WebPage","@id":"https:\/\/cameratasantcugat.com\/en\/teacher\/","url":"https:\/\/cameratasantcugat.com\/en\/teacher\/","name":"Teachers - Camerata Sant Cugat","isPartOf":{"@id":"http:\/\/cameratasantcugat.com\/en\/#website"},"datePublished":"2023-04-14T15:18:50+00:00","dateModified":"2023-04-25T10:40:33+00:00","breadcrumb":{"@id":"https:\/\/cameratasantcugat.com\/en\/teacher\/#breadcrumb"},"inLanguage":"en-US","potentialAction":[{"@type":"ReadAction","target":["https:\/\/cameratasantcugat.com\/en\/teacher\/"]}]},{"@type":"BreadcrumbList","@id":"https:\/\/cameratasantcugat.com\/en\/teacher\/#breadcrumb","itemListElement":[{"@type":"ListItem","position":1,"name":"Inici","item":"https:\/\/cameratasantcugat.com\/en\/"},{"@type":"ListItem","position":2,"name":"Teachers"}]},{"@type":"WebSite","@id":"http:\/\/cameratasantcugat.com\/en\/#website","url":"http:\/\/cameratasantcugat.com\/en\/","name":"Camerata Sant Cugat","description":"Curs Internacional de Cant","publisher":{"@id":"http:\/\/cameratasantcugat.com\/en\/#organization"},"potentialAction":[{"@type":"SearchAction","target":{"@type":"EntryPoint","urlTemplate":"http:\/\/cameratasantcugat.com\/en\/?s={search_term_string}"},"query-input":"required name=search_term_string"}],"inLanguage":"en-US"},{"@type":"Organization","@id":"http:\/\/cameratasantcugat.com\/en\/#organization","name":"Camerata Sant Cugat","url":"http:\/\/cameratasantcugat.com\/en\/","logo":{"@type":"ImageObject","inLanguage":"en-US","@id":"http:\/\/cameratasantcugat.com\/en\/#\/schema\/logo\/image\/","url":"https:\/\/cameratasantcugat.com\/wp-content\/uploads\/2023\/03\/logo-camerata.png","contentUrl":"https:\/\/cameratasantcugat.com\/wp-content\/uploads\/2023\/03\/logo-camerata.png","width":316,"height":74,"caption":"Camerata Sant Cugat"},"image":{"@id":"http:\/\/cameratasantcugat.com\/en\/#\/schema\/logo\/image\/"},"sameAs":["https:\/\/www.facebook.com\/profile.php?id=100063762751473","https:\/\/www.instagram.com\/cameratastcugat\/"]}]}},"_links":{"self":[{"href":"https:\/\/cameratasantcugat.com\/en\/wp-json\/wp\/v2\/pages\/489","targetHints":{"allow":["GET"]}}],"collection":[{"href":"https:\/\/cameratasantcugat.com\/en\/wp-json\/wp\/v2\/pages"}],"about":[{"href":"https:\/\/cameratasantcugat.com\/en\/wp-json\/wp\/v2\/types\/page"}],"author":[{"embeddable":true,"href":"https:\/\/cameratasantcugat.com\/en\/wp-json\/wp\/v2\/users\/1"}],"replies":[{"embeddable":true,"href":"https:\/\/cameratasantcugat.com\/en\/wp-json\/wp\/v2\/comments?post=489"}],"version-history":[{"count":14,"href":"https:\/\/cameratasantcugat.com\/en\/wp-json\/wp\/v2\/pages\/489\/revisions"}],"predecessor-version":[{"id":545,"href":"https:\/\/cameratasantcugat.com\/en\/wp-json\/wp\/v2\/pages\/489\/revisions\/545"}],"wp:attachment":[{"href":"https:\/\/cameratasantcugat.com\/en\/wp-json\/wp\/v2\/media?parent=489"}],"curies":[{"name":"wp","href":"https:\/\/api.w.org\/{rel}","templated":true}]}}